{"id":22960,"date":"2024-06-02T15:01:09","date_gmt":"2024-06-02T20:01:09","guid":{"rendered":"https:\/\/www.ericadventures.com\/offres-speciales\/programmes-saisoniers\/festividad-virgen-del-carmen-2dias\/"},"modified":"2026-02-28T11:32:15","modified_gmt":"2026-02-28T16:32:15","slug":"fete-de-la-vierge-du-carmen-paucartambo-2-jours","status":"publish","type":"page","link":"https:\/\/www.ericadventures.com\/fr\/offres-speciales\/programmes-saisoniers\/fete-de-la-vierge-du-carmen-paucartambo-2-jours\/","title":{"rendered":"F\u00eate De La Vierge Du Carmen \u2013 Paucartambo 2 Jours"},"content":{"rendered":"<div class=\"wp-block-image\">\n<figure class=\"alignleft size-full is-resized\"><img loading=\"lazy\" decoding=\"async\" width=\"569\" height=\"373\" src=\"https:\/\/www.ericadventures.com\/wp-content\/uploads\/virgen-del-carmen-paucartambo-2days-09-1.jpg\" alt=\"\" class=\"wp-image-22952\" style=\"aspect-ratio:1.7777777777777777;object-fit:cover;width:416px;height:auto\" srcset=\"https:\/\/www.ericadventures.com\/wp-content\/uploads\/virgen-del-carmen-paucartambo-2days-09-1.jpg 569w, https:\/\/www.ericadventures.com\/wp-content\/uploads\/virgen-del-carmen-paucartambo-2days-09-1-300x197.jpg 300w\" sizes=\"auto, (max-width: 569px) 100vw, 569px\" \/><\/figure>\n<\/div>\n\n\n<h3 class=\"wp-block-heading\" id=\"h-\"><\/h3>\n\n\n\n<p>Vivez une exp\u00e9rience incroyable lors des festivit\u00e9s en l&rsquo;honneur de la patronne de Paucartambo : la Vierge du Carmen. \u00c9galement connue traditionnellement sous le nom de Mamacha Carmen, la Vierge est un motif de c\u00e9l\u00e9bration pour des milliers de paroissiens et de visiteurs de tout le pays qui expriment leur d\u00e9votion \u00e0 Mamacha en \u00e9change de sa b\u00e9n\u00e9diction et de sa protection. Actuellement, la Virgen del Carmen est un patrimoine culturel de la nation.<\/p>\n\n\n\n<h2 class=\"wp-block-heading\" id=\"h-itineraire\">ITIN\u00c9RAIRE<\/h2>\n\n\n\n<h3 class=\"wp-block-heading\" id=\"h-jour-01-15-juillet\">JOUR 01 &#8211; 15 JUILLET<\/h3>\n\n\n\n<p>D\u00e9part de Cusco \u00e0 13h00 pour Paucartambo situ\u00e9 \u00e0 environ 3 heures de Cusco, pendant la visite nous observerons les c\u00e9l\u00e8bres chullpas de Ninamarca et nous continuerons en passant par le pont colonial Carlos III jusqu&rsquo;\u00e0 atteindre Paucartambo, consid\u00e9r\u00e9e comme la province folklorique du P\u00e9rou. en l&rsquo;honneur de la Vierge de Carmen. Nous profiterons des hommages \u00e0 la Virgen del Carmen et de la m\u00eame mani\u00e8re, nous pourrons go\u00fbter les diff\u00e9rents plats que les locaux proposent lors de ces festivit\u00e9s (non inclus)&nbsp;; \u00c0 minuit, nous commencerons le voyage de 3 heures jusqu&rsquo;\u00e0 \u00ab\u00a0Los Tres Cruces\u00a0\u00bb o\u00f9 nous attendrons le lever du soleil.<\/p>\n\n\n\n<p>*Il n&rsquo;y a pas de lieu de nuit \u00e9tabli, vous vous reposerez dans le transport pendant la visite.<\/p>\n\n\n\n<h3 class=\"wp-block-heading\" id=\"h-jour-02-16-juillet\">JOUR 02 &#8211; 16 JUILLET<\/h3>\n\n\n\n<p>Nous retournerons \u00e0 Paucartambo pour le petit-d\u00e9jeuner (non inclus) et nous aurons la matin\u00e9e libre pour explorer la r\u00e9gion. A midi, nous irons au temple pour participer \u00e0 la messe centrale et \u00e0 la belle procession de la patronne de Paucartambo : Virgen del Carmen, nous serons entour\u00e9s de diff\u00e9rentes danses et chants traditionnels. Vers 15h00, nous monterons \u00e0 bord de notre moyen de transport pour retourner \u00e0 Cusco, o\u00f9 nous arriverons vers 18h00.<\/p>\n\n\n\n<figure class=\"wp-block-embed is-type-video is-provider-youtube wp-block-embed-youtube wp-embed-aspect-16-9 wp-has-aspect-ratio\"><div class=\"wp-block-embed__wrapper\">\n<iframe loading=\"lazy\" title=\"Virgen del Carmen \u2010 Cusco\" width=\"640\" height=\"360\" src=\"https:\/\/www.youtube.com\/embed\/CN0ZyDBKxm8?feature=oembed\" frameborder=\"0\" allow=\"accelerometer; autoplay; clipboard-write; encrypted-media; gyroscope; picture-in-picture; web-share\" referrerpolicy=\"strict-origin-when-cross-origin\" allowfullscreen><\/iframe>\n<\/div><\/figure>\n\n\n\n<h2 class=\"wp-block-heading\" id=\"h-comprend\">COMPREND<\/h2>\n\n\n\n<ul class=\"wp-block-list\">\n<li>Transfert en transport touristique depuis et vers Cusco.<\/li>\n\n\n\n<li>Guide professionnel espagnol\/anglais<\/li>\n\n\n\n<li>1 bo\u00eete \u00e0 lunch<\/li>\n\n\n\n<li>Assistance tout au long du parcours.<\/li>\n<\/ul>\n\n\n\n<h3 class=\"wp-block-heading\" id=\"h-n-inclut-pas\">N&rsquo;INCLUT PAS<\/h3>\n\n\n\n<ul class=\"wp-block-list\">\n<li>Les repas, hors ceux mentionn\u00e9s (pendant les f\u00eates vous pouvez acheter des repas chez l&rsquo;habitant et ainsi d\u00e9guster des plats traditionnels)<\/li>\n\n\n\n<li>Caract\u00e9ristiques suppl\u00e9mentaires<\/li>\n\n\n\n<li>Conseils<\/li>\n<\/ul>\n\n\n\n<h3 class=\"wp-block-heading\" id=\"h-nous-vous-recommandons-d-apporter\">NOUS VOUS RECOMMANDONS D&rsquo;APPORTER<\/h3>\n\n\n\n<ul class=\"wp-block-list\">\n<li>Des v\u00eatements chauds<\/li>\n\n\n\n<li>Vestes \/ Manteaux pour le froid<\/li>\n\n\n\n<li>Gants<\/li>\n\n\n\n<li>\u00c9charpes<\/li>\n\n\n\n<li>Casquettes<\/li>\n\n\n\n<li>Chaussures de sport<\/li>\n\n\n\n<li>Cr\u00e8me solaire<\/li>\n\n\n\n<li>Jumelles<\/li>\n\n\n\n<li>Collations<\/li>\n<\/ul>\n\n\n\n<h3 class=\"wp-block-heading\" id=\"h-remarques\">Remarques:<\/h3>\n\n\n\n<ul class=\"wp-block-list\">\n<li>Dans nos services partag\u00e9s, nous viendrons chercher nos clients \u00e0 leur h\u00f4tel \u00e0 condition qu&rsquo;il soit en centre-ville.<\/li>\n\n\n\n<li>Dans nos services partag\u00e9s, \u00e0 la fin du circuit, nous laissons nos clients dans un endroit proche de la Place Principale, il est plus facile de retourner \u00e0 leur h\u00f4tel \u00e0 pied qu&rsquo;en bus, car la circulation est \u00e9pouvantable. Si votre h\u00f4tel est \u00e9loign\u00e9 du centre-ville, pr\u00e9voyez de l&rsquo;argent suppl\u00e9mentaire pour prendre un taxi.<\/li>\n\n\n\n<li>Les heures de prise en charge et d&rsquo;arriv\u00e9e sont r\u00e9f\u00e9rentielles, cela d\u00e9pendra du trafic que l&rsquo;on peut trouver dans les rues ou du retard des autres clients, notre assistant arrivera \u00e0 votre h\u00f4tel \u00e0 l&rsquo;heure, mais parfois le transport pourra \u00eatre retard\u00e9 de quelques minutes. <\/li>\n\n\n\n<li>Les pourboires pour les guides ne sont ni inclus ni requis.<\/li>\n<\/ul>\n\n\n\n<h2 class=\"wp-block-heading\" id=\"h-tarifs-par-personne-en-dollars-americains\">TARIFS (PAR PERSONNE EN DOLLARS AM\u00c9RICAINS)<\/h2>\n\n\n\n<p><strong>SERVICE PRIV\u00c9<\/strong><\/p>\n\n\n\n<p>2 personnes : 575 $US<\/p>\n\n\n\n<p>4 personnes ou plus : 485 $US<\/p>\n\n\n\n<p>*Tarifs indicatifs, sous r\u00e9serve de disponibilit\u00e9 et selon la saison.<\/p>\n\n\n\n<h2 class=\"wp-block-heading\" id=\"h-la-carte\">La carte <\/h2>\n\n\n\n<figure class=\"wp-block-gallery has-nested-images columns-default wp-block-gallery-1 is-layout-flex wp-block-gallery-is-layout-flex\">\n<figure class=\"wp-block-image size-thumbnail\"><a href=\"https:\/\/www.ericadventures.com\/wp-content\/uploads\/virgen-del-carmen-paucartambo-2days-map.jpg\"><img loading=\"lazy\" decoding=\"async\" width=\"150\" height=\"150\" data-id=\"22902\" src=\"https:\/\/www.ericadventures.com\/wp-content\/uploads\/virgen-del-carmen-paucartambo-2days-map-150x150.jpg\" alt=\"\" class=\"wp-image-22902\"\/><\/a><\/figure>\n<\/figure>\n\n\n\n<h2 class=\"wp-block-heading\" id=\"h-photos\">Photos<\/h2>\n\n\n\n<figure class=\"wp-block-gallery has-nested-images columns-8 is-cropped wp-block-gallery-2 is-layout-flex wp-block-gallery-is-layout-flex\">\n<figure class=\"wp-block-image size-large\"><a href=\"https:\/\/www.ericadventures.com\/wp-content\/uploads\/virgen-del-carmen-paucartambo-2days-12.jpg\"><img loading=\"lazy\" decoding=\"async\" width=\"709\" height=\"391\" data-id=\"22907\" src=\"https:\/\/www.ericadventures.com\/wp-content\/uploads\/virgen-del-carmen-paucartambo-2days-12.jpg\" alt=\"\" class=\"wp-image-22907\" srcset=\"https:\/\/www.ericadventures.com\/wp-content\/uploads\/virgen-del-carmen-paucartambo-2days-12.jpg 709w, https:\/\/www.ericadventures.com\/wp-content\/uploads\/virgen-del-carmen-paucartambo-2days-12-300x165.jpg 300w\" sizes=\"auto, (max-width: 709px) 100vw, 709px\" \/><\/a><\/figure>\n\n\n\n<figure class=\"wp-block-image size-large\"><a href=\"https:\/\/www.ericadventures.com\/wp-content\/uploads\/virgen-del-carmen-paucartambo-2days-11.jpg\"><img loading=\"lazy\" decoding=\"async\" width=\"375\" height=\"500\" data-id=\"22914\" src=\"https:\/\/www.ericadventures.com\/wp-content\/uploads\/virgen-del-carmen-paucartambo-2days-11.jpg\" alt=\"\" class=\"wp-image-22914\" srcset=\"https:\/\/www.ericadventures.com\/wp-content\/uploads\/virgen-del-carmen-paucartambo-2days-11.jpg 375w, https:\/\/www.ericadventures.com\/wp-content\/uploads\/virgen-del-carmen-paucartambo-2days-11-225x300.jpg 225w\" sizes=\"auto, (max-width: 375px) 100vw, 375px\" \/><\/a><\/figure>\n\n\n\n<figure class=\"wp-block-image size-large\"><a href=\"https:\/\/www.ericadventures.com\/wp-content\/uploads\/virgen-del-carmen-paucartambo-2days-10.jpg\"><img loading=\"lazy\" decoding=\"async\" width=\"565\" height=\"366\" data-id=\"22921\" src=\"https:\/\/www.ericadventures.com\/wp-content\/uploads\/virgen-del-carmen-paucartambo-2days-10.jpg\" alt=\"\" class=\"wp-image-22921\" srcset=\"https:\/\/www.ericadventures.com\/wp-content\/uploads\/virgen-del-carmen-paucartambo-2days-10.jpg 565w, https:\/\/www.ericadventures.com\/wp-content\/uploads\/virgen-del-carmen-paucartambo-2days-10-300x194.jpg 300w\" sizes=\"auto, (max-width: 565px) 100vw, 565px\" \/><\/a><\/figure>\n\n\n\n<figure class=\"wp-block-image size-large\"><a href=\"https:\/\/www.ericadventures.com\/wp-content\/uploads\/virgen-del-carmen-paucartambo-2days-09.jpg\"><img loading=\"lazy\" decoding=\"async\" width=\"569\" height=\"373\" data-id=\"22912\" src=\"https:\/\/www.ericadventures.com\/wp-content\/uploads\/virgen-del-carmen-paucartambo-2days-09.jpg\" alt=\"\" class=\"wp-image-22912\" srcset=\"https:\/\/www.ericadventures.com\/wp-content\/uploads\/virgen-del-carmen-paucartambo-2days-09.jpg 569w, https:\/\/www.ericadventures.com\/wp-content\/uploads\/virgen-del-carmen-paucartambo-2days-09-300x197.jpg 300w\" sizes=\"auto, (max-width: 569px) 100vw, 569px\" \/><\/a><\/figure>\n\n\n\n<figure class=\"wp-block-image size-large\"><a href=\"https:\/\/www.ericadventures.com\/wp-content\/uploads\/virgen-del-carmen-paucartambo-2days-08.jpg\"><img loading=\"lazy\" decoding=\"async\" width=\"547\" height=\"361\" data-id=\"22932\" src=\"https:\/\/www.ericadventures.com\/wp-content\/uploads\/virgen-del-carmen-paucartambo-2days-08.jpg\" alt=\"\" class=\"wp-image-22932\" srcset=\"https:\/\/www.ericadventures.com\/wp-content\/uploads\/virgen-del-carmen-paucartambo-2days-08.jpg 547w, https:\/\/www.ericadventures.com\/wp-content\/uploads\/virgen-del-carmen-paucartambo-2days-08-300x198.jpg 300w\" sizes=\"auto, (max-width: 547px) 100vw, 547px\" \/><\/a><\/figure>\n\n\n\n<figure class=\"wp-block-image size-large\"><a href=\"https:\/\/www.ericadventures.com\/wp-content\/uploads\/virgen-del-carmen-paucartambo-2days-07.jpg\"><img loading=\"lazy\" decoding=\"async\" width=\"546\" height=\"355\" data-id=\"22937\" src=\"https:\/\/www.ericadventures.com\/wp-content\/uploads\/virgen-del-carmen-paucartambo-2days-07.jpg\" alt=\"\" class=\"wp-image-22937\" srcset=\"https:\/\/www.ericadventures.com\/wp-content\/uploads\/virgen-del-carmen-paucartambo-2days-07.jpg 546w, https:\/\/www.ericadventures.com\/wp-content\/uploads\/virgen-del-carmen-paucartambo-2days-07-300x195.jpg 300w\" sizes=\"auto, (max-width: 546px) 100vw, 546px\" \/><\/a><\/figure>\n\n\n\n<figure class=\"wp-block-image size-large\"><a href=\"https:\/\/www.ericadventures.com\/wp-content\/uploads\/virgen-del-carmen-paucartambo-2days-06.jpg\"><img loading=\"lazy\" decoding=\"async\" width=\"536\" height=\"402\" data-id=\"22927\" src=\"https:\/\/www.ericadventures.com\/wp-content\/uploads\/virgen-del-carmen-paucartambo-2days-06.jpg\" alt=\"\" class=\"wp-image-22927\" srcset=\"https:\/\/www.ericadventures.com\/wp-content\/uploads\/virgen-del-carmen-paucartambo-2days-06.jpg 536w, https:\/\/www.ericadventures.com\/wp-content\/uploads\/virgen-del-carmen-paucartambo-2days-06-300x225.jpg 300w\" sizes=\"auto, (max-width: 536px) 100vw, 536px\" \/><\/a><\/figure>\n\n\n\n<figure class=\"wp-block-image size-large\"><a href=\"https:\/\/www.ericadventures.com\/wp-content\/uploads\/virgen-del-carmen-paucartambo-2days-05.jpg\"><img loading=\"lazy\" decoding=\"async\" width=\"800\" height=\"530\" data-id=\"22947\" src=\"https:\/\/www.ericadventures.com\/wp-content\/uploads\/virgen-del-carmen-paucartambo-2days-05.jpg\" alt=\"\" class=\"wp-image-22947\" srcset=\"https:\/\/www.ericadventures.com\/wp-content\/uploads\/virgen-del-carmen-paucartambo-2days-05.jpg 800w, https:\/\/www.ericadventures.com\/wp-content\/uploads\/virgen-del-carmen-paucartambo-2days-05-300x199.jpg 300w, https:\/\/www.ericadventures.com\/wp-content\/uploads\/virgen-del-carmen-paucartambo-2days-05-768x509.jpg 768w\" sizes=\"auto, (max-width: 800px) 100vw, 800px\" \/><\/a><\/figure>\n<\/figure>\n\n\n\n<h2 class=\"wp-block-heading\" id=\"h-formulaire-de-contact\"><strong>formulaire de contact<\/strong><\/h2>\n\n\n\n<div class=\"wp-block-contact-form-7-contact-form-selector\">\n<div class=\"wpcf7 no-js\" id=\"wpcf7-f6171-o1\" lang=\"es-ES\" dir=\"ltr\" data-wpcf7-id=\"6171\">\n<div class=\"screen-reader-response\"><p role=\"status\" aria-live=\"polite\" aria-atomic=\"true\"><\/p> <ul><\/ul><\/div>\n<form action=\"\/fr\/wp-json\/wp\/v2\/pages\/22960#wpcf7-f6171-o1\" method=\"post\" class=\"wpcf7-form init\" aria-label=\"Formulario de contacto\" novalidate=\"novalidate\" data-status=\"init\">\n<fieldset class=\"hidden-fields-container\"><input type=\"hidden\" name=\"_wpcf7\" value=\"6171\" \/><input type=\"hidden\" name=\"_wpcf7_version\" value=\"6.1.5\" \/><input type=\"hidden\" name=\"_wpcf7_locale\" value=\"es_ES\" \/><input type=\"hidden\" name=\"_wpcf7_unit_tag\" value=\"wpcf7-f6171-o1\" \/><input type=\"hidden\" name=\"_wpcf7_container_post\" value=\"0\" \/><input type=\"hidden\" name=\"_wpcf7_posted_data_hash\" value=\"\" \/>\n<\/fieldset>\n<div class=\"wpcf7-turnstile cf-turnstile\" data-sitekey=\"0x4AAAAAACZ2CLxkDaDac8NW\" data-response-field-name=\"_wpcf7_turnstile_response\"><\/div>\n\n<div class=\"formt\">\n    <span class=\"textform\"> Pour r\u00e9server ou plus d\u2019informations, veuillez remplir le formulaire client\/invit\u00e9 suivant\u00a0: <\/span>\n    <input class=\"wpcf7-form-control wpcf7-hidden\" value=\"https:\/\/www.ericadventures.com\/fr\/wp-json\/wp\/v2\/pages\/22960\" type=\"hidden\" name=\"Url_Tour\" \/>\n    <input class=\"wpcf7-form-control wpcf7-hidden\" value=\"fr\" type=\"hidden\" name=\"Idioma\" \/>\n    <input class=\"wpcf7-form-control wpcf7-hidden\" value=\"29\/04\/2026 12:42:22\" type=\"hidden\" name=\"Fecha_Hora\" \/>\n    <input class=\"wpcf7-form-control wpcf7-hidden\" value=\"216.73.216.6\" type=\"hidden\" name=\"Ip\" \/>\n    <input class=\"wpcf7-form-control wpcf7-hidden\" value=\"F\u00eate De La Vierge Du Carmen \u2013 Paucartambo 2 Jours\" type=\"hidden\" name=\"Nombre_Tour\" \/>\n    <input class=\"wpcf7-form-control wpcf7-hidden\" value=\"1\" type=\"hidden\" name=\"enviar_excel\" \/>\n\n    <div class=\"g2\">\n        <div>\n            <label>Nom: <\/label>\n            <span class=\"wpcf7-form-control-wrap\" data-name=\"Nombre\"><input size=\"40\" maxlength=\"400\" class=\"wpcf7-form-control wpcf7-text wpcf7-validates-as-required\" aria-required=\"true\" aria-invalid=\"false\" value=\"\" type=\"text\" name=\"Nombre\" \/><\/span>\n        <\/div>\n        <div>\n            <label>E-mail: <\/label>\n            <span class=\"wpcf7-form-control-wrap\" data-name=\"Emails\"><input size=\"40\" maxlength=\"400\" class=\"wpcf7-form-control wpcf7-email wpcf7-validates-as-required wpcf7-text wpcf7-validates-as-email\" aria-required=\"true\" aria-invalid=\"false\" value=\"\" type=\"email\" name=\"Emails\" \/><\/span>\n        <\/div>\n    <\/div>\n    \n    <div class=\"g2\">\n        <div>\n            <label>Pays: <\/label>\n            <span class=\"wpcf7-form-control-wrap\" data-name=\"Pais\"><input size=\"40\" maxlength=\"400\" class=\"wpcf7-form-control wpcf7-text\" aria-invalid=\"false\" value=\"\" type=\"text\" name=\"Pais\" \/><\/span>\n        <\/div>\n        <div>\n            <label>T\u00e9l\u00e9phone - Whatsapp: <\/label>\n            <span class=\"wpcf7-form-control-wrap\" data-name=\"Whatsapp\"><input size=\"40\" class=\"wpcf7-form-control wpcf7-phonetext wpcf7-text wpcf7-validates-as-phonetext\" aria-invalid=\"false\" value=\"\" type=\"text\" name=\"Whatsapp\" \/><input type=\"hidden\" name=\"Whatsapp-country-code\" class=\"wpcf7-phonetext-country-code\" \/><\/span>\n        <\/div>\n    <\/div>\n    \n    <div class=\"g2\">\n        <div>\n            <label>Nombre d'adultes: <\/label>\n            <span class=\"wpcf7-form-control-wrap\" data-name=\"Adultos\"><select class=\"wpcf7-form-control wpcf7-select wpcf7-validates-as-required\" aria-required=\"true\" aria-invalid=\"false\" name=\"Adultos\"><option value=\"1\">1<\/option><option value=\"2\">2<\/option><option value=\"3\">3<\/option><option value=\"4\">4<\/option><option value=\"5\">5<\/option><option value=\"6\">6<\/option><option value=\"7\">7<\/option><option value=\"8\">8<\/option><option value=\"9\">9<\/option><option value=\"10\">10<\/option><option value=\"11\">11<\/option><option value=\"12 \u00e0 plus\">12 \u00e0 plus<\/option><\/select><\/span>\n        <\/div>\n        <div>\n            <label>Nombre d'enfants: <\/label>\n            <span class=\"wpcf7-form-control-wrap\" data-name=\"Ninos\"><select class=\"wpcf7-form-control wpcf7-select wpcf7-validates-as-required\" aria-required=\"true\" aria-invalid=\"false\" name=\"Ninos\"><option value=\"0\">0<\/option><option value=\"1\">1<\/option><option value=\"2\">2<\/option><option value=\"3\">3<\/option><option value=\"4\">4<\/option><option value=\"5\">5<\/option><option value=\"6\">6<\/option><option value=\"7\">7<\/option><option value=\"8\">8<\/option><option value=\"9\">9<\/option><option value=\"10\">10<\/option><option value=\"11\">11<\/option><option value=\"12 \u00e0 plus\">12 \u00e0 plus<\/option><\/select><\/span>\n        <\/div>\n    <\/div>\n    \n    <div class=\"g2\">\n        <div>\n            <label>Date de d\u00e9but de la tourn\u00e9e: <\/label>\n            <span class=\"wpcf7-form-control-wrap\" data-name=\"Inicio\"><input class=\"wpcf7-form-control wpcf7-date wpcf7-validates-as-required wpcf7-validates-as-date\" id=\"inicio\" min=\"2026-04-29\" aria-required=\"true\" aria-invalid=\"false\" value=\"\" type=\"date\" name=\"Inicio\" \/><\/span>\n        <\/div>\n        <div>\n            <label>Date de fin de la tourn\u00e9e: <\/label>\n            <span class=\"wpcf7-form-control-wrap\" data-name=\"Final\"><input class=\"wpcf7-form-control wpcf7-date wpcf7-validates-as-required wpcf7-validates-as-date\" id=\"final\" min=\"2026-04-29\" aria-required=\"true\" aria-invalid=\"false\" value=\"\" type=\"date\" name=\"Final\" \/><\/span>\n        <\/div>\n    <\/div>\n    \n    <div>\n        <label>Commentaires ou questions: <\/label>\n        <span class=\"wpcf7-form-control-wrap\" data-name=\"Mensaje\"><textarea cols=\"40\" rows=\"10\" maxlength=\"2000\" class=\"wpcf7-form-control wpcf7-textarea wpcf7-validates-as-required\" aria-required=\"true\" aria-invalid=\"false\" placeholder=\"Veuillez pr\u00e9ciser le type de SERVICE\/VISITE que vous souhaitez effectuer\" name=\"Mensaje\"><\/textarea><\/span>\n    <\/div>\n    \n    <input class=\"wpcf7-form-control wpcf7-submit has-spinner btnsend\" type=\"submit\" value=\"ENVOYER MESSAGE\" \/>\n<\/div><div class=\"wpcf7-response-output\" aria-hidden=\"true\"><\/div>\n<\/form>\n<\/div>\n<\/div>\n","protected":false},"excerpt":{"rendered":"<p>Vivez une exp\u00e9rience incroyable lors des festivit\u00e9s en l&rsquo;honneur de la patronne de Paucartambo : la Vierge du Carmen. \u00c9galement [&hellip;]<\/p>\n","protected":false},"author":3,"featured_media":22954,"parent":22668,"menu_order":0,"comment_status":"closed","ping_status":"closed","template":"page-tour.php","meta":{"_acf_changed":false,"advgb_blocks_editor_width":"","advgb_blocks_columns_visual_guide":"","footnotes":""},"class_list":["post-22960","page","type-page","status-publish","has-post-thumbnail","hentry"],"acf":[],"yoast_head":"<!-- This site is optimized with the Yoast SEO Premium plugin v25.4 (Yoast SEO v26.9) - https:\/\/yoast.com\/product\/yoast-seo-premium-wordpress\/ -->\n<title>Festival Vierge du Carmen, Paucartambo 2 jours Cusco, P\u00e9rou<\/title>\n<meta name=\"description\" content=\"Vivez une exp\u00e9rience inoubliable lors des festivit\u00e9s en l&#039;honneur de la Vierge du Carmen. Festival de 2 jours \u00e0 Paucartambo, Cusco, P\u00e9rou\" \/>\n<meta name=\"robots\" content=\"index, follow, max-snippet:-1, max-image-preview:large, max-video-preview:-1\" \/>\n<link rel=\"canonical\" href=\"https:\/\/www.ericadventures.com\/fr\/offres-speciales\/programmes-saisoniers\/fete-de-la-vierge-du-carmen-paucartambo-2-jours\/\" \/>\n<meta property=\"og:locale\" content=\"fr_FR\" \/>\n<meta property=\"og:type\" content=\"article\" \/>\n<meta property=\"og:title\" content=\"F\u00eate De La Vierge Du Carmen \u2013 Paucartambo 2 Jours\" \/>\n<meta property=\"og:description\" content=\"Vivez une exp\u00e9rience inoubliable lors des festivit\u00e9s en l&#039;honneur de la Vierge du Carmen. Festival de 2 jours \u00e0 Paucartambo, Cusco, P\u00e9rou\" \/>\n<meta property=\"og:url\" content=\"https:\/\/www.ericadventures.com\/fr\/offres-speciales\/programmes-saisoniers\/fete-de-la-vierge-du-carmen-paucartambo-2-jours\/\" \/>\n<meta property=\"og:site_name\" content=\"Eric Adventures\" \/>\n<meta property=\"article:modified_time\" content=\"2026-02-28T16:32:15+00:00\" \/>\n<meta property=\"og:image\" content=\"https:\/\/www.ericadventures.com\/wp-content\/uploads\/virgen-del-carmen-paucartambo-2days-09-1.jpg\" \/>\n\t<meta property=\"og:image:width\" content=\"569\" \/>\n\t<meta property=\"og:image:height\" content=\"373\" \/>\n\t<meta property=\"og:image:type\" content=\"image\/jpeg\" \/>\n<meta name=\"twitter:card\" content=\"summary_large_image\" \/>\n<meta name=\"twitter:label1\" content=\"Dur\u00e9e de lecture estim\u00e9e\" \/>\n\t<meta name=\"twitter:data1\" content=\"5 minutes\" \/>\n<script type=\"application\/ld+json\" class=\"yoast-schema-graph\">{\"@context\":\"https:\/\/schema.org\",\"@graph\":[{\"@type\":\"WebPage\",\"@id\":\"https:\/\/www.ericadventures.com\/fr\/offres-speciales\/programmes-saisoniers\/fete-de-la-vierge-du-carmen-paucartambo-2-jours\/\",\"url\":\"https:\/\/www.ericadventures.com\/fr\/offres-speciales\/programmes-saisoniers\/fete-de-la-vierge-du-carmen-paucartambo-2-jours\/\",\"name\":\"Festival Vierge du Carmen, Paucartambo 2 jours Cusco, P\u00e9rou\",\"isPartOf\":{\"@id\":\"https:\/\/www.ericadventures.com\/en\/#website\"},\"primaryImageOfPage\":{\"@id\":\"https:\/\/www.ericadventures.com\/fr\/offres-speciales\/programmes-saisoniers\/fete-de-la-vierge-du-carmen-paucartambo-2-jours\/#primaryimage\"},\"image\":{\"@id\":\"https:\/\/www.ericadventures.com\/fr\/offres-speciales\/programmes-saisoniers\/fete-de-la-vierge-du-carmen-paucartambo-2-jours\/#primaryimage\"},\"thumbnailUrl\":\"https:\/\/www.ericadventures.com\/wp-content\/uploads\/virgen-del-carmen-paucartambo-2days-09-1.jpg\",\"datePublished\":\"2024-06-02T20:01:09+00:00\",\"dateModified\":\"2026-02-28T16:32:15+00:00\",\"description\":\"Vivez une exp\u00e9rience inoubliable lors des festivit\u00e9s en l'honneur de la Vierge du Carmen. Festival de 2 jours \u00e0 Paucartambo, Cusco, P\u00e9rou\",\"breadcrumb\":{\"@id\":\"https:\/\/www.ericadventures.com\/fr\/offres-speciales\/programmes-saisoniers\/fete-de-la-vierge-du-carmen-paucartambo-2-jours\/#breadcrumb\"},\"inLanguage\":\"fr-FR\",\"potentialAction\":[{\"@type\":\"ReadAction\",\"target\":[\"https:\/\/www.ericadventures.com\/fr\/offres-speciales\/programmes-saisoniers\/fete-de-la-vierge-du-carmen-paucartambo-2-jours\/\"]}]},{\"@type\":\"ImageObject\",\"inLanguage\":\"fr-FR\",\"@id\":\"https:\/\/www.ericadventures.com\/fr\/offres-speciales\/programmes-saisoniers\/fete-de-la-vierge-du-carmen-paucartambo-2-jours\/#primaryimage\",\"url\":\"https:\/\/www.ericadventures.com\/wp-content\/uploads\/virgen-del-carmen-paucartambo-2days-09-1.jpg\",\"contentUrl\":\"https:\/\/www.ericadventures.com\/wp-content\/uploads\/virgen-del-carmen-paucartambo-2days-09-1.jpg\",\"width\":569,\"height\":373,\"caption\":\"Festividad De La Virgen Del Carmen\"},{\"@type\":\"BreadcrumbList\",\"@id\":\"https:\/\/www.ericadventures.com\/fr\/offres-speciales\/programmes-saisoniers\/fete-de-la-vierge-du-carmen-paucartambo-2-jours\/#breadcrumb\",\"itemListElement\":[{\"@type\":\"ListItem\",\"position\":1,\"name\":\"Home\",\"item\":\"https:\/\/www.ericadventures.com\/fr\/\"},{\"@type\":\"ListItem\",\"position\":2,\"name\":\"Offres Sp\u00e9ciales\",\"item\":\"https:\/\/www.ericadventures.com\/en\/our-special-offers\/\"},{\"@type\":\"ListItem\",\"position\":3,\"name\":\"Programmes Saisoniers\",\"item\":\"https:\/\/www.ericadventures.com\/en\/our-special-offers\/seasonal-programs\/\"},{\"@type\":\"ListItem\",\"position\":4,\"name\":\"F\u00eate De La Vierge Du Carmen \u2013 Paucartambo 2 Jours\"}]},{\"@type\":\"WebSite\",\"@id\":\"https:\/\/www.ericadventures.com\/en\/#website\",\"url\":\"https:\/\/www.ericadventures.com\/en\/\",\"name\":\"Eric Adventures\",\"description\":\"\",\"publisher\":{\"@id\":\"https:\/\/www.ericadventures.com\/en\/#organization\"},\"alternateName\":\"Eric Adventures\",\"potentialAction\":[{\"@type\":\"SearchAction\",\"target\":{\"@type\":\"EntryPoint\",\"urlTemplate\":\"https:\/\/www.ericadventures.com\/en\/?s={search_term_string}\"},\"query-input\":{\"@type\":\"PropertyValueSpecification\",\"valueRequired\":true,\"valueName\":\"search_term_string\"}}],\"inLanguage\":\"fr-FR\"},{\"@type\":\"Organization\",\"@id\":\"https:\/\/www.ericadventures.com\/en\/#organization\",\"name\":\"Eric Adventures\",\"url\":\"https:\/\/www.ericadventures.com\/en\/\",\"logo\":{\"@type\":\"ImageObject\",\"inLanguage\":\"fr-FR\",\"@id\":\"https:\/\/www.ericadventures.com\/en\/#\/schema\/logo\/image\/\",\"url\":\"https:\/\/www.ericadventures.com\/wp-content\/uploads\/logo-ericadventures.png\",\"contentUrl\":\"https:\/\/www.ericadventures.com\/wp-content\/uploads\/logo-ericadventures.png\",\"width\":500,\"height\":106,\"caption\":\"Eric Adventures\"},\"image\":{\"@id\":\"https:\/\/www.ericadventures.com\/en\/#\/schema\/logo\/image\/\"}}]}<\/script>\n<!-- \/ Yoast SEO Premium plugin. -->","yoast_head_json":{"title":"Festival Vierge du Carmen, Paucartambo 2 jours Cusco, P\u00e9rou","description":"Vivez une exp\u00e9rience inoubliable lors des festivit\u00e9s en l'honneur de la Vierge du Carmen. Festival de 2 jours \u00e0 Paucartambo, Cusco, P\u00e9rou","robots":{"index":"index","follow":"follow","max-snippet":"max-snippet:-1","max-image-preview":"max-image-preview:large","max-video-preview":"max-video-preview:-1"},"canonical":"https:\/\/www.ericadventures.com\/fr\/offres-speciales\/programmes-saisoniers\/fete-de-la-vierge-du-carmen-paucartambo-2-jours\/","og_locale":"fr_FR","og_type":"article","og_title":"F\u00eate De La Vierge Du Carmen \u2013 Paucartambo 2 Jours","og_description":"Vivez une exp\u00e9rience inoubliable lors des festivit\u00e9s en l'honneur de la Vierge du Carmen. Festival de 2 jours \u00e0 Paucartambo, Cusco, P\u00e9rou","og_url":"https:\/\/www.ericadventures.com\/fr\/offres-speciales\/programmes-saisoniers\/fete-de-la-vierge-du-carmen-paucartambo-2-jours\/","og_site_name":"Eric Adventures","article_modified_time":"2026-02-28T16:32:15+00:00","og_image":[{"width":569,"height":373,"url":"https:\/\/www.ericadventures.com\/wp-content\/uploads\/virgen-del-carmen-paucartambo-2days-09-1.jpg","type":"image\/jpeg"}],"twitter_card":"summary_large_image","twitter_misc":{"Dur\u00e9e de lecture estim\u00e9e":"5 minutes"},"schema":{"@context":"https:\/\/schema.org","@graph":[{"@type":"WebPage","@id":"https:\/\/www.ericadventures.com\/fr\/offres-speciales\/programmes-saisoniers\/fete-de-la-vierge-du-carmen-paucartambo-2-jours\/","url":"https:\/\/www.ericadventures.com\/fr\/offres-speciales\/programmes-saisoniers\/fete-de-la-vierge-du-carmen-paucartambo-2-jours\/","name":"Festival Vierge du Carmen, Paucartambo 2 jours Cusco, P\u00e9rou","isPartOf":{"@id":"https:\/\/www.ericadventures.com\/en\/#website"},"primaryImageOfPage":{"@id":"https:\/\/www.ericadventures.com\/fr\/offres-speciales\/programmes-saisoniers\/fete-de-la-vierge-du-carmen-paucartambo-2-jours\/#primaryimage"},"image":{"@id":"https:\/\/www.ericadventures.com\/fr\/offres-speciales\/programmes-saisoniers\/fete-de-la-vierge-du-carmen-paucartambo-2-jours\/#primaryimage"},"thumbnailUrl":"https:\/\/www.ericadventures.com\/wp-content\/uploads\/virgen-del-carmen-paucartambo-2days-09-1.jpg","datePublished":"2024-06-02T20:01:09+00:00","dateModified":"2026-02-28T16:32:15+00:00","description":"Vivez une exp\u00e9rience inoubliable lors des festivit\u00e9s en l'honneur de la Vierge du Carmen. Festival de 2 jours \u00e0 Paucartambo, Cusco, P\u00e9rou","breadcrumb":{"@id":"https:\/\/www.ericadventures.com\/fr\/offres-speciales\/programmes-saisoniers\/fete-de-la-vierge-du-carmen-paucartambo-2-jours\/#breadcrumb"},"inLanguage":"fr-FR","potentialAction":[{"@type":"ReadAction","target":["https:\/\/www.ericadventures.com\/fr\/offres-speciales\/programmes-saisoniers\/fete-de-la-vierge-du-carmen-paucartambo-2-jours\/"]}]},{"@type":"ImageObject","inLanguage":"fr-FR","@id":"https:\/\/www.ericadventures.com\/fr\/offres-speciales\/programmes-saisoniers\/fete-de-la-vierge-du-carmen-paucartambo-2-jours\/#primaryimage","url":"https:\/\/www.ericadventures.com\/wp-content\/uploads\/virgen-del-carmen-paucartambo-2days-09-1.jpg","contentUrl":"https:\/\/www.ericadventures.com\/wp-content\/uploads\/virgen-del-carmen-paucartambo-2days-09-1.jpg","width":569,"height":373,"caption":"Festividad De La Virgen Del Carmen"},{"@type":"BreadcrumbList","@id":"https:\/\/www.ericadventures.com\/fr\/offres-speciales\/programmes-saisoniers\/fete-de-la-vierge-du-carmen-paucartambo-2-jours\/#breadcrumb","itemListElement":[{"@type":"ListItem","position":1,"name":"Home","item":"https:\/\/www.ericadventures.com\/fr\/"},{"@type":"ListItem","position":2,"name":"Offres Sp\u00e9ciales","item":"https:\/\/www.ericadventures.com\/en\/our-special-offers\/"},{"@type":"ListItem","position":3,"name":"Programmes Saisoniers","item":"https:\/\/www.ericadventures.com\/en\/our-special-offers\/seasonal-programs\/"},{"@type":"ListItem","position":4,"name":"F\u00eate De La Vierge Du Carmen \u2013 Paucartambo 2 Jours"}]},{"@type":"WebSite","@id":"https:\/\/www.ericadventures.com\/en\/#website","url":"https:\/\/www.ericadventures.com\/en\/","name":"Eric Adventures","description":"","publisher":{"@id":"https:\/\/www.ericadventures.com\/en\/#organization"},"alternateName":"Eric Adventures","potentialAction":[{"@type":"SearchAction","target":{"@type":"EntryPoint","urlTemplate":"https:\/\/www.ericadventures.com\/en\/?s={search_term_string}"},"query-input":{"@type":"PropertyValueSpecification","valueRequired":true,"valueName":"search_term_string"}}],"inLanguage":"fr-FR"},{"@type":"Organization","@id":"https:\/\/www.ericadventures.com\/en\/#organization","name":"Eric Adventures","url":"https:\/\/www.ericadventures.com\/en\/","logo":{"@type":"ImageObject","inLanguage":"fr-FR","@id":"https:\/\/www.ericadventures.com\/en\/#\/schema\/logo\/image\/","url":"https:\/\/www.ericadventures.com\/wp-content\/uploads\/logo-ericadventures.png","contentUrl":"https:\/\/www.ericadventures.com\/wp-content\/uploads\/logo-ericadventures.png","width":500,"height":106,"caption":"Eric Adventures"},"image":{"@id":"https:\/\/www.ericadventures.com\/en\/#\/schema\/logo\/image\/"}}]}},"coauthors":[],"author_meta":{"author_link":"https:\/\/www.ericadventures.com\/fr\/author\/joaco\/","display_name":"Joaqu\u00edn Arenas Hermoza"},"relative_dates":{"created":"Publi\u00e9 2 ans il y a","modified":"Mis \u00e0 jour 2 mois il y a"},"absolute_dates":{"created":"Publi\u00e9 le juin 2, 2024","modified":"Mise \u00e0 jour le f\u00e9vrier 28, 2026"},"absolute_dates_time":{"created":"Publi\u00e9 le juin 2, 2024 3:01 pm","modified":"Mise \u00e0 jour le f\u00e9vrier 28, 2026 11:32 am"},"featured_img_caption":"","featured_img":"https:\/\/www.ericadventures.com\/wp-content\/uploads\/virgen-del-carmen-paucartambo-2days-09-1.jpg","series_order":"","_links":{"self":[{"href":"https:\/\/www.ericadventures.com\/fr\/wp-json\/wp\/v2\/pages\/22960","targetHints":{"allow":["GET"]}}],"collection":[{"href":"https:\/\/www.ericadventures.com\/fr\/wp-json\/wp\/v2\/pages"}],"about":[{"href":"https:\/\/www.ericadventures.com\/fr\/wp-json\/wp\/v2\/types\/page"}],"author":[{"embeddable":true,"href":"https:\/\/www.ericadventures.com\/fr\/wp-json\/wp\/v2\/users\/3"}],"replies":[{"embeddable":true,"href":"https:\/\/www.ericadventures.com\/fr\/wp-json\/wp\/v2\/comments?post=22960"}],"version-history":[{"count":3,"href":"https:\/\/www.ericadventures.com\/fr\/wp-json\/wp\/v2\/pages\/22960\/revisions"}],"predecessor-version":[{"id":45661,"href":"https:\/\/www.ericadventures.com\/fr\/wp-json\/wp\/v2\/pages\/22960\/revisions\/45661"}],"up":[{"embeddable":true,"href":"https:\/\/www.ericadventures.com\/fr\/wp-json\/wp\/v2\/pages\/22668"}],"wp:featuredmedia":[{"embeddable":true,"href":"https:\/\/www.ericadventures.com\/fr\/wp-json\/wp\/v2\/media\/22954"}],"wp:attachment":[{"href":"https:\/\/www.ericadventures.com\/fr\/wp-json\/wp\/v2\/media?parent=22960"}],"curies":[{"name":"wp","href":"https:\/\/api.w.org\/{rel}","templated":true}]}}