{"id":2694,"date":"2023-11-02T11:30:50","date_gmt":"2023-11-02T16:30:50","guid":{"rendered":"https:\/\/www.ericadventures.com\/cusco\/trekking\/"},"modified":"2024-05-11T13:27:50","modified_gmt":"2024-05-11T18:27:50","slug":"trekking","status":"publish","type":"page","link":"https:\/\/www.ericadventures.com\/fr\/cusco\/trekking\/","title":{"rendered":"Trekking"},"content":{"rendered":"<div class=\"grid grid-cols-1 sm:grid-cols-2 md:grid-cols-3 xl:grid-cols-4 gap-5\">\n\t\t\t\t\t\t\t<div>\n                                <div class=\"border bg-white shadow rounded-md p-1\">\n                                    <a href=\"https:\/\/www.ericadventures.com\/fr\/cusco\/trekking\/1-journee-couleurs-montagne-vinicunca\/\">\n                                        <div class=\"overflow-hidden\"><img decoding=\"async\" width=\"400\" height=\"310\" src=\"https:\/\/www.ericadventures.com\/wp-content\/uploads\/rainbow-mountain-vinicunca-red-valley-02-768x432-2-400x310.jpg\" class=\"w-full transform duration-200 hover:scale-110 z-10 rounded-t-md wp-post-image\" alt=\"Monta\u00f1a De Colores Vinicunca\" loading=\"lazy\" \/><\/div>\n                                    <\/a>\n                                     <a href=\"https:\/\/www.ericadventures.com\/fr\/cusco\/trekking\/1-journee-couleurs-montagne-vinicunca\/\" class=\"hover:text-eric text-gray-800 hover:no-underline transition-all\" ><h2 class=\"text-center font-nunito uppercase text-sm font-bold my-2 \">1J Couleurs Montagne Vinicunca<\/h2><\/a>\n                                     <hr class=\"mb-1 -mt-1 border-dotted border-b-1 border-gray-600\">\n                                     <div class=\"px-2\"><p>L&rsquo;une des montagnes qui repr\u00e9sente un grand d\u00e9fi pour les amateurs de trekking est la Vinicunca Colors Mountain, situ\u00e9e \u00e0 [&hellip;]<\/p>\n                                       \n                                     <\/div>\n                                <\/div>\n\n                            <\/div>\n\t\t\t\t\t\n\t\t\t\t\t\t\t<div>\n                                <div class=\"border bg-white shadow rounded-md p-1\">\n                                    <a href=\"https:\/\/www.ericadventures.com\/fr\/cusco\/trekking\/lacune-humantay-salkantay-2jours\/\">\n                                        <div class=\"overflow-hidden\"><img decoding=\"async\" width=\"400\" height=\"310\" src=\"https:\/\/www.ericadventures.com\/wp-content\/uploads\/humanntay-lake-salkantay-2days-01-400x310.jpg\" class=\"w-full transform duration-200 hover:scale-110 z-10 rounded-t-md wp-post-image\" alt=\"Salkantay Trek &amp; Humantay Lake\" loading=\"lazy\" \/><\/div>\n                                    <\/a>\n                                     <a href=\"https:\/\/www.ericadventures.com\/fr\/cusco\/trekking\/lacune-humantay-salkantay-2jours\/\" class=\"hover:text-eric text-gray-800 hover:no-underline transition-all\" ><h2 class=\"text-center font-nunito uppercase text-sm font-bold my-2 \">2J Lac Humantay &#8211; Salkantay<\/h2><\/a>\n                                     <hr class=\"mb-1 -mt-1 border-dotted border-b-1 border-gray-600\">\n                                     <div class=\"px-2\"><p>Ce trek de deux jours est sp\u00e9cialement d\u00e9di\u00e9 aux personnes qui connaissaient d\u00e9j\u00e0 le Machu Picchu et pour les gens [&hellip;]<\/p>\n                                       \n                                     <\/div>\n                                <\/div>\n\n                            <\/div>\n\t\t\t\t\t\n\t\t\t\t\t\t\t<div>\n                                <div class=\"border bg-white shadow rounded-md p-1\">\n                                    <a href=\"https:\/\/www.ericadventures.com\/fr\/cusco\/trekking\/communaute-pacchanta-ausangate-3jours\/\">\n                                        <div class=\"overflow-hidden\"><img decoding=\"async\" width=\"400\" height=\"310\" src=\"https:\/\/www.ericadventures.com\/wp-content\/uploads\/lares-inca-trail-5days-03-400x310.jpg\" class=\"w-full transform duration-200 hover:scale-110 z-10 rounded-t-md wp-post-image\" alt=\"SONY DSC\" loading=\"lazy\" \/><\/div>\n                                    <\/a>\n                                     <a href=\"https:\/\/www.ericadventures.com\/fr\/cusco\/trekking\/communaute-pacchanta-ausangate-3jours\/\" class=\"hover:text-eric text-gray-800 hover:no-underline transition-all\" ><h2 class=\"text-center font-nunito uppercase text-sm font-bold my-2 \">3J Communaut\u00e9 De Pacchanta Et Nevado De Ausangate<\/h2><\/a>\n                                     <hr class=\"mb-1 -mt-1 border-dotted border-b-1 border-gray-600\">\n                                     <div class=\"px-2\"><p>La communaut\u00e9 de \u00ab\u00a0Pacchanta\u00a0\u00bb est situ\u00e9e sur les pentes enneig\u00e9es \u00ab\u00a0Ausangate\u00a0\u00bb, \u00e0 une hauteur approximative de 4200 m\u00e8tres au-dessus du [&hellip;]<\/p>\n                                       \n                                     <\/div>\n                                <\/div>\n\n                            <\/div>\n\t\t\t\t\t\n\t\t\t\t\t\t\t<div>\n                                <div class=\"border bg-white shadow rounded-md p-1\">\n                                    <a href=\"https:\/\/www.ericadventures.com\/fr\/cusco\/trekking\/montagne-couleurs-palcoyo-1jour\/\">\n                                        <div class=\"overflow-hidden\"><img decoding=\"async\" width=\"400\" height=\"310\" src=\"https:\/\/www.ericadventures.com\/wp-content\/uploads\/maras-moray-tour-0-400x310.jpg\" class=\"w-full transform duration-200 hover:scale-110 z-10 rounded-t-md wp-post-image\" alt=\"maras-moray-tour-0\" loading=\"lazy\" \/><\/div>\n                                    <\/a>\n                                     <a href=\"https:\/\/www.ericadventures.com\/fr\/cusco\/trekking\/montagne-couleurs-palcoyo-1jour\/\" class=\"hover:text-eric text-gray-800 hover:no-underline transition-all\" ><h2 class=\"text-center font-nunito uppercase text-sm font-bold my-2 \">1J Montagne De Couleurs Palcoyo<\/h2><\/a>\n                                     <hr class=\"mb-1 -mt-1 border-dotted border-b-1 border-gray-600\">\n                                     <div class=\"px-2\"><p>Couleurs de randonn\u00e9e en montagne Palccoyo (Cette route ne sera pas classique montagne color\u00e9e Vinicunca est une visite facultative avec [&hellip;]<\/p>\n                                       \n                                     <\/div>\n                                <\/div>\n\n                            <\/div>\n\t\t\t\t\t\n\t\t\t\t\t\t\t<div>\n                                <div class=\"border bg-white shadow rounded-md p-1\">\n                                    <a href=\"https:\/\/www.ericadventures.com\/fr\/cusco\/trekking\/arequipa-rafting-dans-le-cnyon-du-colca-9-jours\/\">\n                                        <div class=\"overflow-hidden\"><img decoding=\"async\" width=\"400\" height=\"310\" src=\"https:\/\/www.ericadventures.com\/wp-content\/uploads\/arequipa-colca-canyon-rafting-tours2-1-400x310.jpg\" class=\"w-full transform duration-200 hover:scale-110 z-10 rounded-t-md wp-post-image\" alt=\"Arequipa Colca Canyon Rafting\" loading=\"lazy\" \/><\/div>\n                                    <\/a>\n                                     <a href=\"https:\/\/www.ericadventures.com\/fr\/cusco\/trekking\/arequipa-rafting-dans-le-cnyon-du-colca-9-jours\/\" class=\"hover:text-eric text-gray-800 hover:no-underline transition-all\" ><h2 class=\"text-center font-nunito uppercase text-sm font-bold my-2 \">Arequipa Rafting Dans Le Canyon Du Colca 9 Jours<\/h2><\/a>\n                                     <hr class=\"mb-1 -mt-1 border-dotted border-b-1 border-gray-600\">\n                                     <div class=\"px-2\"><p>AVENTURE COMPL\u00c8TE DE RAFTING CANYON DE COLCACette exp\u00e9dition nous m\u00e8nera dans l&rsquo;un des canyons les plus profonds du P\u00e9rou et [&hellip;]<\/p>\n                                       \n                                     <\/div>\n                                <\/div>\n\n                            <\/div>\n\t\t\t\t\t\n\t\t\t\t\t\t\t<div>\n                                <div class=\"border bg-white shadow rounded-md p-1\">\n                                    <a href=\"https:\/\/www.ericadventures.com\/fr\/cusco\/trekking\/huchuy-qosqo-1jour\/\">\n                                        <div class=\"overflow-hidden\"><img decoding=\"async\" width=\"400\" height=\"310\" src=\"https:\/\/www.ericadventures.com\/wp-content\/uploads\/tour-huchuy-qosqo-10-2-400x310.jpg\" class=\"w-full transform duration-200 hover:scale-110 z-10 rounded-t-md wp-post-image\" alt=\"Trek Salkantay y Lago Humantay\" loading=\"lazy\" \/><\/div>\n                                    <\/a>\n                                     <a href=\"https:\/\/www.ericadventures.com\/fr\/cusco\/trekking\/huchuy-qosqo-1jour\/\" class=\"hover:text-eric text-gray-800 hover:no-underline transition-all\" ><h2 class=\"text-center font-nunito uppercase text-sm font-bold my-2 \">1J Huchuy Qosqo<\/h2><\/a>\n                                     <hr class=\"mb-1 -mt-1 border-dotted border-b-1 border-gray-600\">\n                                     <div class=\"px-2\"><p>RANDONN\u00c9E CITADELLE INCA DE MACHU PICCHU Explorez le \u00ab\u00a0Little Cusco\u00a0\u00bb, l&rsquo;un des sites arch\u00e9ologiques les plus importants de la vall\u00e9e [&hellip;]<\/p>\n                                       \n                                     <\/div>\n                                <\/div>\n\n                            <\/div>\n\t\t\t\t\t\n\t\t\t\t\t\t\t<div>\n                                <div class=\"border bg-white shadow rounded-md p-1\">\n                                    <a href=\"https:\/\/www.ericadventures.com\/fr\/cusco\/trekking\/1j-transfert-de-cusco-a-puno-en-passant-par-vinicunca-ou-palcoyo\/\">\n                                        <div class=\"overflow-hidden\"><img decoding=\"async\" width=\"400\" height=\"310\" src=\"https:\/\/www.ericadventures.com\/wp-content\/uploads\/Vin2-400x310.jpg\" class=\"w-full transform duration-200 hover:scale-110 z-10 rounded-t-md wp-post-image\" alt=\"Transfer Puno\/Cusco FD, passing through Vinicunca\" loading=\"lazy\" \/><\/div>\n                                    <\/a>\n                                     <a href=\"https:\/\/www.ericadventures.com\/fr\/cusco\/trekking\/1j-transfert-de-cusco-a-puno-en-passant-par-vinicunca-ou-palcoyo\/\" class=\"hover:text-eric text-gray-800 hover:no-underline transition-all\" ><h2 class=\"text-center font-nunito uppercase text-sm font-bold my-2 \">1J Transfert De Cusco \u00c0 Puno En Passant Par Vinicunca ou Palcoyo<\/h2><\/a>\n                                     <hr class=\"mb-1 -mt-1 border-dotted border-b-1 border-gray-600\">\n                                     <div class=\"px-2\"><p>Nous proposons ce nouveau produit \u00e0 nos clients qui souhaitent visiter la c\u00e9l\u00e8bre montagne arc-en-ciel : Vinicunca, lors de leur [&hellip;]<\/p>\n                                       \n                                     <\/div>\n                                <\/div>\n\n                            <\/div>\n\t\t\t\t\t\n\t\t\t\t\t\t\t<div>\n                                <div class=\"border bg-white shadow rounded-md p-1\">\n                                    <a href=\"https:\/\/www.ericadventures.com\/fr\/cusco\/trekking\/caminata-salkantay-lago-humantay\/\">\n                                        <div class=\"overflow-hidden\"><img decoding=\"async\" width=\"400\" height=\"310\" src=\"https:\/\/www.ericadventures.com\/wp-content\/uploads\/tour-huchuy-qosqo-10-2-400x310.jpg\" class=\"w-full transform duration-200 hover:scale-110 z-10 rounded-t-md wp-post-image\" alt=\"Trek Salkantay y Lago Humantay\" loading=\"lazy\" \/><\/div>\n                                    <\/a>\n                                     <a href=\"https:\/\/www.ericadventures.com\/fr\/cusco\/trekking\/caminata-salkantay-lago-humantay\/\" class=\"hover:text-eric text-gray-800 hover:no-underline transition-all\" ><h2 class=\"text-center font-nunito uppercase text-sm font-bold my-2 \">1J Trek Salkantay et Lac Humantay<\/h2><\/a>\n                                     <hr class=\"mb-1 -mt-1 border-dotted border-b-1 border-gray-600\">\n                                     <div class=\"px-2\"><p>Ce trek allie \u00e0 la perfection beaut\u00e9 naturelle et culturelle. Nous profiterons de l&rsquo;\u00e9cosyst\u00e8me et des vues magnifiques sur le [&hellip;]<\/p>\n                                       \n                                     <\/div>\n                                <\/div>\n\n                            <\/div>\n\t\t\t\t\t\n\t\t\t\t\t\t\t<div>\n                                <div class=\"border bg-white shadow rounded-md p-1\">\n                                    <a href=\"https:\/\/www.ericadventures.com\/fr\/cusco\/trekking\/7j-vilcabamba-le-royaume-perdu-des-incas\/\">\n                                        <div class=\"overflow-hidden\"><img decoding=\"async\" width=\"400\" height=\"310\" src=\"https:\/\/www.ericadventures.com\/wp-content\/uploads\/Vilcabamba-400x310.jpg\" class=\"w-full transform duration-200 hover:scale-110 z-10 rounded-t-md wp-post-image\" alt=\"\" loading=\"lazy\" \/><\/div>\n                                    <\/a>\n                                     <a href=\"https:\/\/www.ericadventures.com\/fr\/cusco\/trekking\/7j-vilcabamba-le-royaume-perdu-des-incas\/\" class=\"hover:text-eric text-gray-800 hover:no-underline transition-all\" ><h2 class=\"text-center font-nunito uppercase text-sm font-bold my-2 \">7J Vilcabamba : Le Royaume Perdu des Incas<\/h2><\/a>\n                                     <hr class=\"mb-1 -mt-1 border-dotted border-b-1 border-gray-600\">\n                                     <div class=\"px-2\"><p>Partez \u00e0 la d\u00e9couverte de la r\u00e9gion sauvage de Vilcabamba, bastion o\u00f9 la r\u00e9sistance inca a pr\u00e9serv\u00e9 ses traditions et [&hellip;]<\/p>\n                                       \n                                     <\/div>\n                                <\/div>\n\n                            <\/div>\n\t\t\t\t\t\n\t\t\t\t\t\t\t<div>\n                                <div class=\"border bg-white shadow rounded-md p-1\">\n                                    <a href=\"https:\/\/www.ericadventures.com\/fr\/cusco\/trekking\/1j-excursion-a-queswachaca-cusco-peru\/\">\n                                        <div class=\"overflow-hidden\"><img decoding=\"async\" width=\"400\" height=\"310\" src=\"https:\/\/www.ericadventures.com\/wp-content\/uploads\/puente-qeswachaca-rainbow-mountain-02-400x310.jpg\" class=\"w-full transform duration-200 hover:scale-110 z-10 rounded-t-md wp-post-image\" alt=\"puente-qeswachaca-rainbow-mountain-02\" loading=\"lazy\" \/><\/div>\n                                    <\/a>\n                                     <a href=\"https:\/\/www.ericadventures.com\/fr\/cusco\/trekking\/1j-excursion-a-queswachaca-cusco-peru\/\" class=\"hover:text-eric text-gray-800 hover:no-underline transition-all\" ><h2 class=\"text-center font-nunito uppercase text-sm font-bold my-2 \">1J Excursion \u00e0 Queswachaca, Cusco, Per\u00fa<\/h2><\/a>\n                                     <hr class=\"mb-1 -mt-1 border-dotted border-b-1 border-gray-600\">\n                                     <div class=\"px-2\"><p>Queswachaca est le dernier pont inca encore debout au monde. Suspendue \u00e0 3&nbsp;700 m\u00e8tres d&rsquo;altitude au-dessus du canyon de l&rsquo;Apur\u00edmac, [&hellip;]<\/p>\n                                       \n                                     <\/div>\n                                <\/div>\n\n                            <\/div>\n\t\t\t\t\t\n\t\t\t\t\t\t\t<div>\n                                <div class=\"border bg-white shadow rounded-md p-1\">\n                                    <a href=\"https:\/\/www.ericadventures.com\/fr\/cusco\/trekking\/puente-inca-qeswachaka-rainbow-mountain-palccoyo-journee-complete\/\">\n                                        <div class=\"overflow-hidden\"><img decoding=\"async\" width=\"400\" height=\"310\" src=\"https:\/\/www.ericadventures.com\/wp-content\/uploads\/puente-qeswachaca-rainbow-mountain-02-400x310.jpg\" class=\"w-full transform duration-200 hover:scale-110 z-10 rounded-t-md wp-post-image\" alt=\"puente-qeswachaca-rainbow-mountain-02\" loading=\"lazy\" \/><\/div>\n                                    <\/a>\n                                     <a href=\"https:\/\/www.ericadventures.com\/fr\/cusco\/trekking\/puente-inca-qeswachaka-rainbow-mountain-palccoyo-journee-complete\/\" class=\"hover:text-eric text-gray-800 hover:no-underline transition-all\" ><h2 class=\"text-center font-nunito uppercase text-sm font-bold my-2 \">1J Pont Inca \u2013 Montagne des Couleurs de Q\u2019eswachaka et Palcoyo<\/h2><\/a>\n                                     <hr class=\"mb-1 -mt-1 border-dotted border-b-1 border-gray-600\">\n                                     <div class=\"px-2\"><p>Vivez l&rsquo;harmonie parfaite entre la culture et la g\u00e9ologie andines lors de cette excursion exclusive. Ce voyage vous m\u00e8nera du [&hellip;]<\/p>\n                                       \n                                     <\/div>\n                                <\/div>\n\n                            <\/div>\n\t\t\t\t\t\n\t\t\t\t\t\t\t<div>\n                                <div class=\"border bg-white shadow rounded-md p-1\">\n                                    <a href=\"https:\/\/www.ericadventures.com\/fr\/cusco\/trekking\/trekking-salkantay-machu-picchu-5-jours\/\">\n                                        <div class=\"overflow-hidden\"><img decoding=\"async\" width=\"400\" height=\"310\" src=\"https:\/\/www.ericadventures.com\/wp-content\/uploads\/trekking005-2-400x310.jpg\" class=\"w-full transform duration-200 hover:scale-110 z-10 rounded-t-md wp-post-image\" alt=\"trekking005-2\" loading=\"lazy\" \/><\/div>\n                                    <\/a>\n                                     <a href=\"https:\/\/www.ericadventures.com\/fr\/cusco\/trekking\/trekking-salkantay-machu-picchu-5-jours\/\" class=\"hover:text-eric text-gray-800 hover:no-underline transition-all\" ><h2 class=\"text-center font-nunito uppercase text-sm font-bold my-2 \">5 Jours Trekking Du Salkantay<\/h2><\/a>\n                                     <hr class=\"mb-1 -mt-1 border-dotted border-b-1 border-gray-600\">\n                                     <div class=\"px-2\"><p>TREK SALKANTAY \u2013 MACHU PICCHU (5 JOURS) Explorez le chemin vers le Machu Picchu, en passant par l&rsquo;impressionnante montagne Salkantay, [&hellip;]<\/p>\n                                       \n                                     <\/div>\n                                <\/div>\n\n                            <\/div>\n\t\t\t\t\t\n\t\t\t\t\t\t\t<div>\n                                <div class=\"border bg-white shadow rounded-md p-1\">\n                                    <a href=\"https:\/\/www.ericadventures.com\/fr\/cusco\/trekking\/journee-complete-trek-salkantay-humantay-lake\/\">\n                                        <div class=\"overflow-hidden\"><img decoding=\"async\" width=\"400\" height=\"310\" src=\"https:\/\/www.ericadventures.com\/wp-content\/uploads\/tour-huchuy-qosqo-10-2-400x310.jpg\" class=\"w-full transform duration-200 hover:scale-110 z-10 rounded-t-md wp-post-image\" alt=\"Trek Salkantay y Lago Humantay\" loading=\"lazy\" \/><\/div>\n                                    <\/a>\n                                     <a href=\"https:\/\/www.ericadventures.com\/fr\/cusco\/trekking\/journee-complete-trek-salkantay-humantay-lake\/\" class=\"hover:text-eric text-gray-800 hover:no-underline transition-all\" ><h2 class=\"text-center font-nunito uppercase text-sm font-bold my-2 \">Huchuy Qosqo 1 Jour<\/h2><\/a>\n                                     <hr class=\"mb-1 -mt-1 border-dotted border-b-1 border-gray-600\">\n                                     <div class=\"px-2\"><p>RANDONN\u00c9E CITADELLE INCA DE MACHU PICCHU Explorez le \u00ab\u00a0Little Cusco\u00a0\u00bb, l&rsquo;un des sites arch\u00e9ologiques les plus importants de la vall\u00e9e [&hellip;]<\/p>\n                                       \n                                     <\/div>\n                                <\/div>\n\n                            <\/div>\n\t\t\t\t\t\n\t\t\t\t\t\t\t<div>\n                                <div class=\"border bg-white shadow rounded-md p-1\">\n                                    <a href=\"https:\/\/www.ericadventures.com\/fr\/cusco\/trekking\/chemin-inca-machupicchu-2-jours\/\">\n                                        <div class=\"overflow-hidden\"><img decoding=\"async\" width=\"400\" height=\"310\" src=\"https:\/\/www.ericadventures.com\/wp-content\/uploads\/peru-cusco-inca-trail-machu-picchu6-400x310.jpg\" class=\"w-full transform duration-200 hover:scale-110 z-10 rounded-t-md wp-post-image\" alt=\"peru-cusco-inca-trail-machu-picchu6\" loading=\"lazy\" \/><\/div>\n                                    <\/a>\n                                     <a href=\"https:\/\/www.ericadventures.com\/fr\/cusco\/trekking\/chemin-inca-machupicchu-2-jours\/\" class=\"hover:text-eric text-gray-800 hover:no-underline transition-all\" ><h2 class=\"text-center font-nunito uppercase text-sm font-bold my-2 \">2J Machu Picchu \u2013 Chemin Inca(Prix \u00e0 partir de 570 $ US par personne)<\/h2><\/a>\n                                     <hr class=\"mb-1 -mt-1 border-dotted border-b-1 border-gray-600\">\n                                     <div class=\"px-2\"><p>Partez en randonn\u00e9e sur le l\u00e9gendaire Chemin Inca jusqu&rsquo;au Machu Picchu, un trek de deux jours consid\u00e9r\u00e9 comme l&rsquo;une des [&hellip;]<\/p>\n                                       \n                                     <\/div>\n                                <\/div>\n\n                            <\/div>\n\t\t\t\t\t\n\t\t\t\t\t\t\t<div>\n                                <div class=\"border bg-white shadow rounded-md p-1\">\n                                    <a href=\"https:\/\/www.ericadventures.com\/fr\/cusco\/trekking\/chemin-inca-machupicchu-4-jours\/\">\n                                        <div class=\"overflow-hidden\"><img decoding=\"async\" width=\"400\" height=\"310\" src=\"https:\/\/www.ericadventures.com\/wp-content\/uploads\/inca-trail-001-1-400x310.jpg\" class=\"w-full transform duration-200 hover:scale-110 z-10 rounded-t-md wp-post-image\" alt=\"Machu Picchu Inca Trail 4 Days\" loading=\"lazy\" \/><\/div>\n                                    <\/a>\n                                     <a href=\"https:\/\/www.ericadventures.com\/fr\/cusco\/trekking\/chemin-inca-machupicchu-4-jours\/\" class=\"hover:text-eric text-gray-800 hover:no-underline transition-all\" ><h2 class=\"text-center font-nunito uppercase text-sm font-bold my-2 \">4J Chemin Inca \/ Machu Picchu(Prix \u00e0 partir de 770\u00a0$ US par personne)<\/h2><\/a>\n                                     <hr class=\"mb-1 -mt-1 border-dotted border-b-1 border-gray-600\">\n                                     <div class=\"px-2\"><p>INCA TRAIL DE 4 JOURS \/ 3 NUITS \u00c0 MACHU PICCHU * D\u00e9parts quotidiens Sauf f\u00e9vrier Embarquez pour un trek [&hellip;]<\/p>\n                                       \n                                     <\/div>\n                                <\/div>\n\n                            <\/div>\n\t\t\t\t\t\n\t\t\t\t\t\t\t<div>\n                                <div class=\"border bg-white shadow rounded-md p-1\">\n                                    <a href=\"https:\/\/www.ericadventures.com\/fr\/cusco\/trekking\/4j-lares-chemin-inca-via-patacancha\/\">\n                                        <div class=\"overflow-hidden\"><img decoding=\"async\" width=\"400\" height=\"310\" src=\"https:\/\/www.ericadventures.com\/wp-content\/uploads\/lares-inca-trail-5days-03-400x310.jpg\" class=\"w-full transform duration-200 hover:scale-110 z-10 rounded-t-md wp-post-image\" alt=\"SONY DSC\" loading=\"lazy\" \/><\/div>\n                                    <\/a>\n                                     <a href=\"https:\/\/www.ericadventures.com\/fr\/cusco\/trekking\/4j-lares-chemin-inca-via-patacancha\/\" class=\"hover:text-eric text-gray-800 hover:no-underline transition-all\" ><h2 class=\"text-center font-nunito uppercase text-sm font-bold my-2 \">4J Lares &#8211; Chemin Inca via Patacancha<\/h2><\/a>\n                                     <hr class=\"mb-1 -mt-1 border-dotted border-b-1 border-gray-600\">\n                                     <div class=\"px-2\"><p>Explorer la vall\u00e9e de Lares offre une immersion authentique dans la vie andine, le parcours traversant des villages o\u00f9 les [&hellip;]<\/p>\n                                       \n                                     <\/div>\n                                <\/div>\n\n                            <\/div>\n\t\t\t\t\t\n\t\t\t\t\t\t\t<div>\n                                <div class=\"border bg-white shadow rounded-md p-1\">\n                                    <a href=\"https:\/\/www.ericadventures.com\/fr\/cusco\/trekking\/salkantay-trek-vers-machu-picchu-camps-speciaux-4jours\/\">\n                                        <div class=\"overflow-hidden\"><img decoding=\"async\" width=\"400\" height=\"310\" src=\"https:\/\/www.ericadventures.com\/wp-content\/uploads\/salkantay-machu-picchu-special-camps-06-400x310.jpg\" class=\"w-full transform duration-200 hover:scale-110 z-10 rounded-t-md wp-post-image\" alt=\"salkantay-machu-picchu-special-camps-06\" loading=\"lazy\" \/><\/div>\n                                    <\/a>\n                                     <a href=\"https:\/\/www.ericadventures.com\/fr\/cusco\/trekking\/salkantay-trek-vers-machu-picchu-camps-speciaux-4jours\/\" class=\"hover:text-eric text-gray-800 hover:no-underline transition-all\" ><h2 class=\"text-center font-nunito uppercase text-sm font-bold my-2 \">4J Salkantay Trek Vers Machupicchu &#8211; Sky Camps<\/h2><\/a>\n                                     <hr class=\"mb-1 -mt-1 border-dotted border-b-1 border-gray-600\">\n                                     <div class=\"px-2\"><p>4 JOURS \/ 3 NUITS DE TREK SALKANTAY Apr\u00e8s vous \u00eatre acclimat\u00e9 \u00e0 l&rsquo;altitude \u00e0 Cusco, au c\u0153ur de l&rsquo;ancien [&hellip;]<\/p>\n                                       \n                                     <\/div>\n                                <\/div>\n\n                            <\/div>\n\t\t\t\t\t\n\t\t\t\t\t\t\t<div>\n                                <div class=\"border bg-white shadow rounded-md p-1\">\n                                    <a href=\"https:\/\/www.ericadventures.com\/fr\/cusco\/trekking\/salkantay-trek-vers-machu-picchu-camps-speciaux-5jours\/\">\n                                        <div class=\"overflow-hidden\"><img decoding=\"async\" width=\"400\" height=\"310\" src=\"https:\/\/www.ericadventures.com\/wp-content\/uploads\/salkantay-machu-picchu-special-camps-08-400x310.jpg\" class=\"w-full transform duration-200 hover:scale-110 z-10 rounded-t-md wp-post-image\" alt=\"salkantay-machu-picchu-special-camps-08\" loading=\"lazy\" \/><\/div>\n                                    <\/a>\n                                     <a href=\"https:\/\/www.ericadventures.com\/fr\/cusco\/trekking\/salkantay-trek-vers-machu-picchu-camps-speciaux-5jours\/\" class=\"hover:text-eric text-gray-800 hover:no-underline transition-all\" ><h2 class=\"text-center font-nunito uppercase text-sm font-bold my-2 \">5J Salkantay Trek Vers Machu Picchu &#8211; Sky Camps \u00e0 partir de 690 $ par personne<\/h2><\/a>\n                                     <hr class=\"mb-1 -mt-1 border-dotted border-b-1 border-gray-600\">\n                                     <div class=\"px-2\"><p>5 JOURS \/ 4 NUITS DE TREK SALKANTAY Apr\u00e8s avoir d\u00e9couvert la riche histoire de Cusco, l&rsquo;ancienne capitale de l&rsquo;Empire [&hellip;]<\/p>\n                                       \n                                     <\/div>\n                                <\/div>\n\n                            <\/div>\n\t\t\t\t\t\n\t\t\t\t\t\t\t<div>\n                                <div class=\"border bg-white shadow rounded-md p-1\">\n                                    <a href=\"https:\/\/www.ericadventures.com\/fr\/cusco\/trekking\/trekking-chokequirao-4-jours\/\">\n                                        <div class=\"overflow-hidden\"><img decoding=\"async\" width=\"400\" height=\"310\" src=\"https:\/\/www.ericadventures.com\/wp-content\/uploads\/trekking001-400x310.jpg\" class=\"w-full transform duration-200 hover:scale-110 z-10 rounded-t-md wp-post-image\" alt=\"trekking001\" loading=\"lazy\" \/><\/div>\n                                    <\/a>\n                                     <a href=\"https:\/\/www.ericadventures.com\/fr\/cusco\/trekking\/trekking-chokequirao-4-jours\/\" class=\"hover:text-eric text-gray-800 hover:no-underline transition-all\" ><h2 class=\"text-center font-nunito uppercase text-sm font-bold my-2 \">4J Trekking Choquequirao<\/h2><\/a>\n                                     <hr class=\"mb-1 -mt-1 border-dotted border-b-1 border-gray-600\">\n                                     <div class=\"px-2\"><p>Ce paysage offre une incroyable diversit\u00e9 de microclimats, depuis les sommets enneig\u00e9s culminant \u00e0 plus de 6&nbsp;000&nbsp;m\u00e8tres jusqu&rsquo;aux vastes for\u00eats [&hellip;]<\/p>\n                                       \n                                     <\/div>\n                                <\/div>\n\n                            <\/div>\n\t\t\t\t\t\n\t\t\t\t\t\t\t<div>\n                                <div class=\"border bg-white shadow rounded-md p-1\">\n                                    <a href=\"https:\/\/www.ericadventures.com\/fr\/cusco\/trekking\/trekking-chokequirao-5-jours\/\">\n                                        <div class=\"overflow-hidden\"><img decoding=\"async\" width=\"400\" height=\"310\" src=\"https:\/\/www.ericadventures.com\/wp-content\/uploads\/trekking010-400x310.jpg\" class=\"w-full transform duration-200 hover:scale-110 z-10 rounded-t-md wp-post-image\" alt=\"trekking010\" loading=\"lazy\" \/><\/div>\n                                    <\/a>\n                                     <a href=\"https:\/\/www.ericadventures.com\/fr\/cusco\/trekking\/trekking-chokequirao-5-jours\/\" class=\"hover:text-eric text-gray-800 hover:no-underline transition-all\" ><h2 class=\"text-center font-nunito uppercase text-sm font-bold my-2 \">5J Choquequirao Trekking<\/h2><\/a>\n                                     <hr class=\"mb-1 -mt-1 border-dotted border-b-1 border-gray-600\">\n                                     <div class=\"px-2\"><p>Cette r\u00e9gion g\u00e9ographique abrite une incroyable diversit\u00e9 de microclimats, offrant des panoramas allant de sommets enneig\u00e9s culminant \u00e0 plus de [&hellip;]<\/p>\n                                       \n                                     <\/div>\n                                <\/div>\n\n                            <\/div>\n\t\t\t\t\t\n\t\t\t\t\t\t\t<div>\n                                <div class=\"border bg-white shadow rounded-md p-1\">\n                                    <a href=\"https:\/\/www.ericadventures.com\/fr\/cusco\/trekking\/trekking-salkantay-machu-picchu-4jours\/\">\n                                        <div class=\"overflow-hidden\"><img decoding=\"async\" width=\"400\" height=\"310\" src=\"https:\/\/www.ericadventures.com\/wp-content\/uploads\/salkantay-trek-machu-picchu-adventure-tours5-400x310.jpg\" class=\"w-full transform duration-200 hover:scale-110 z-10 rounded-t-md wp-post-image\" alt=\"salkantay-trek-machu-picchu-adventure-tours5\" loading=\"lazy\" \/><\/div>\n                                    <\/a>\n                                     <a href=\"https:\/\/www.ericadventures.com\/fr\/cusco\/trekking\/trekking-salkantay-machu-picchu-4jours\/\" class=\"hover:text-eric text-gray-800 hover:no-underline transition-all\" ><h2 class=\"text-center font-nunito uppercase text-sm font-bold my-2 \">4J Trekking de Salkantay \u00e0 Machu Picchu<\/h2><\/a>\n                                     <hr class=\"mb-1 -mt-1 border-dotted border-b-1 border-gray-600\">\n                                     <div class=\"px-2\"><p>LA RANDONN\u00c9E DE SALKANTAY \u00c0 MACHU PICCHU Une exp\u00e9rience qui allie \u00e0 la perfection un riche patrimoine historique \u00e0 des [&hellip;]<\/p>\n                                       \n                                     <\/div>\n                                <\/div>\n\n                            <\/div>\n\t\t\t\t\t\n\t\t\t\t\t\t\t<div>\n                                <div class=\"border bg-white shadow rounded-md p-1\">\n                                    <a href=\"https:\/\/www.ericadventures.com\/fr\/cusco\/trekking\/1j-excursion-a-waqrapukara-cusco\/\">\n                                        <div class=\"overflow-hidden\"><img decoding=\"async\" width=\"400\" height=\"310\" src=\"https:\/\/www.ericadventures.com\/wp-content\/uploads\/Waqrapukara-12-400x310.jpg\" class=\"w-full transform duration-200 hover:scale-110 z-10 rounded-t-md wp-post-image\" alt=\"\" loading=\"lazy\" \/><\/div>\n                                    <\/a>\n                                     <a href=\"https:\/\/www.ericadventures.com\/fr\/cusco\/trekking\/1j-excursion-a-waqrapukara-cusco\/\" class=\"hover:text-eric text-gray-800 hover:no-underline transition-all\" ><h2 class=\"text-center font-nunito uppercase text-sm font-bold my-2 \">1J Excursion \u00e0 Waqrapukara, Cusco<\/h2><\/a>\n                                     <hr class=\"mb-1 -mt-1 border-dotted border-b-1 border-gray-600\">\n                                     <div class=\"px-2\"><p>WAQRAPUKARA Waqrapukara est l&rsquo;un des tr\u00e9sors les mieux gard\u00e9s et les plus \u00e9nigmatiques de la r\u00e9gion de Cusco. Signifiant \u00ab [&hellip;]<\/p>\n                                       \n                                     <\/div>\n                                <\/div>\n\n                            <\/div>\n\t\t\t\t\t<\/div>\n","protected":false},"excerpt":{"rendered":"","protected":false},"author":1,"featured_media":20531,"parent":1098,"menu_order":0,"comment_status":"closed","ping_status":"closed","template":"page-city.php","meta":{"_acf_changed":false,"advgb_blocks_editor_width":"","advgb_blocks_columns_visual_guide":"","footnotes":""},"class_list":["post-2694","page","type-page","status-publish","has-post-thumbnail","hentry"],"acf":[],"yoast_head":"<!-- This site is optimized with the Yoast SEO Premium plugin v25.4 (Yoast SEO v27.7) - https:\/\/yoast.com\/product\/yoast-seo-premium-wordpress\/ -->\n<title>Trekking<\/title>\n<meta name=\"robots\" content=\"index, follow, max-snippet:-1, max-image-preview:large, max-video-preview:-1\" \/>\n<link rel=\"canonical\" href=\"https:\/\/www.ericadventures.com\/fr\/cusco\/trekking\/\" \/>\n<meta property=\"og:locale\" content=\"fr_FR\" \/>\n<meta property=\"og:type\" content=\"article\" \/>\n<meta property=\"og:title\" content=\"Trekking\" \/>\n<meta property=\"og:url\" content=\"https:\/\/www.ericadventures.com\/fr\/cusco\/trekking\/\" \/>\n<meta property=\"og:site_name\" content=\"Eric Adventures\" \/>\n<meta property=\"article:modified_time\" content=\"2024-05-11T18:27:50+00:00\" \/>\n<meta property=\"og:image\" content=\"https:\/\/www.ericadventures.com\/wp-content\/uploads\/inca-trail-hike-05-051.jpg\" \/>\n\t<meta property=\"og:image:width\" content=\"1800\" \/>\n\t<meta property=\"og:image:height\" content=\"1600\" \/>\n\t<meta property=\"og:image:type\" content=\"image\/jpeg\" \/>\n<meta name=\"twitter:card\" content=\"summary_large_image\" \/>\n<meta name=\"twitter:label1\" content=\"Dur\u00e9e de lecture estim\u00e9e\" \/>\n\t<meta name=\"twitter:data1\" content=\"1 minute\" \/>\n<script type=\"application\/ld+json\" class=\"yoast-schema-graph\">{\"@context\":\"https:\\\/\\\/schema.org\",\"@graph\":[{\"@type\":\"WebPage\",\"@id\":\"https:\\\/\\\/www.ericadventures.com\\\/fr\\\/cusco\\\/trekking\\\/\",\"url\":\"https:\\\/\\\/www.ericadventures.com\\\/fr\\\/cusco\\\/trekking\\\/\",\"name\":\"Trekking\",\"isPartOf\":{\"@id\":\"https:\\\/\\\/www.ericadventures.com\\\/en\\\/#website\"},\"primaryImageOfPage\":{\"@id\":\"https:\\\/\\\/www.ericadventures.com\\\/fr\\\/cusco\\\/trekking\\\/#primaryimage\"},\"image\":{\"@id\":\"https:\\\/\\\/www.ericadventures.com\\\/fr\\\/cusco\\\/trekking\\\/#primaryimage\"},\"thumbnailUrl\":\"https:\\\/\\\/www.ericadventures.com\\\/wp-content\\\/uploads\\\/inca-trail-hike-05-051.jpg\",\"datePublished\":\"2023-11-02T16:30:50+00:00\",\"dateModified\":\"2024-05-11T18:27:50+00:00\",\"breadcrumb\":{\"@id\":\"https:\\\/\\\/www.ericadventures.com\\\/fr\\\/cusco\\\/trekking\\\/#breadcrumb\"},\"inLanguage\":\"fr-FR\",\"potentialAction\":[{\"@type\":\"ReadAction\",\"target\":[\"https:\\\/\\\/www.ericadventures.com\\\/fr\\\/cusco\\\/trekking\\\/\"]}]},{\"@type\":\"ImageObject\",\"inLanguage\":\"fr-FR\",\"@id\":\"https:\\\/\\\/www.ericadventures.com\\\/fr\\\/cusco\\\/trekking\\\/#primaryimage\",\"url\":\"https:\\\/\\\/www.ericadventures.com\\\/wp-content\\\/uploads\\\/inca-trail-hike-05-051.jpg\",\"contentUrl\":\"https:\\\/\\\/www.ericadventures.com\\\/wp-content\\\/uploads\\\/inca-trail-hike-05-051.jpg\",\"width\":1800,\"height\":1600,\"caption\":\"Trekking\"},{\"@type\":\"BreadcrumbList\",\"@id\":\"https:\\\/\\\/www.ericadventures.com\\\/fr\\\/cusco\\\/trekking\\\/#breadcrumb\",\"itemListElement\":[{\"@type\":\"ListItem\",\"position\":1,\"name\":\"Home\",\"item\":\"https:\\\/\\\/www.ericadventures.com\\\/fr\\\/\"},{\"@type\":\"ListItem\",\"position\":2,\"name\":\"Tours in Cusco\",\"item\":\"https:\\\/\\\/www.ericadventures.com\\\/fr\\\/cusco\\\/\"},{\"@type\":\"ListItem\",\"position\":3,\"name\":\"Trekking\"}]},{\"@type\":\"WebSite\",\"@id\":\"https:\\\/\\\/www.ericadventures.com\\\/en\\\/#website\",\"url\":\"https:\\\/\\\/www.ericadventures.com\\\/en\\\/\",\"name\":\"Eric Adventures\",\"description\":\"\",\"publisher\":{\"@id\":\"https:\\\/\\\/www.ericadventures.com\\\/en\\\/#organization\"},\"alternateName\":\"Eric Adventures\",\"potentialAction\":[{\"@type\":\"SearchAction\",\"target\":{\"@type\":\"EntryPoint\",\"urlTemplate\":\"https:\\\/\\\/www.ericadventures.com\\\/en\\\/?s={search_term_string}\"},\"query-input\":{\"@type\":\"PropertyValueSpecification\",\"valueRequired\":true,\"valueName\":\"search_term_string\"}}],\"inLanguage\":\"fr-FR\"},{\"@type\":\"Organization\",\"@id\":\"https:\\\/\\\/www.ericadventures.com\\\/en\\\/#organization\",\"name\":\"Eric Adventures\",\"url\":\"https:\\\/\\\/www.ericadventures.com\\\/en\\\/\",\"logo\":{\"@type\":\"ImageObject\",\"inLanguage\":\"fr-FR\",\"@id\":\"https:\\\/\\\/www.ericadventures.com\\\/en\\\/#\\\/schema\\\/logo\\\/image\\\/\",\"url\":\"https:\\\/\\\/www.ericadventures.com\\\/wp-content\\\/uploads\\\/logo-ericadventures.png\",\"contentUrl\":\"https:\\\/\\\/www.ericadventures.com\\\/wp-content\\\/uploads\\\/logo-ericadventures.png\",\"width\":500,\"height\":106,\"caption\":\"Eric Adventures\"},\"image\":{\"@id\":\"https:\\\/\\\/www.ericadventures.com\\\/en\\\/#\\\/schema\\\/logo\\\/image\\\/\"}}]}<\/script>\n<!-- \/ Yoast SEO Premium plugin. -->","yoast_head_json":{"title":"Trekking","robots":{"index":"index","follow":"follow","max-snippet":"max-snippet:-1","max-image-preview":"max-image-preview:large","max-video-preview":"max-video-preview:-1"},"canonical":"https:\/\/www.ericadventures.com\/fr\/cusco\/trekking\/","og_locale":"fr_FR","og_type":"article","og_title":"Trekking","og_url":"https:\/\/www.ericadventures.com\/fr\/cusco\/trekking\/","og_site_name":"Eric Adventures","article_modified_time":"2024-05-11T18:27:50+00:00","og_image":[{"width":1800,"height":1600,"url":"https:\/\/www.ericadventures.com\/wp-content\/uploads\/inca-trail-hike-05-051.jpg","type":"image\/jpeg"}],"twitter_card":"summary_large_image","twitter_misc":{"Dur\u00e9e de lecture estim\u00e9e":"1 minute"},"schema":{"@context":"https:\/\/schema.org","@graph":[{"@type":"WebPage","@id":"https:\/\/www.ericadventures.com\/fr\/cusco\/trekking\/","url":"https:\/\/www.ericadventures.com\/fr\/cusco\/trekking\/","name":"Trekking","isPartOf":{"@id":"https:\/\/www.ericadventures.com\/en\/#website"},"primaryImageOfPage":{"@id":"https:\/\/www.ericadventures.com\/fr\/cusco\/trekking\/#primaryimage"},"image":{"@id":"https:\/\/www.ericadventures.com\/fr\/cusco\/trekking\/#primaryimage"},"thumbnailUrl":"https:\/\/www.ericadventures.com\/wp-content\/uploads\/inca-trail-hike-05-051.jpg","datePublished":"2023-11-02T16:30:50+00:00","dateModified":"2024-05-11T18:27:50+00:00","breadcrumb":{"@id":"https:\/\/www.ericadventures.com\/fr\/cusco\/trekking\/#breadcrumb"},"inLanguage":"fr-FR","potentialAction":[{"@type":"ReadAction","target":["https:\/\/www.ericadventures.com\/fr\/cusco\/trekking\/"]}]},{"@type":"ImageObject","inLanguage":"fr-FR","@id":"https:\/\/www.ericadventures.com\/fr\/cusco\/trekking\/#primaryimage","url":"https:\/\/www.ericadventures.com\/wp-content\/uploads\/inca-trail-hike-05-051.jpg","contentUrl":"https:\/\/www.ericadventures.com\/wp-content\/uploads\/inca-trail-hike-05-051.jpg","width":1800,"height":1600,"caption":"Trekking"},{"@type":"BreadcrumbList","@id":"https:\/\/www.ericadventures.com\/fr\/cusco\/trekking\/#breadcrumb","itemListElement":[{"@type":"ListItem","position":1,"name":"Home","item":"https:\/\/www.ericadventures.com\/fr\/"},{"@type":"ListItem","position":2,"name":"Tours in Cusco","item":"https:\/\/www.ericadventures.com\/fr\/cusco\/"},{"@type":"ListItem","position":3,"name":"Trekking"}]},{"@type":"WebSite","@id":"https:\/\/www.ericadventures.com\/en\/#website","url":"https:\/\/www.ericadventures.com\/en\/","name":"Eric Adventures","description":"","publisher":{"@id":"https:\/\/www.ericadventures.com\/en\/#organization"},"alternateName":"Eric Adventures","potentialAction":[{"@type":"SearchAction","target":{"@type":"EntryPoint","urlTemplate":"https:\/\/www.ericadventures.com\/en\/?s={search_term_string}"},"query-input":{"@type":"PropertyValueSpecification","valueRequired":true,"valueName":"search_term_string"}}],"inLanguage":"fr-FR"},{"@type":"Organization","@id":"https:\/\/www.ericadventures.com\/en\/#organization","name":"Eric Adventures","url":"https:\/\/www.ericadventures.com\/en\/","logo":{"@type":"ImageObject","inLanguage":"fr-FR","@id":"https:\/\/www.ericadventures.com\/en\/#\/schema\/logo\/image\/","url":"https:\/\/www.ericadventures.com\/wp-content\/uploads\/logo-ericadventures.png","contentUrl":"https:\/\/www.ericadventures.com\/wp-content\/uploads\/logo-ericadventures.png","width":500,"height":106,"caption":"Eric Adventures"},"image":{"@id":"https:\/\/www.ericadventures.com\/en\/#\/schema\/logo\/image\/"}}]}},"coauthors":[],"author_meta":{"author_link":"https:\/\/www.ericadventures.com\/fr\/author\/ericadmin\/","display_name":"Eric"},"relative_dates":{"created":"Publi\u00e9 3 ans il y a","modified":"Mis \u00e0 jour 2 ans il y a"},"absolute_dates":{"created":"Publi\u00e9 le novembre 2, 2023","modified":"Mise \u00e0 jour le mai 11, 2024"},"absolute_dates_time":{"created":"Publi\u00e9 le novembre 2, 2023 11:30 am","modified":"Mise \u00e0 jour le mai 11, 2024 1:27 pm"},"featured_img_caption":"","featured_img":"https:\/\/www.ericadventures.com\/wp-content\/uploads\/inca-trail-hike-05-051.jpg","series_order":"","_links":{"self":[{"href":"https:\/\/www.ericadventures.com\/fr\/wp-json\/wp\/v2\/pages\/2694","targetHints":{"allow":["GET"]}}],"collection":[{"href":"https:\/\/www.ericadventures.com\/fr\/wp-json\/wp\/v2\/pages"}],"about":[{"href":"https:\/\/www.ericadventures.com\/fr\/wp-json\/wp\/v2\/types\/page"}],"author":[{"embeddable":true,"href":"https:\/\/www.ericadventures.com\/fr\/wp-json\/wp\/v2\/users\/1"}],"replies":[{"embeddable":true,"href":"https:\/\/www.ericadventures.com\/fr\/wp-json\/wp\/v2\/comments?post=2694"}],"version-history":[{"count":1,"href":"https:\/\/www.ericadventures.com\/fr\/wp-json\/wp\/v2\/pages\/2694\/revisions"}],"predecessor-version":[{"id":2698,"href":"https:\/\/www.ericadventures.com\/fr\/wp-json\/wp\/v2\/pages\/2694\/revisions\/2698"}],"up":[{"embeddable":true,"href":"https:\/\/www.ericadventures.com\/fr\/wp-json\/wp\/v2\/pages\/1098"}],"wp:featuredmedia":[{"embeddable":true,"href":"https:\/\/www.ericadventures.com\/fr\/wp-json\/wp\/v2\/media\/20531"}],"wp:attachment":[{"href":"https:\/\/www.ericadventures.com\/fr\/wp-json\/wp\/v2\/media?parent=2694"}],"curies":[{"name":"wp","href":"https:\/\/api.w.org\/{rel}","templated":true}]}}