{"id":22961,"date":"2024-06-02T15:01:09","date_gmt":"2024-06-02T20:01:09","guid":{"rendered":"https:\/\/www.ericadventures.com\/le-nostre-offerte-speciali\/programmi-stagionali\/festividad-virgen-del-carmen-2dias\/"},"modified":"2026-02-28T11:33:56","modified_gmt":"2026-02-28T16:33:56","slug":"festa-della-vergine-del-carmen-paucartambo-2-giorni","status":"publish","type":"page","link":"https:\/\/www.ericadventures.com\/it\/le-nostre-offerte-speciali\/programmi-stagionali\/festa-della-vergine-del-carmen-paucartambo-2-giorni\/","title":{"rendered":"Festa Della Vergine Del Carmen \u2013 Paucartambo 2 Giorni"},"content":{"rendered":"<div class=\"wp-block-image\">\n<figure class=\"alignleft size-full is-resized\"><img loading=\"lazy\" decoding=\"async\" width=\"569\" height=\"373\" src=\"https:\/\/www.ericadventures.com\/wp-content\/uploads\/virgen-del-carmen-paucartambo-2days-09-1.jpg\" alt=\"\" class=\"wp-image-22952\" style=\"aspect-ratio:1.7777777777777777;object-fit:cover;width:416px;height:auto\" srcset=\"https:\/\/www.ericadventures.com\/wp-content\/uploads\/virgen-del-carmen-paucartambo-2days-09-1.jpg 569w, https:\/\/www.ericadventures.com\/wp-content\/uploads\/virgen-del-carmen-paucartambo-2days-09-1-300x197.jpg 300w\" sizes=\"auto, (max-width: 569px) 100vw, 569px\" \/><\/figure>\n<\/div>\n\n\n<h3 class=\"wp-block-heading\" id=\"h-\"><\/h3>\n\n\n\n<p>Vivi un&#8217;esperienza incredibile durante i festeggiamenti in onore della patrona di Paucartambo: la Vergine del Carmen. Tradizionalmente conosciuta anche come Mamacha Carmen, la Vergine \u00e8 motivo di festa per migliaia di parrocchiani e visitatori provenienti da tutto il Paese che esprimono la loro devozione a Mamacha in cambio della sua benedizione e protezione. Attualmente la Virgen del Carmen \u00e8 Patrimonio Culturale della Nazione.<\/p>\n\n\n\n<h2 class=\"wp-block-heading\" id=\"h-itinerario\">ITINERARIO<\/h2>\n\n\n\n<h3 class=\"wp-block-heading\" id=\"h-giorno-01-15-luglio\">GIORNO 01 &#8211; 15 LUGLIO<\/h3>\n\n\n\n<p>Partenza da Cusco alle 13:00 per Paucartambo situato a circa 3 ore da Cusco, durante il tour osserveremo i famosi chullpas di Ninamarca e continueremo attraversando il ponte coloniale Carlos III fino a raggiungere Paucartambo, considerata la provincia folcloristica del Per\u00f9 in onore alla Vergine del Carmen. Godremo gli omaggi alla Virgen del Carmen e allo stesso modo potremo assaggiare i diversi piatti che la gente del posto offre durante queste festivit\u00e0 (non inclusi); A mezzanotte inizieremo il viaggio di 3 ore verso &#8220;Los Tres Cruces&#8221; dove aspetteremo l&#8217;alba.<\/p>\n\n\n\n<p>*Non esiste un luogo di pernottamento stabilito, riposerai nei mezzi di trasporto durante il tour.<\/p>\n\n\n\n<h3 class=\"wp-block-heading\" id=\"h-giorno-02-16-luglio\">GIORNO 02 &#8211; 16 LUGLIO<\/h3>\n\n\n\n<p>Ritorneremo a Paucartambo per la colazione (non inclusa) e avremo la mattinata libera per esplorare la zona. A mezzogiorno andremo al tempio per partecipare alla Messa Centrale e alla bellissima processione della Patrona di Paucartambo: Virgen del Carmen, saremo circondati da diverse danze e canti tradizionali. Intorno alle 15:00 saliremo a bordo del nostro mezzo di trasporto per tornare a Cusco, dove arriveremo intorno alle 18:00.<\/p>\n\n\n\n<figure class=\"wp-block-embed is-type-video is-provider-youtube wp-block-embed-youtube wp-embed-aspect-16-9 wp-has-aspect-ratio\"><div class=\"wp-block-embed__wrapper\">\n<iframe loading=\"lazy\" title=\"Virgen del Carmen \u2010 Cusco\" width=\"640\" height=\"360\" src=\"https:\/\/www.youtube.com\/embed\/CN0ZyDBKxm8?feature=oembed\" frameborder=\"0\" allow=\"accelerometer; autoplay; clipboard-write; encrypted-media; gyroscope; picture-in-picture; web-share\" referrerpolicy=\"strict-origin-when-cross-origin\" allowfullscreen><\/iframe>\n<\/div><\/figure>\n\n\n\n<h2 class=\"wp-block-heading\" id=\"h-comprende\">COMPRENDE<\/h2>\n\n\n\n<ul class=\"wp-block-list\">\n<li>Trasferimento in trasporto turistico da e per Cusco.<\/li>\n\n\n\n<li>Guida professionale spagnolo\/inglese<\/li>\n\n\n\n<li>1 pranzo al sacco<\/li>\n\n\n\n<li>Assistenza durante tutto il tour.<\/li>\n<\/ul>\n\n\n\n<h3 class=\"wp-block-heading\" id=\"h-non-incluso\">NON INCLUSO<\/h3>\n\n\n\n<ul class=\"wp-block-list\">\n<li>Pasti, esclusi quelli menzionati (durante le sagre \u00e8 possibile acquistare pasti dalla gente del posto e degustare cos\u00ec piatti tradizionali)<\/li>\n\n\n\n<li>Caratteristiche aggiuntive<\/li>\n\n\n\n<li>Suggerimenti<\/li>\n<\/ul>\n\n\n\n<h3 class=\"wp-block-heading\" id=\"h-si-consiglia-di-portare\">SI CONSIGLIA DI PORTARE<\/h3>\n\n\n\n<ul class=\"wp-block-list\">\n<li>Vestiti caldi<\/li>\n\n\n\n<li>Giubbotti\/Cappotti per il freddo<\/li>\n\n\n\n<li>Guanti<\/li>\n\n\n\n<li>Sciarpe<\/li>\n\n\n\n<li>Tappi<\/li>\n\n\n\n<li>Scarpe sportive<\/li>\n\n\n\n<li>Protezione solare<\/li>\n\n\n\n<li>Binocolo<\/li>\n\n\n\n<li>Spuntini<\/li>\n<\/ul>\n\n\n\n<h3 class=\"wp-block-heading\" id=\"h-apunti\">Apunti:<\/h3>\n\n\n\n<ul class=\"wp-block-list\">\n<li>Nei nostri servizi condivisi, preleveremo i nostri clienti dal loro hotel purch\u00e9 si trovi nel centro della citt\u00e0.<\/li>\n\n\n\n<li>Nei nostri servizi condivisi, alla fine del tour, lasciamo i nostri clienti in un posto vicino alla Piazza Principale, \u00e8 pi\u00f9 facile tornare al loro hotel a piedi che andare in autobus, dato che il traffico \u00e8 terribile. Se il tuo hotel \u00e8 lontano dal centro citt\u00e0, porta con te dei contanti extra per prendere un taxi.<\/li>\n\n\n\n<li>Gli orari di prelievo e di arrivo sono referenziali, questo dipender\u00e0 dal traffico che si pu\u00f2 trovare per strada o dal ritardo di altri clienti, il nostro assistente arriver\u00e0 al vostro hotel in orario, ma a volte il trasporto potrebbe ritardare di qualche minuto .<\/li>\n\n\n\n<li>I suggerimenti per le guide non sono inclusi n\u00e9 richiesti<\/li>\n<\/ul>\n\n\n\n<h2 class=\"wp-block-heading\" id=\"h-prezzi-a-persona-in-dollari-statunitensi\">PREZZI (A PERSONA IN DOLLARI STATUNITENSI)<\/h2>\n\n\n\n<p><strong>SERVIZIO PRIVATO<\/strong><\/p>\n\n\n\n<ul class=\"wp-block-list\">\n<li>2 persone: 575 USD<\/li>\n\n\n\n<li>4 o pi\u00f9 persone: 485 USD<\/li>\n<\/ul>\n\n\n\n<p>*I prezzi sono indicativi e soggetti a disponibilit\u00e0 e stagione.<\/p>\n\n\n\n<h2 class=\"wp-block-heading\" id=\"h-mappe\">Mappe<\/h2>\n\n\n\n<figure class=\"wp-block-gallery has-nested-images columns-default wp-block-gallery-1 is-layout-flex wp-block-gallery-is-layout-flex\">\n<figure class=\"wp-block-image size-thumbnail\"><a href=\"https:\/\/www.ericadventures.com\/wp-content\/uploads\/virgen-del-carmen-paucartambo-2days-map.jpg\"><img loading=\"lazy\" decoding=\"async\" width=\"150\" height=\"150\" data-id=\"22902\" src=\"https:\/\/www.ericadventures.com\/wp-content\/uploads\/virgen-del-carmen-paucartambo-2days-map-150x150.jpg\" alt=\"\" class=\"wp-image-22902\"\/><\/a><\/figure>\n<\/figure>\n\n\n\n<h2 class=\"wp-block-heading\" id=\"h-foto\">fOTO<\/h2>\n\n\n\n<figure class=\"wp-block-gallery has-nested-images columns-8 is-cropped wp-block-gallery-2 is-layout-flex wp-block-gallery-is-layout-flex\">\n<figure class=\"wp-block-image size-large\"><a href=\"https:\/\/www.ericadventures.com\/wp-content\/uploads\/virgen-del-carmen-paucartambo-2days-12.jpg\"><img loading=\"lazy\" decoding=\"async\" width=\"709\" height=\"391\" data-id=\"22907\" src=\"https:\/\/www.ericadventures.com\/wp-content\/uploads\/virgen-del-carmen-paucartambo-2days-12.jpg\" alt=\"\" class=\"wp-image-22907\" srcset=\"https:\/\/www.ericadventures.com\/wp-content\/uploads\/virgen-del-carmen-paucartambo-2days-12.jpg 709w, https:\/\/www.ericadventures.com\/wp-content\/uploads\/virgen-del-carmen-paucartambo-2days-12-300x165.jpg 300w\" sizes=\"auto, (max-width: 709px) 100vw, 709px\" \/><\/a><\/figure>\n\n\n\n<figure class=\"wp-block-image size-large\"><a href=\"https:\/\/www.ericadventures.com\/wp-content\/uploads\/virgen-del-carmen-paucartambo-2days-11.jpg\"><img loading=\"lazy\" decoding=\"async\" width=\"375\" height=\"500\" data-id=\"22914\" src=\"https:\/\/www.ericadventures.com\/wp-content\/uploads\/virgen-del-carmen-paucartambo-2days-11.jpg\" alt=\"\" class=\"wp-image-22914\" srcset=\"https:\/\/www.ericadventures.com\/wp-content\/uploads\/virgen-del-carmen-paucartambo-2days-11.jpg 375w, https:\/\/www.ericadventures.com\/wp-content\/uploads\/virgen-del-carmen-paucartambo-2days-11-225x300.jpg 225w\" sizes=\"auto, (max-width: 375px) 100vw, 375px\" \/><\/a><\/figure>\n\n\n\n<figure class=\"wp-block-image size-large\"><a href=\"https:\/\/www.ericadventures.com\/wp-content\/uploads\/virgen-del-carmen-paucartambo-2days-10.jpg\"><img loading=\"lazy\" decoding=\"async\" width=\"565\" height=\"366\" data-id=\"22921\" src=\"https:\/\/www.ericadventures.com\/wp-content\/uploads\/virgen-del-carmen-paucartambo-2days-10.jpg\" alt=\"\" class=\"wp-image-22921\" srcset=\"https:\/\/www.ericadventures.com\/wp-content\/uploads\/virgen-del-carmen-paucartambo-2days-10.jpg 565w, https:\/\/www.ericadventures.com\/wp-content\/uploads\/virgen-del-carmen-paucartambo-2days-10-300x194.jpg 300w\" sizes=\"auto, (max-width: 565px) 100vw, 565px\" \/><\/a><\/figure>\n\n\n\n<figure class=\"wp-block-image size-large\"><a href=\"https:\/\/www.ericadventures.com\/wp-content\/uploads\/virgen-del-carmen-paucartambo-2days-09.jpg\"><img loading=\"lazy\" decoding=\"async\" width=\"569\" height=\"373\" data-id=\"22912\" src=\"https:\/\/www.ericadventures.com\/wp-content\/uploads\/virgen-del-carmen-paucartambo-2days-09.jpg\" alt=\"\" class=\"wp-image-22912\" srcset=\"https:\/\/www.ericadventures.com\/wp-content\/uploads\/virgen-del-carmen-paucartambo-2days-09.jpg 569w, https:\/\/www.ericadventures.com\/wp-content\/uploads\/virgen-del-carmen-paucartambo-2days-09-300x197.jpg 300w\" sizes=\"auto, (max-width: 569px) 100vw, 569px\" \/><\/a><\/figure>\n\n\n\n<figure class=\"wp-block-image size-large\"><a href=\"https:\/\/www.ericadventures.com\/wp-content\/uploads\/virgen-del-carmen-paucartambo-2days-08.jpg\"><img loading=\"lazy\" decoding=\"async\" width=\"547\" height=\"361\" data-id=\"22932\" src=\"https:\/\/www.ericadventures.com\/wp-content\/uploads\/virgen-del-carmen-paucartambo-2days-08.jpg\" alt=\"\" class=\"wp-image-22932\" srcset=\"https:\/\/www.ericadventures.com\/wp-content\/uploads\/virgen-del-carmen-paucartambo-2days-08.jpg 547w, https:\/\/www.ericadventures.com\/wp-content\/uploads\/virgen-del-carmen-paucartambo-2days-08-300x198.jpg 300w\" sizes=\"auto, (max-width: 547px) 100vw, 547px\" \/><\/a><\/figure>\n\n\n\n<figure class=\"wp-block-image size-large\"><a href=\"https:\/\/www.ericadventures.com\/wp-content\/uploads\/virgen-del-carmen-paucartambo-2days-07.jpg\"><img loading=\"lazy\" decoding=\"async\" width=\"546\" height=\"355\" data-id=\"22937\" src=\"https:\/\/www.ericadventures.com\/wp-content\/uploads\/virgen-del-carmen-paucartambo-2days-07.jpg\" alt=\"\" class=\"wp-image-22937\" srcset=\"https:\/\/www.ericadventures.com\/wp-content\/uploads\/virgen-del-carmen-paucartambo-2days-07.jpg 546w, https:\/\/www.ericadventures.com\/wp-content\/uploads\/virgen-del-carmen-paucartambo-2days-07-300x195.jpg 300w\" sizes=\"auto, (max-width: 546px) 100vw, 546px\" \/><\/a><\/figure>\n\n\n\n<figure class=\"wp-block-image size-large\"><a href=\"https:\/\/www.ericadventures.com\/wp-content\/uploads\/virgen-del-carmen-paucartambo-2days-06.jpg\"><img loading=\"lazy\" decoding=\"async\" width=\"536\" height=\"402\" data-id=\"22927\" src=\"https:\/\/www.ericadventures.com\/wp-content\/uploads\/virgen-del-carmen-paucartambo-2days-06.jpg\" alt=\"\" class=\"wp-image-22927\" srcset=\"https:\/\/www.ericadventures.com\/wp-content\/uploads\/virgen-del-carmen-paucartambo-2days-06.jpg 536w, https:\/\/www.ericadventures.com\/wp-content\/uploads\/virgen-del-carmen-paucartambo-2days-06-300x225.jpg 300w\" sizes=\"auto, (max-width: 536px) 100vw, 536px\" \/><\/a><\/figure>\n\n\n\n<figure class=\"wp-block-image size-large\"><a href=\"https:\/\/www.ericadventures.com\/wp-content\/uploads\/virgen-del-carmen-paucartambo-2days-05.jpg\"><img loading=\"lazy\" decoding=\"async\" width=\"800\" height=\"530\" data-id=\"22947\" src=\"https:\/\/www.ericadventures.com\/wp-content\/uploads\/virgen-del-carmen-paucartambo-2days-05.jpg\" alt=\"\" class=\"wp-image-22947\" srcset=\"https:\/\/www.ericadventures.com\/wp-content\/uploads\/virgen-del-carmen-paucartambo-2days-05.jpg 800w, https:\/\/www.ericadventures.com\/wp-content\/uploads\/virgen-del-carmen-paucartambo-2days-05-300x199.jpg 300w, https:\/\/www.ericadventures.com\/wp-content\/uploads\/virgen-del-carmen-paucartambo-2days-05-768x509.jpg 768w\" sizes=\"auto, (max-width: 800px) 100vw, 800px\" \/><\/a><\/figure>\n<\/figure>\n\n\n\n<h2 class=\"wp-block-heading\" id=\"h-modulo-di-contatto\"><strong>modulo di contatto<\/strong><\/h2>\n\n\n\n<div class=\"wp-block-contact-form-7-contact-form-selector\">\n<div class=\"wpcf7 no-js\" id=\"wpcf7-f6170-o1\" lang=\"es-ES\" dir=\"ltr\" data-wpcf7-id=\"6170\">\n<div class=\"screen-reader-response\"><p role=\"status\" aria-live=\"polite\" aria-atomic=\"true\"><\/p> <ul><\/ul><\/div>\n<form action=\"\/it\/wp-json\/wp\/v2\/pages\/22961#wpcf7-f6170-o1\" method=\"post\" class=\"wpcf7-form init\" aria-label=\"Formulario de contacto\" novalidate=\"novalidate\" data-status=\"init\">\n<fieldset class=\"hidden-fields-container\"><input type=\"hidden\" name=\"_wpcf7\" value=\"6170\" \/><input type=\"hidden\" name=\"_wpcf7_version\" value=\"6.1.5\" \/><input type=\"hidden\" name=\"_wpcf7_locale\" value=\"es_ES\" \/><input type=\"hidden\" name=\"_wpcf7_unit_tag\" value=\"wpcf7-f6170-o1\" \/><input type=\"hidden\" name=\"_wpcf7_container_post\" value=\"0\" \/><input type=\"hidden\" name=\"_wpcf7_posted_data_hash\" value=\"\" \/>\n<\/fieldset>\n<div class=\"wpcf7-turnstile cf-turnstile\" data-sitekey=\"0x4AAAAAACZ2CLxkDaDac8NW\" data-response-field-name=\"_wpcf7_turnstile_response\"><\/div>\n\n<div class=\"formt\">\n    <span class=\"textform\">Per prenotazioni o maggiori informazioni compila il seguente modulo cliente\/ospite: <\/span>\n    <input class=\"wpcf7-form-control wpcf7-hidden\" value=\"https:\/\/www.ericadventures.com\/it\/wp-json\/wp\/v2\/pages\/22961\" type=\"hidden\" name=\"Url_Tour\" \/>\n    <input class=\"wpcf7-form-control wpcf7-hidden\" value=\"it\" type=\"hidden\" name=\"Idioma\" \/>\n    <input class=\"wpcf7-form-control wpcf7-hidden\" value=\"29\/04\/2026 12:40:23\" type=\"hidden\" name=\"Fecha_Hora\" \/>\n    <input class=\"wpcf7-form-control wpcf7-hidden\" value=\"216.73.216.6\" type=\"hidden\" name=\"Ip\" \/>\n    <input class=\"wpcf7-form-control wpcf7-hidden\" value=\"Festa Della Vergine Del Carmen \u2013 Paucartambo 2 Giorni\" type=\"hidden\" name=\"Nombre_Tour\" \/>\n    <input class=\"wpcf7-form-control wpcf7-hidden\" value=\"1\" type=\"hidden\" name=\"enviar_excel\" \/>\n\n    <div class=\"g2\">\n        <div>\n            <label>Nome: <\/label>\n            <span class=\"wpcf7-form-control-wrap\" data-name=\"Nombre\"><input size=\"40\" maxlength=\"400\" class=\"wpcf7-form-control wpcf7-text wpcf7-validates-as-required\" aria-required=\"true\" aria-invalid=\"false\" value=\"\" type=\"text\" name=\"Nombre\" \/><\/span>\n        <\/div>\n        <div>\n            <label>E-mail: <\/label>\n            <span class=\"wpcf7-form-control-wrap\" data-name=\"Emails\"><input size=\"40\" maxlength=\"400\" class=\"wpcf7-form-control wpcf7-email wpcf7-validates-as-required wpcf7-text wpcf7-validates-as-email\" aria-required=\"true\" aria-invalid=\"false\" value=\"\" type=\"email\" name=\"Emails\" \/><\/span>\n        <\/div>\n    <\/div>\n    \n    <div class=\"g2\">\n        <div>\n            <label>Paese: <\/label>\n            <span class=\"wpcf7-form-control-wrap\" data-name=\"Pais\"><input size=\"40\" maxlength=\"400\" class=\"wpcf7-form-control wpcf7-text\" aria-invalid=\"false\" value=\"\" type=\"text\" name=\"Pais\" \/><\/span>\n        <\/div>\n        <div>\n            <label>Telefono - Whatsapp: <\/label>\n            <span class=\"wpcf7-form-control-wrap\" data-name=\"Whatsapp\"><input size=\"40\" class=\"wpcf7-form-control wpcf7-phonetext wpcf7-text wpcf7-validates-as-phonetext\" aria-invalid=\"false\" value=\"\" type=\"text\" name=\"Whatsapp\" \/><input type=\"hidden\" name=\"Whatsapp-country-code\" class=\"wpcf7-phonetext-country-code\" \/><\/span>\n        <\/div>\n    <\/div>\n    \n    <div class=\"g2\">\n        <div>\n            <label>Numero di adulti: <\/label>\n            <span class=\"wpcf7-form-control-wrap\" data-name=\"Adultos\"><select class=\"wpcf7-form-control wpcf7-select wpcf7-validates-as-required\" aria-required=\"true\" aria-invalid=\"false\" name=\"Adultos\"><option value=\"1\">1<\/option><option value=\"2\">2<\/option><option value=\"3\">3<\/option><option value=\"4\">4<\/option><option value=\"5\">5<\/option><option value=\"6\">6<\/option><option value=\"7\">7<\/option><option value=\"8\">8<\/option><option value=\"9\">9<\/option><option value=\"10\">10<\/option><option value=\"11\">11<\/option><option value=\"12 o pi\u00f9\">12 o pi\u00f9<\/option><\/select><\/span>\n        <\/div>\n        <div>\n            <label>Numero di bambini: <\/label>\n            <span class=\"wpcf7-form-control-wrap\" data-name=\"Ninos\"><select class=\"wpcf7-form-control wpcf7-select wpcf7-validates-as-required\" aria-required=\"true\" aria-invalid=\"false\" name=\"Ninos\"><option value=\"0\">0<\/option><option value=\"1\">1<\/option><option value=\"2\">2<\/option><option value=\"3\">3<\/option><option value=\"4\">4<\/option><option value=\"5\">5<\/option><option value=\"6\">6<\/option><option value=\"7\">7<\/option><option value=\"8\">8<\/option><option value=\"9\">9<\/option><option value=\"10\">10<\/option><option value=\"11\">11<\/option><option value=\"12 o pi\u00f9\">12 o pi\u00f9<\/option><\/select><\/span>\n        <\/div>\n    <\/div>\n    \n    <div class=\"g2\">\n        <div>\n            <label>Data di inizio del tour: <\/label>\n            <span class=\"wpcf7-form-control-wrap\" data-name=\"Inicio\"><input class=\"wpcf7-form-control wpcf7-date wpcf7-validates-as-required wpcf7-validates-as-date\" id=\"inicio\" min=\"2026-04-29\" aria-required=\"true\" aria-invalid=\"false\" value=\"\" type=\"date\" name=\"Inicio\" \/><\/span>\n        <\/div>\n        <div>\n            <label>Data di fine del tour: <\/label>\n            <span class=\"wpcf7-form-control-wrap\" data-name=\"Final\"><input class=\"wpcf7-form-control wpcf7-date wpcf7-validates-as-required wpcf7-validates-as-date\" id=\"final\" min=\"2026-04-29\" aria-required=\"true\" aria-invalid=\"false\" value=\"\" type=\"date\" name=\"Final\" \/><\/span>\n        <\/div>\n    <\/div>\n    \n    <div>\n        <label>Commenti o domande: <\/label>\n        <span class=\"wpcf7-form-control-wrap\" data-name=\"Mensaje\"><textarea cols=\"40\" rows=\"10\" maxlength=\"2000\" class=\"wpcf7-form-control wpcf7-textarea wpcf7-validates-as-required\" aria-required=\"true\" aria-invalid=\"false\" placeholder=\"Si prega di specificare il tipo di SERVIZIO\/TOUR che si desidera effettuare\" name=\"Mensaje\"><\/textarea><\/span>\n    <\/div>\n    \n    <input class=\"wpcf7-form-control wpcf7-submit has-spinner btnsend\" type=\"submit\" value=\"INVIA MESSAGGIO\" \/>\n<\/div><div class=\"wpcf7-response-output\" aria-hidden=\"true\"><\/div>\n<\/form>\n<\/div>\n<\/div>\n","protected":false},"excerpt":{"rendered":"<p>Vivi un&#8217;esperienza incredibile durante i festeggiamenti in onore della patrona di Paucartambo: la Vergine del Carmen. Tradizionalmente conosciuta anche come [&hellip;]<\/p>\n","protected":false},"author":3,"featured_media":22955,"parent":22669,"menu_order":0,"comment_status":"closed","ping_status":"closed","template":"page-tour.php","meta":{"_acf_changed":false,"advgb_blocks_editor_width":"","advgb_blocks_columns_visual_guide":"","footnotes":""},"class_list":["post-22961","page","type-page","status-publish","has-post-thumbnail","hentry"],"acf":[],"yoast_head":"<!-- This site is optimized with the Yoast SEO Premium plugin v25.4 (Yoast SEO v26.9) - https:\/\/yoast.com\/product\/yoast-seo-premium-wordpress\/ -->\n<title>Festival Vergine del Carmen, Paucartambo, 2 giorni, Cusco, Per\u00f9<\/title>\n<meta name=\"description\" content=\"Vivi un&#039;esperienza indimenticabile ai festeggiamenti in onore della Vergine del Carmen. Festival di 2 giorni a Paucartambo, Cusco, Per\u00f9\" \/>\n<meta name=\"robots\" content=\"index, follow, max-snippet:-1, max-image-preview:large, max-video-preview:-1\" \/>\n<link rel=\"canonical\" href=\"https:\/\/www.ericadventures.com\/it\/le-nostre-offerte-speciali\/programmi-stagionali\/festa-della-vergine-del-carmen-paucartambo-2-giorni\/\" \/>\n<meta property=\"og:locale\" content=\"it_IT\" \/>\n<meta property=\"og:type\" content=\"article\" \/>\n<meta property=\"og:title\" content=\"Festa Della Vergine Del Carmen \u2013 Paucartambo 2 Giorni\" \/>\n<meta property=\"og:description\" content=\"Vivi un&#039;esperienza indimenticabile ai festeggiamenti in onore della Vergine del Carmen. Festival di 2 giorni a Paucartambo, Cusco, Per\u00f9\" \/>\n<meta property=\"og:url\" content=\"https:\/\/www.ericadventures.com\/it\/le-nostre-offerte-speciali\/programmi-stagionali\/festa-della-vergine-del-carmen-paucartambo-2-giorni\/\" \/>\n<meta property=\"og:site_name\" content=\"Eric Adventures\" \/>\n<meta property=\"article:modified_time\" content=\"2026-02-28T16:33:56+00:00\" \/>\n<meta property=\"og:image\" content=\"https:\/\/www.ericadventures.com\/wp-content\/uploads\/virgen-del-carmen-paucartambo-2days-09-1.jpg\" \/>\n\t<meta property=\"og:image:width\" content=\"569\" \/>\n\t<meta property=\"og:image:height\" content=\"373\" \/>\n\t<meta property=\"og:image:type\" content=\"image\/jpeg\" \/>\n<meta name=\"twitter:card\" content=\"summary_large_image\" \/>\n<meta name=\"twitter:label1\" content=\"Tempo di lettura stimato\" \/>\n\t<meta name=\"twitter:data1\" content=\"5 minuti\" \/>\n<script type=\"application\/ld+json\" class=\"yoast-schema-graph\">{\"@context\":\"https:\/\/schema.org\",\"@graph\":[{\"@type\":\"WebPage\",\"@id\":\"https:\/\/www.ericadventures.com\/it\/le-nostre-offerte-speciali\/programmi-stagionali\/festa-della-vergine-del-carmen-paucartambo-2-giorni\/\",\"url\":\"https:\/\/www.ericadventures.com\/it\/le-nostre-offerte-speciali\/programmi-stagionali\/festa-della-vergine-del-carmen-paucartambo-2-giorni\/\",\"name\":\"Festival Vergine del Carmen, Paucartambo, 2 giorni, Cusco, Per\u00f9\",\"isPartOf\":{\"@id\":\"https:\/\/www.ericadventures.com\/en\/#website\"},\"primaryImageOfPage\":{\"@id\":\"https:\/\/www.ericadventures.com\/it\/le-nostre-offerte-speciali\/programmi-stagionali\/festa-della-vergine-del-carmen-paucartambo-2-giorni\/#primaryimage\"},\"image\":{\"@id\":\"https:\/\/www.ericadventures.com\/it\/le-nostre-offerte-speciali\/programmi-stagionali\/festa-della-vergine-del-carmen-paucartambo-2-giorni\/#primaryimage\"},\"thumbnailUrl\":\"https:\/\/www.ericadventures.com\/wp-content\/uploads\/virgen-del-carmen-paucartambo-2days-09-1.jpg\",\"datePublished\":\"2024-06-02T20:01:09+00:00\",\"dateModified\":\"2026-02-28T16:33:56+00:00\",\"description\":\"Vivi un'esperienza indimenticabile ai festeggiamenti in onore della Vergine del Carmen. Festival di 2 giorni a Paucartambo, Cusco, Per\u00f9\",\"breadcrumb\":{\"@id\":\"https:\/\/www.ericadventures.com\/it\/le-nostre-offerte-speciali\/programmi-stagionali\/festa-della-vergine-del-carmen-paucartambo-2-giorni\/#breadcrumb\"},\"inLanguage\":\"it-IT\",\"potentialAction\":[{\"@type\":\"ReadAction\",\"target\":[\"https:\/\/www.ericadventures.com\/it\/le-nostre-offerte-speciali\/programmi-stagionali\/festa-della-vergine-del-carmen-paucartambo-2-giorni\/\"]}]},{\"@type\":\"ImageObject\",\"inLanguage\":\"it-IT\",\"@id\":\"https:\/\/www.ericadventures.com\/it\/le-nostre-offerte-speciali\/programmi-stagionali\/festa-della-vergine-del-carmen-paucartambo-2-giorni\/#primaryimage\",\"url\":\"https:\/\/www.ericadventures.com\/wp-content\/uploads\/virgen-del-carmen-paucartambo-2days-09-1.jpg\",\"contentUrl\":\"https:\/\/www.ericadventures.com\/wp-content\/uploads\/virgen-del-carmen-paucartambo-2days-09-1.jpg\",\"width\":569,\"height\":373,\"caption\":\"Festividad De La Virgen Del Carmen\"},{\"@type\":\"BreadcrumbList\",\"@id\":\"https:\/\/www.ericadventures.com\/it\/le-nostre-offerte-speciali\/programmi-stagionali\/festa-della-vergine-del-carmen-paucartambo-2-giorni\/#breadcrumb\",\"itemListElement\":[{\"@type\":\"ListItem\",\"position\":1,\"name\":\"Home\",\"item\":\"https:\/\/www.ericadventures.com\/it\/\"},{\"@type\":\"ListItem\",\"position\":2,\"name\":\"Le Nostre Offerte Speciali\",\"item\":\"https:\/\/www.ericadventures.com\/it\/le-nostre-offerte-speciali\/\"},{\"@type\":\"ListItem\",\"position\":3,\"name\":\"Programmi Stagionali\",\"item\":\"https:\/\/www.ericadventures.com\/it\/le-nostre-offerte-speciali\/programmi-stagionali\/\"},{\"@type\":\"ListItem\",\"position\":4,\"name\":\"Festa Della Vergine Del Carmen \u2013 Paucartambo 2 Giorni\"}]},{\"@type\":\"WebSite\",\"@id\":\"https:\/\/www.ericadventures.com\/en\/#website\",\"url\":\"https:\/\/www.ericadventures.com\/en\/\",\"name\":\"Eric Adventures\",\"description\":\"\",\"publisher\":{\"@id\":\"https:\/\/www.ericadventures.com\/en\/#organization\"},\"alternateName\":\"Eric Adventures\",\"potentialAction\":[{\"@type\":\"SearchAction\",\"target\":{\"@type\":\"EntryPoint\",\"urlTemplate\":\"https:\/\/www.ericadventures.com\/en\/?s={search_term_string}\"},\"query-input\":{\"@type\":\"PropertyValueSpecification\",\"valueRequired\":true,\"valueName\":\"search_term_string\"}}],\"inLanguage\":\"it-IT\"},{\"@type\":\"Organization\",\"@id\":\"https:\/\/www.ericadventures.com\/en\/#organization\",\"name\":\"Eric Adventures\",\"url\":\"https:\/\/www.ericadventures.com\/en\/\",\"logo\":{\"@type\":\"ImageObject\",\"inLanguage\":\"it-IT\",\"@id\":\"https:\/\/www.ericadventures.com\/en\/#\/schema\/logo\/image\/\",\"url\":\"https:\/\/www.ericadventures.com\/wp-content\/uploads\/logo-ericadventures.png\",\"contentUrl\":\"https:\/\/www.ericadventures.com\/wp-content\/uploads\/logo-ericadventures.png\",\"width\":500,\"height\":106,\"caption\":\"Eric Adventures\"},\"image\":{\"@id\":\"https:\/\/www.ericadventures.com\/en\/#\/schema\/logo\/image\/\"}}]}<\/script>\n<!-- \/ Yoast SEO Premium plugin. -->","yoast_head_json":{"title":"Festival Vergine del Carmen, Paucartambo, 2 giorni, Cusco, Per\u00f9","description":"Vivi un'esperienza indimenticabile ai festeggiamenti in onore della Vergine del Carmen. Festival di 2 giorni a Paucartambo, Cusco, Per\u00f9","robots":{"index":"index","follow":"follow","max-snippet":"max-snippet:-1","max-image-preview":"max-image-preview:large","max-video-preview":"max-video-preview:-1"},"canonical":"https:\/\/www.ericadventures.com\/it\/le-nostre-offerte-speciali\/programmi-stagionali\/festa-della-vergine-del-carmen-paucartambo-2-giorni\/","og_locale":"it_IT","og_type":"article","og_title":"Festa Della Vergine Del Carmen \u2013 Paucartambo 2 Giorni","og_description":"Vivi un'esperienza indimenticabile ai festeggiamenti in onore della Vergine del Carmen. Festival di 2 giorni a Paucartambo, Cusco, Per\u00f9","og_url":"https:\/\/www.ericadventures.com\/it\/le-nostre-offerte-speciali\/programmi-stagionali\/festa-della-vergine-del-carmen-paucartambo-2-giorni\/","og_site_name":"Eric Adventures","article_modified_time":"2026-02-28T16:33:56+00:00","og_image":[{"width":569,"height":373,"url":"https:\/\/www.ericadventures.com\/wp-content\/uploads\/virgen-del-carmen-paucartambo-2days-09-1.jpg","type":"image\/jpeg"}],"twitter_card":"summary_large_image","twitter_misc":{"Tempo di lettura stimato":"5 minuti"},"schema":{"@context":"https:\/\/schema.org","@graph":[{"@type":"WebPage","@id":"https:\/\/www.ericadventures.com\/it\/le-nostre-offerte-speciali\/programmi-stagionali\/festa-della-vergine-del-carmen-paucartambo-2-giorni\/","url":"https:\/\/www.ericadventures.com\/it\/le-nostre-offerte-speciali\/programmi-stagionali\/festa-della-vergine-del-carmen-paucartambo-2-giorni\/","name":"Festival Vergine del Carmen, Paucartambo, 2 giorni, Cusco, Per\u00f9","isPartOf":{"@id":"https:\/\/www.ericadventures.com\/en\/#website"},"primaryImageOfPage":{"@id":"https:\/\/www.ericadventures.com\/it\/le-nostre-offerte-speciali\/programmi-stagionali\/festa-della-vergine-del-carmen-paucartambo-2-giorni\/#primaryimage"},"image":{"@id":"https:\/\/www.ericadventures.com\/it\/le-nostre-offerte-speciali\/programmi-stagionali\/festa-della-vergine-del-carmen-paucartambo-2-giorni\/#primaryimage"},"thumbnailUrl":"https:\/\/www.ericadventures.com\/wp-content\/uploads\/virgen-del-carmen-paucartambo-2days-09-1.jpg","datePublished":"2024-06-02T20:01:09+00:00","dateModified":"2026-02-28T16:33:56+00:00","description":"Vivi un'esperienza indimenticabile ai festeggiamenti in onore della Vergine del Carmen. Festival di 2 giorni a Paucartambo, Cusco, Per\u00f9","breadcrumb":{"@id":"https:\/\/www.ericadventures.com\/it\/le-nostre-offerte-speciali\/programmi-stagionali\/festa-della-vergine-del-carmen-paucartambo-2-giorni\/#breadcrumb"},"inLanguage":"it-IT","potentialAction":[{"@type":"ReadAction","target":["https:\/\/www.ericadventures.com\/it\/le-nostre-offerte-speciali\/programmi-stagionali\/festa-della-vergine-del-carmen-paucartambo-2-giorni\/"]}]},{"@type":"ImageObject","inLanguage":"it-IT","@id":"https:\/\/www.ericadventures.com\/it\/le-nostre-offerte-speciali\/programmi-stagionali\/festa-della-vergine-del-carmen-paucartambo-2-giorni\/#primaryimage","url":"https:\/\/www.ericadventures.com\/wp-content\/uploads\/virgen-del-carmen-paucartambo-2days-09-1.jpg","contentUrl":"https:\/\/www.ericadventures.com\/wp-content\/uploads\/virgen-del-carmen-paucartambo-2days-09-1.jpg","width":569,"height":373,"caption":"Festividad De La Virgen Del Carmen"},{"@type":"BreadcrumbList","@id":"https:\/\/www.ericadventures.com\/it\/le-nostre-offerte-speciali\/programmi-stagionali\/festa-della-vergine-del-carmen-paucartambo-2-giorni\/#breadcrumb","itemListElement":[{"@type":"ListItem","position":1,"name":"Home","item":"https:\/\/www.ericadventures.com\/it\/"},{"@type":"ListItem","position":2,"name":"Le Nostre Offerte Speciali","item":"https:\/\/www.ericadventures.com\/it\/le-nostre-offerte-speciali\/"},{"@type":"ListItem","position":3,"name":"Programmi Stagionali","item":"https:\/\/www.ericadventures.com\/it\/le-nostre-offerte-speciali\/programmi-stagionali\/"},{"@type":"ListItem","position":4,"name":"Festa Della Vergine Del Carmen \u2013 Paucartambo 2 Giorni"}]},{"@type":"WebSite","@id":"https:\/\/www.ericadventures.com\/en\/#website","url":"https:\/\/www.ericadventures.com\/en\/","name":"Eric Adventures","description":"","publisher":{"@id":"https:\/\/www.ericadventures.com\/en\/#organization"},"alternateName":"Eric Adventures","potentialAction":[{"@type":"SearchAction","target":{"@type":"EntryPoint","urlTemplate":"https:\/\/www.ericadventures.com\/en\/?s={search_term_string}"},"query-input":{"@type":"PropertyValueSpecification","valueRequired":true,"valueName":"search_term_string"}}],"inLanguage":"it-IT"},{"@type":"Organization","@id":"https:\/\/www.ericadventures.com\/en\/#organization","name":"Eric Adventures","url":"https:\/\/www.ericadventures.com\/en\/","logo":{"@type":"ImageObject","inLanguage":"it-IT","@id":"https:\/\/www.ericadventures.com\/en\/#\/schema\/logo\/image\/","url":"https:\/\/www.ericadventures.com\/wp-content\/uploads\/logo-ericadventures.png","contentUrl":"https:\/\/www.ericadventures.com\/wp-content\/uploads\/logo-ericadventures.png","width":500,"height":106,"caption":"Eric Adventures"},"image":{"@id":"https:\/\/www.ericadventures.com\/en\/#\/schema\/logo\/image\/"}}]}},"coauthors":[],"author_meta":{"author_link":"https:\/\/www.ericadventures.com\/it\/author\/joaco\/","display_name":"Joaqu\u00edn Arenas Hermoza"},"relative_dates":{"created":"Pubblicato 2 anni fa","modified":"Aggiornato 2 mesi fa"},"absolute_dates":{"created":"Pubblicato il Giugno 2, 2024","modified":"Aggiornato il Febbraio 28, 2026"},"absolute_dates_time":{"created":"Pubblicato il Giugno 2, 2024 3:01 pm","modified":"Aggiornato il Febbraio 28, 2026 11:33 am"},"featured_img_caption":"","featured_img":"https:\/\/www.ericadventures.com\/wp-content\/uploads\/virgen-del-carmen-paucartambo-2days-09-1.jpg","series_order":"","_links":{"self":[{"href":"https:\/\/www.ericadventures.com\/it\/wp-json\/wp\/v2\/pages\/22961","targetHints":{"allow":["GET"]}}],"collection":[{"href":"https:\/\/www.ericadventures.com\/it\/wp-json\/wp\/v2\/pages"}],"about":[{"href":"https:\/\/www.ericadventures.com\/it\/wp-json\/wp\/v2\/types\/page"}],"author":[{"embeddable":true,"href":"https:\/\/www.ericadventures.com\/it\/wp-json\/wp\/v2\/users\/3"}],"replies":[{"embeddable":true,"href":"https:\/\/www.ericadventures.com\/it\/wp-json\/wp\/v2\/comments?post=22961"}],"version-history":[{"count":3,"href":"https:\/\/www.ericadventures.com\/it\/wp-json\/wp\/v2\/pages\/22961\/revisions"}],"predecessor-version":[{"id":45663,"href":"https:\/\/www.ericadventures.com\/it\/wp-json\/wp\/v2\/pages\/22961\/revisions\/45663"}],"up":[{"embeddable":true,"href":"https:\/\/www.ericadventures.com\/it\/wp-json\/wp\/v2\/pages\/22669"}],"wp:featuredmedia":[{"embeddable":true,"href":"https:\/\/www.ericadventures.com\/it\/wp-json\/wp\/v2\/media\/22955"}],"wp:attachment":[{"href":"https:\/\/www.ericadventures.com\/it\/wp-json\/wp\/v2\/media?parent=22961"}],"curies":[{"name":"wp","href":"https:\/\/api.w.org\/{rel}","templated":true}]}}