{"id":22962,"date":"2024-06-02T15:01:09","date_gmt":"2024-06-02T20:01:09","guid":{"rendered":"https:\/\/www.ericadventures.com\/ofertas-especiales\/programas-sazonais\/festividad-virgen-del-carmen-2dias\/"},"modified":"2026-02-28T11:39:31","modified_gmt":"2026-02-28T16:39:31","slug":"festa-da-virgem-de-carmen-paucartambo-2-dias","status":"publish","type":"page","link":"https:\/\/www.ericadventures.com\/pt-br\/ofertas-especiales\/programas-sazonais\/festa-da-virgem-de-carmen-paucartambo-2-dias\/","title":{"rendered":"Festa Da Virgem De Carmen \u2013 Paucartambo 2 Dias"},"content":{"rendered":"<div class=\"wp-block-image\">\n<figure class=\"alignleft size-full is-resized\"><img loading=\"lazy\" decoding=\"async\" width=\"569\" height=\"373\" src=\"https:\/\/www.ericadventures.com\/wp-content\/uploads\/virgen-del-carmen-paucartambo-2days-09-1.jpg\" alt=\"\" class=\"wp-image-22952\" style=\"aspect-ratio:1.7777777777777777;object-fit:cover;width:416px;height:auto\" srcset=\"https:\/\/www.ericadventures.com\/wp-content\/uploads\/virgen-del-carmen-paucartambo-2days-09-1.jpg 569w, https:\/\/www.ericadventures.com\/wp-content\/uploads\/virgen-del-carmen-paucartambo-2days-09-1-300x197.jpg 300w\" sizes=\"auto, (max-width: 569px) 100vw, 569px\" \/><\/figure>\n<\/div>\n\n\n<h3 class=\"wp-block-heading\" id=\"h-\"><\/h3>\n\n\n\n<p>Viva uma experi\u00eancia incr\u00edvel nas festividades em homenagem \u00e0 padroeira de Paucartambo: a Virgem de Carmen. Tamb\u00e9m tradicionalmente conhecida como Mamacha Carmen, a Virgem \u00e9 motivo de festa para milhares de paroquianos e visitantes de todo o pa\u00eds que manifestam a sua devo\u00e7\u00e3o \u00e0 Mamacha em troca da sua b\u00ean\u00e7\u00e3o e prote\u00e7\u00e3o. Atualmente a Virgen del Carmen \u00e9 Patrim\u00f4nio Cultural da Na\u00e7\u00e3o.<\/p>\n\n\n\n<h2 class=\"wp-block-heading\" id=\"h-itinerario\">ITINER\u00c1RIO<\/h2>\n\n\n\n<h3 class=\"wp-block-heading\" id=\"h-dia-01-15-de-julho\">DIA 01 \u2013 15 DE JULHO<\/h3>\n\n\n\n<p>Sa\u00edda de Cusco \u00e0s 13h com destino a Paucartambo localizado a aproximadamente 3 horas de Cusco, durante o passeio observaremos as famosas chullpas de Ninamarca e continuaremos passando pela ponte colonial Carlos III at\u00e9 chegar a Paucartambo, considerada a Prov\u00edncia Folcl\u00f3rica do Peru. em homenagem \u00e0 Virgem de Carmen. Desfrutaremos das homenagens \u00e0 Virgen del Carmen e tamb\u00e9m poderemos degustar os diversos pratos que os cariocas oferecem durante estas festividades (n\u00e3o inclu\u00eddos); \u00c0 meia-noite iniciaremos a viagem de 3 horas at\u00e9 &#8220;Los Tres Cruces&#8221; onde esperaremos pelo nascer do sol.<\/p>\n\n\n\n<p>*N\u00e3o h\u00e1 local estabelecido para pernoite, voc\u00ea descansar\u00e1 no transporte durante o passeio.<\/p>\n\n\n\n<h3 class=\"wp-block-heading\" id=\"h-dia-02-16-de-julho\">DIA 02 \u2013 16 DE JULHO<\/h3>\n\n\n\n<p>Retornaremos a Paucartambo para tomar caf\u00e9 da manh\u00e3 (n\u00e3o inclu\u00eddo) e teremos a manh\u00e3 livre para explorar a regi\u00e3o. Ao meio-dia iremos ao templo para participar da Missa Central e da bela prociss\u00e3o da Padroeira de Paucartambo: Virgen del Carmen, estaremos rodeados de diferentes dan\u00e7as e cantos tradicionais. Por volta das 15h embarcaremos em nosso transporte para retornar a Cusco, onde chegaremos aproximadamente \u00e0s 18h.<\/p>\n\n\n\n<figure class=\"wp-block-embed is-type-video is-provider-youtube wp-block-embed-youtube wp-embed-aspect-16-9 wp-has-aspect-ratio\"><div class=\"wp-block-embed__wrapper\">\n<iframe loading=\"lazy\" title=\"Virgen del Carmen \u2010 Cusco\" width=\"640\" height=\"360\" src=\"https:\/\/www.youtube.com\/embed\/CN0ZyDBKxm8?feature=oembed\" frameborder=\"0\" allow=\"accelerometer; autoplay; clipboard-write; encrypted-media; gyroscope; picture-in-picture; web-share\" referrerpolicy=\"strict-origin-when-cross-origin\" allowfullscreen><\/iframe>\n<\/div><\/figure>\n\n\n\n<h2 class=\"wp-block-heading\" id=\"h-inclui\">INCLUI<\/h2>\n\n\n\n<ul class=\"wp-block-list\">\n<li>Transfer\u00eancia em transporte tur\u00edstico de e para Cusco.<\/li>\n\n\n\n<li>Guia profissional espanhol\/ingl\u00eas<\/li>\n\n\n\n<li>1 caixa de almo\u00e7o<\/li>\n\n\n\n<li>Assist\u00eancia durante todo o passeio.<\/li>\n<\/ul>\n\n\n\n<h3 class=\"wp-block-heading\" id=\"h-nao-inclui\">N\u00c3O INCLUI<\/h3>\n\n\n\n<ul class=\"wp-block-list\">\n<li>Refei\u00e7\u00f5es, exceto as mencionadas (durante as festas poder\u00e1 comprar refei\u00e7\u00f5es aos locais e assim saborear pratos tradicionais)<\/li>\n\n\n\n<li>Caracter\u00edsticas adicionais<\/li>\n\n\n\n<li>Pontas<\/li>\n<\/ul>\n\n\n\n<h3 class=\"wp-block-heading\" id=\"h-recomendamos-trazer\">RECOMENDAMOS TRAZER<\/h3>\n\n\n\n<ul class=\"wp-block-list\">\n<li>Roupa de frio<\/li>\n\n\n\n<li>Jaquetas\/casacos para o frio<\/li>\n\n\n\n<li>Luvas<\/li>\n\n\n\n<li>Len\u00e7os<\/li>\n\n\n\n<li>C\u00e1psulas<\/li>\n\n\n\n<li>Sapatos esportivos<\/li>\n\n\n\n<li>Bloqueador solar<\/li>\n\n\n\n<li>Bin\u00f3culos<\/li>\n\n\n\n<li>Lanches<\/li>\n<\/ul>\n\n\n\n<h3 class=\"wp-block-heading\" id=\"h-notas\">NOTAS:<\/h3>\n\n\n\n<ul class=\"wp-block-list\">\n<li>Nos nossos servi\u00e7os partilhados, iremos buscar os nossos clientes ao seu hotel, desde que seja no centro da cidade.<\/li>\n\n\n\n<li>Em nossos servi\u00e7os compartilhados, ao final do passeio deixamos nossos clientes em um local pr\u00f3ximo \u00e0 Pra\u00e7a Principal, \u00e9 mais f\u00e1cil voltar ao hotel a p\u00e9 do que ir de \u00f4nibus, pois o tr\u00e2nsito \u00e9 p\u00e9ssimo. Se o seu hotel estiver longe do centro da cidade, leve dinheiro extra para pegar um t\u00e1xi.<\/li>\n\n\n\n<li>Os hor\u00e1rios de retirada e chegada s\u00e3o referenciais, isso depender\u00e1 do tr\u00e2nsito que possa haver nas ruas ou do atraso de outros clientes, nosso assistente chegar\u00e1 ao seu hotel na hora certa, mas \u00e0s vezes o transporte pode atrasar alguns minutos .<\/li>\n\n\n\n<li>Dicas para guias n\u00e3o est\u00e3o inclu\u00eddas ou s\u00e3o obrigat\u00f3rias<\/li>\n<\/ul>\n\n\n\n<h2 class=\"wp-block-heading\" id=\"h-precos-por-pessoa-em-dolares-americanos\">PRE\u00c7OS (POR PESSOA EM D\u00d3LARES AMERICANOS)<\/h2>\n\n\n\n<p><strong>SERVI\u00c7O PRIVADO<\/strong><\/p>\n\n\n\n<ul class=\"wp-block-list\">\n<li>2 pessoas: US$ 575<\/li>\n\n\n\n<li>4 ou mais pessoas: US$ 485<\/li>\n<\/ul>\n\n\n\n<p>*Pre\u00e7os indicativos, sujeitos \u00e0 disponibilidade e \u00e0 \u00e9poca do ano.<\/p>\n\n\n\n<h2 class=\"wp-block-heading\" id=\"h-mapa\">Mapa<\/h2>\n\n\n\n<figure class=\"wp-block-gallery has-nested-images columns-default wp-block-gallery-1 is-layout-flex wp-block-gallery-is-layout-flex\">\n<figure class=\"wp-block-image size-thumbnail\"><a href=\"https:\/\/www.ericadventures.com\/wp-content\/uploads\/virgen-del-carmen-paucartambo-2days-map.jpg\"><img loading=\"lazy\" decoding=\"async\" width=\"150\" height=\"150\" data-id=\"22902\" src=\"https:\/\/www.ericadventures.com\/wp-content\/uploads\/virgen-del-carmen-paucartambo-2days-map-150x150.jpg\" alt=\"\" class=\"wp-image-22902\"\/><\/a><\/figure>\n<\/figure>\n\n\n\n<h2 class=\"wp-block-heading\" id=\"h-fotos\">FOTOS<\/h2>\n\n\n\n<figure class=\"wp-block-gallery has-nested-images columns-8 is-cropped wp-block-gallery-2 is-layout-flex wp-block-gallery-is-layout-flex\">\n<figure class=\"wp-block-image size-large\"><a href=\"https:\/\/www.ericadventures.com\/wp-content\/uploads\/virgen-del-carmen-paucartambo-2days-12.jpg\"><img loading=\"lazy\" decoding=\"async\" width=\"709\" height=\"391\" data-id=\"22907\" src=\"https:\/\/www.ericadventures.com\/wp-content\/uploads\/virgen-del-carmen-paucartambo-2days-12.jpg\" alt=\"\" class=\"wp-image-22907\" srcset=\"https:\/\/www.ericadventures.com\/wp-content\/uploads\/virgen-del-carmen-paucartambo-2days-12.jpg 709w, https:\/\/www.ericadventures.com\/wp-content\/uploads\/virgen-del-carmen-paucartambo-2days-12-300x165.jpg 300w\" sizes=\"auto, (max-width: 709px) 100vw, 709px\" \/><\/a><\/figure>\n\n\n\n<figure class=\"wp-block-image size-large\"><a href=\"https:\/\/www.ericadventures.com\/wp-content\/uploads\/virgen-del-carmen-paucartambo-2days-11.jpg\"><img loading=\"lazy\" decoding=\"async\" width=\"375\" height=\"500\" data-id=\"22914\" src=\"https:\/\/www.ericadventures.com\/wp-content\/uploads\/virgen-del-carmen-paucartambo-2days-11.jpg\" alt=\"\" class=\"wp-image-22914\" srcset=\"https:\/\/www.ericadventures.com\/wp-content\/uploads\/virgen-del-carmen-paucartambo-2days-11.jpg 375w, https:\/\/www.ericadventures.com\/wp-content\/uploads\/virgen-del-carmen-paucartambo-2days-11-225x300.jpg 225w\" sizes=\"auto, (max-width: 375px) 100vw, 375px\" \/><\/a><\/figure>\n\n\n\n<figure class=\"wp-block-image size-large\"><a href=\"https:\/\/www.ericadventures.com\/wp-content\/uploads\/virgen-del-carmen-paucartambo-2days-10.jpg\"><img loading=\"lazy\" decoding=\"async\" width=\"565\" height=\"366\" data-id=\"22921\" src=\"https:\/\/www.ericadventures.com\/wp-content\/uploads\/virgen-del-carmen-paucartambo-2days-10.jpg\" alt=\"\" class=\"wp-image-22921\" srcset=\"https:\/\/www.ericadventures.com\/wp-content\/uploads\/virgen-del-carmen-paucartambo-2days-10.jpg 565w, https:\/\/www.ericadventures.com\/wp-content\/uploads\/virgen-del-carmen-paucartambo-2days-10-300x194.jpg 300w\" sizes=\"auto, (max-width: 565px) 100vw, 565px\" \/><\/a><\/figure>\n\n\n\n<figure class=\"wp-block-image size-large\"><a href=\"https:\/\/www.ericadventures.com\/wp-content\/uploads\/virgen-del-carmen-paucartambo-2days-09.jpg\"><img loading=\"lazy\" decoding=\"async\" width=\"569\" height=\"373\" data-id=\"22912\" src=\"https:\/\/www.ericadventures.com\/wp-content\/uploads\/virgen-del-carmen-paucartambo-2days-09.jpg\" alt=\"\" class=\"wp-image-22912\" srcset=\"https:\/\/www.ericadventures.com\/wp-content\/uploads\/virgen-del-carmen-paucartambo-2days-09.jpg 569w, https:\/\/www.ericadventures.com\/wp-content\/uploads\/virgen-del-carmen-paucartambo-2days-09-300x197.jpg 300w\" sizes=\"auto, (max-width: 569px) 100vw, 569px\" \/><\/a><\/figure>\n\n\n\n<figure class=\"wp-block-image size-large\"><a href=\"https:\/\/www.ericadventures.com\/wp-content\/uploads\/virgen-del-carmen-paucartambo-2days-08.jpg\"><img loading=\"lazy\" decoding=\"async\" width=\"547\" height=\"361\" data-id=\"22932\" src=\"https:\/\/www.ericadventures.com\/wp-content\/uploads\/virgen-del-carmen-paucartambo-2days-08.jpg\" alt=\"\" class=\"wp-image-22932\" srcset=\"https:\/\/www.ericadventures.com\/wp-content\/uploads\/virgen-del-carmen-paucartambo-2days-08.jpg 547w, https:\/\/www.ericadventures.com\/wp-content\/uploads\/virgen-del-carmen-paucartambo-2days-08-300x198.jpg 300w\" sizes=\"auto, (max-width: 547px) 100vw, 547px\" \/><\/a><\/figure>\n\n\n\n<figure class=\"wp-block-image size-large\"><a href=\"https:\/\/www.ericadventures.com\/wp-content\/uploads\/virgen-del-carmen-paucartambo-2days-07.jpg\"><img loading=\"lazy\" decoding=\"async\" width=\"546\" height=\"355\" data-id=\"22937\" src=\"https:\/\/www.ericadventures.com\/wp-content\/uploads\/virgen-del-carmen-paucartambo-2days-07.jpg\" alt=\"\" class=\"wp-image-22937\" srcset=\"https:\/\/www.ericadventures.com\/wp-content\/uploads\/virgen-del-carmen-paucartambo-2days-07.jpg 546w, https:\/\/www.ericadventures.com\/wp-content\/uploads\/virgen-del-carmen-paucartambo-2days-07-300x195.jpg 300w\" sizes=\"auto, (max-width: 546px) 100vw, 546px\" \/><\/a><\/figure>\n\n\n\n<figure class=\"wp-block-image size-large\"><a href=\"https:\/\/www.ericadventures.com\/wp-content\/uploads\/virgen-del-carmen-paucartambo-2days-06.jpg\"><img loading=\"lazy\" decoding=\"async\" width=\"536\" height=\"402\" data-id=\"22927\" src=\"https:\/\/www.ericadventures.com\/wp-content\/uploads\/virgen-del-carmen-paucartambo-2days-06.jpg\" alt=\"\" class=\"wp-image-22927\" srcset=\"https:\/\/www.ericadventures.com\/wp-content\/uploads\/virgen-del-carmen-paucartambo-2days-06.jpg 536w, https:\/\/www.ericadventures.com\/wp-content\/uploads\/virgen-del-carmen-paucartambo-2days-06-300x225.jpg 300w\" sizes=\"auto, (max-width: 536px) 100vw, 536px\" \/><\/a><\/figure>\n\n\n\n<figure class=\"wp-block-image size-large\"><a href=\"https:\/\/www.ericadventures.com\/wp-content\/uploads\/virgen-del-carmen-paucartambo-2days-05.jpg\"><img loading=\"lazy\" decoding=\"async\" width=\"800\" height=\"530\" data-id=\"22947\" src=\"https:\/\/www.ericadventures.com\/wp-content\/uploads\/virgen-del-carmen-paucartambo-2days-05.jpg\" alt=\"\" class=\"wp-image-22947\" srcset=\"https:\/\/www.ericadventures.com\/wp-content\/uploads\/virgen-del-carmen-paucartambo-2days-05.jpg 800w, https:\/\/www.ericadventures.com\/wp-content\/uploads\/virgen-del-carmen-paucartambo-2days-05-300x199.jpg 300w, https:\/\/www.ericadventures.com\/wp-content\/uploads\/virgen-del-carmen-paucartambo-2days-05-768x509.jpg 768w\" sizes=\"auto, (max-width: 800px) 100vw, 800px\" \/><\/a><\/figure>\n<\/figure>\n\n\n\n<h2 class=\"wp-block-heading\" id=\"h-formulario-de-contato\"><strong>formul\u00e1rio de contato<\/strong><\/h2>\n\n\n\n<div class=\"wp-block-contact-form-7-contact-form-selector\">\n<div class=\"wpcf7 no-js\" id=\"wpcf7-f6172-o1\" lang=\"es-ES\" dir=\"ltr\" data-wpcf7-id=\"6172\">\n<div class=\"screen-reader-response\"><p role=\"status\" aria-live=\"polite\" aria-atomic=\"true\"><\/p> <ul><\/ul><\/div>\n<form action=\"\/pt-br\/wp-json\/wp\/v2\/pages\/22962#wpcf7-f6172-o1\" method=\"post\" class=\"wpcf7-form init\" aria-label=\"Formulario de contacto\" novalidate=\"novalidate\" data-status=\"init\">\n<fieldset class=\"hidden-fields-container\"><input type=\"hidden\" name=\"_wpcf7\" value=\"6172\" \/><input type=\"hidden\" name=\"_wpcf7_version\" value=\"6.1.5\" \/><input type=\"hidden\" name=\"_wpcf7_locale\" value=\"es_ES\" \/><input type=\"hidden\" name=\"_wpcf7_unit_tag\" value=\"wpcf7-f6172-o1\" \/><input type=\"hidden\" name=\"_wpcf7_container_post\" value=\"0\" \/><input type=\"hidden\" name=\"_wpcf7_posted_data_hash\" value=\"\" \/>\n<\/fieldset>\n<div class=\"wpcf7-turnstile cf-turnstile\" data-sitekey=\"0x4AAAAAACZ2CLxkDaDac8NW\" data-response-field-name=\"_wpcf7_turnstile_response\"><\/div>\n\n<div class=\"formt\">\n    <span class=\"textform\"> Para reservas ou mais informa\u00e7\u00f5es preencha o seguinte formul\u00e1rio de cliente\/convidado:  <\/span>\n    <input class=\"wpcf7-form-control wpcf7-hidden\" value=\"https:\/\/www.ericadventures.com\/pt-br\/wp-json\/wp\/v2\/pages\/22962\" type=\"hidden\" name=\"Url_Tour\" \/>\n    <input class=\"wpcf7-form-control wpcf7-hidden\" value=\"pt-br\" type=\"hidden\" name=\"Idioma\" \/>\n    <input class=\"wpcf7-form-control wpcf7-hidden\" value=\"29\/04\/2026 12:48:22\" type=\"hidden\" name=\"Fecha_Hora\" \/>\n    <input class=\"wpcf7-form-control wpcf7-hidden\" value=\"216.73.216.6\" type=\"hidden\" name=\"Ip\" \/>\n    <input class=\"wpcf7-form-control wpcf7-hidden\" value=\"Festa Da Virgem De Carmen \u2013 Paucartambo 2 Dias\" type=\"hidden\" name=\"Nombre_Tour\" \/>\n    <input class=\"wpcf7-form-control wpcf7-hidden\" value=\"1\" type=\"hidden\" name=\"enviar_excel\" \/>\n\n    <div class=\"g2\">\n        <div>\n            <label>Nome: <\/label>\n            <span class=\"wpcf7-form-control-wrap\" data-name=\"Nombre\"><input size=\"40\" maxlength=\"400\" class=\"wpcf7-form-control wpcf7-text wpcf7-validates-as-required\" aria-required=\"true\" aria-invalid=\"false\" value=\"\" type=\"text\" name=\"Nombre\" \/><\/span>\n        <\/div>\n        <div>\n            <label>E-mail: <\/label>\n            <span class=\"wpcf7-form-control-wrap\" data-name=\"Emails\"><input size=\"40\" maxlength=\"400\" class=\"wpcf7-form-control wpcf7-email wpcf7-validates-as-required wpcf7-text wpcf7-validates-as-email\" aria-required=\"true\" aria-invalid=\"false\" value=\"\" type=\"email\" name=\"Emails\" \/><\/span>\n        <\/div>\n    <\/div>\n    \n    <div class=\"g2\">\n        <div>\n            <label>Pa\u00eds: <\/label>\n            <span class=\"wpcf7-form-control-wrap\" data-name=\"Pais\"><input size=\"40\" maxlength=\"400\" class=\"wpcf7-form-control wpcf7-text\" aria-invalid=\"false\" value=\"\" type=\"text\" name=\"Pais\" \/><\/span>\n        <\/div>\n        <div>\n            <label>Telefone - Whatsapp: <\/label>\n            <span class=\"wpcf7-form-control-wrap\" data-name=\"Whatsapp\"><input size=\"40\" class=\"wpcf7-form-control wpcf7-phonetext wpcf7-text wpcf7-validates-as-phonetext\" aria-invalid=\"false\" value=\"\" type=\"text\" name=\"Whatsapp\" \/><input type=\"hidden\" name=\"Whatsapp-country-code\" class=\"wpcf7-phonetext-country-code\" \/><\/span>\n        <\/div>\n    <\/div>\n    \n    <div class=\"g2\">\n        <div>\n            <label>N\u00famero de adultos: <\/label>\n            <span class=\"wpcf7-form-control-wrap\" data-name=\"Adultos\"><select class=\"wpcf7-form-control wpcf7-select wpcf7-validates-as-required\" aria-required=\"true\" aria-invalid=\"false\" name=\"Adultos\"><option value=\"1\">1<\/option><option value=\"2\">2<\/option><option value=\"3\">3<\/option><option value=\"4\">4<\/option><option value=\"5\">5<\/option><option value=\"6\">6<\/option><option value=\"7\">7<\/option><option value=\"8\">8<\/option><option value=\"9\">9<\/option><option value=\"10\">10<\/option><option value=\"11\">11<\/option><option value=\"12 para mais\">12 para mais<\/option><\/select><\/span>\n        <\/div>\n        <div>\n            <label>N\u00famero de crian\u00e7as: <\/label>\n            <span class=\"wpcf7-form-control-wrap\" data-name=\"Ninos\"><select class=\"wpcf7-form-control wpcf7-select wpcf7-validates-as-required\" aria-required=\"true\" aria-invalid=\"false\" name=\"Ninos\"><option value=\"0\">0<\/option><option value=\"1\">1<\/option><option value=\"2\">2<\/option><option value=\"3\">3<\/option><option value=\"4\">4<\/option><option value=\"5\">5<\/option><option value=\"6\">6<\/option><option value=\"7\">7<\/option><option value=\"8\">8<\/option><option value=\"9\">9<\/option><option value=\"10\">10<\/option><option value=\"11\">11<\/option><option value=\"12 para mais\">12 para mais<\/option><\/select><\/span>\n        <\/div>\n    <\/div>\n    \n    <div class=\"g2\">\n        <div>\n            <label>Data de in\u00edcio do passeio: <\/label>\n            <span class=\"wpcf7-form-control-wrap\" data-name=\"Inicio\"><input class=\"wpcf7-form-control wpcf7-date wpcf7-validates-as-required wpcf7-validates-as-date\" id=\"inicio\" min=\"2026-04-29\" aria-required=\"true\" aria-invalid=\"false\" value=\"\" type=\"date\" name=\"Inicio\" \/><\/span>\n        <\/div>\n        <div>\n            <label>Data de t\u00e9rmino da excurs\u00e3o: <\/label>\n            <span class=\"wpcf7-form-control-wrap\" data-name=\"Final\"><input class=\"wpcf7-form-control wpcf7-date wpcf7-validates-as-required wpcf7-validates-as-date\" id=\"final\" min=\"2026-04-29\" aria-required=\"true\" aria-invalid=\"false\" value=\"\" type=\"date\" name=\"Final\" \/><\/span>\n        <\/div>\n    <\/div>\n    \n    <div>\n        <label>Coment\u00e1rios ou perguntas: <\/label>\n        <span class=\"wpcf7-form-control-wrap\" data-name=\"Mensaje\"><textarea cols=\"40\" rows=\"10\" maxlength=\"2000\" class=\"wpcf7-form-control wpcf7-textarea wpcf7-validates-as-required\" aria-required=\"true\" aria-invalid=\"false\" placeholder=\"Por favor especifique o tipo de SERVI\u00c7O\/TOUR que pretende realizar\" name=\"Mensaje\"><\/textarea><\/span>\n    <\/div>\n    \n    <input class=\"wpcf7-form-control wpcf7-submit has-spinner btnsend\" type=\"submit\" value=\"ENVIAR MENSAGEM\" \/>\n<\/div><div class=\"wpcf7-response-output\" aria-hidden=\"true\"><\/div>\n<\/form>\n<\/div>\n<\/div>\n","protected":false},"excerpt":{"rendered":"<p>Viva uma experi\u00eancia incr\u00edvel nas festividades em homenagem \u00e0 padroeira de Paucartambo: a Virgem de Carmen. Tamb\u00e9m tradicionalmente conhecida como [&hellip;]<\/p>\n","protected":false},"author":3,"featured_media":22956,"parent":22670,"menu_order":0,"comment_status":"closed","ping_status":"closed","template":"page-tour.php","meta":{"_acf_changed":false,"advgb_blocks_editor_width":"","advgb_blocks_columns_visual_guide":"","footnotes":""},"class_list":["post-22962","page","type-page","status-publish","has-post-thumbnail","hentry"],"acf":[],"yoast_head":"<!-- This site is optimized with the Yoast SEO Premium plugin v25.4 (Yoast SEO v26.9) - https:\/\/yoast.com\/product\/yoast-seo-premium-wordpress\/ -->\n<title>Festival da Virgem do Carmo, Paucartambo, 2 dias, Cusco, Peru<\/title>\n<meta name=\"description\" content=\"Viva uma experi\u00eancia inesquec\u00edvel nas festividades em honra \u00e0 Virgem do Carmo. Festival de 2 dias em Paucartambo, Cusco, Peru.\" \/>\n<meta name=\"robots\" content=\"index, follow, max-snippet:-1, max-image-preview:large, max-video-preview:-1\" \/>\n<link rel=\"canonical\" href=\"https:\/\/www.ericadventures.com\/pt-br\/ofertas-especiales\/programas-sazonais\/festa-da-virgem-de-carmen-paucartambo-2-dias\/\" \/>\n<meta property=\"og:locale\" content=\"pt_BR\" \/>\n<meta property=\"og:type\" content=\"article\" \/>\n<meta property=\"og:title\" content=\"Festa Da Virgem De Carmen \u2013 Paucartambo 2 Dias\" \/>\n<meta property=\"og:description\" content=\"Viva uma experi\u00eancia inesquec\u00edvel nas festividades em honra \u00e0 Virgem do Carmo. Festival de 2 dias em Paucartambo, Cusco, Peru.\" \/>\n<meta property=\"og:url\" content=\"https:\/\/www.ericadventures.com\/pt-br\/ofertas-especiales\/programas-sazonais\/festa-da-virgem-de-carmen-paucartambo-2-dias\/\" \/>\n<meta property=\"og:site_name\" content=\"Eric Adventures\" \/>\n<meta property=\"article:modified_time\" content=\"2026-02-28T16:39:31+00:00\" \/>\n<meta property=\"og:image\" content=\"https:\/\/www.ericadventures.com\/wp-content\/uploads\/virgen-del-carmen-paucartambo-2days-09-1.jpg\" \/>\n\t<meta property=\"og:image:width\" content=\"569\" \/>\n\t<meta property=\"og:image:height\" content=\"373\" \/>\n\t<meta property=\"og:image:type\" content=\"image\/jpeg\" \/>\n<meta name=\"twitter:card\" content=\"summary_large_image\" \/>\n<meta name=\"twitter:label1\" content=\"Est. tempo de leitura\" \/>\n\t<meta name=\"twitter:data1\" content=\"5 minutos\" \/>\n<script type=\"application\/ld+json\" class=\"yoast-schema-graph\">{\"@context\":\"https:\/\/schema.org\",\"@graph\":[{\"@type\":\"WebPage\",\"@id\":\"https:\/\/www.ericadventures.com\/pt-br\/ofertas-especiales\/programas-sazonais\/festa-da-virgem-de-carmen-paucartambo-2-dias\/\",\"url\":\"https:\/\/www.ericadventures.com\/pt-br\/ofertas-especiales\/programas-sazonais\/festa-da-virgem-de-carmen-paucartambo-2-dias\/\",\"name\":\"Festival da Virgem do Carmo, Paucartambo, 2 dias, Cusco, Peru\",\"isPartOf\":{\"@id\":\"https:\/\/www.ericadventures.com\/en\/#website\"},\"primaryImageOfPage\":{\"@id\":\"https:\/\/www.ericadventures.com\/pt-br\/ofertas-especiales\/programas-sazonais\/festa-da-virgem-de-carmen-paucartambo-2-dias\/#primaryimage\"},\"image\":{\"@id\":\"https:\/\/www.ericadventures.com\/pt-br\/ofertas-especiales\/programas-sazonais\/festa-da-virgem-de-carmen-paucartambo-2-dias\/#primaryimage\"},\"thumbnailUrl\":\"https:\/\/www.ericadventures.com\/wp-content\/uploads\/virgen-del-carmen-paucartambo-2days-09-1.jpg\",\"datePublished\":\"2024-06-02T20:01:09+00:00\",\"dateModified\":\"2026-02-28T16:39:31+00:00\",\"description\":\"Viva uma experi\u00eancia inesquec\u00edvel nas festividades em honra \u00e0 Virgem do Carmo. Festival de 2 dias em Paucartambo, Cusco, Peru.\",\"breadcrumb\":{\"@id\":\"https:\/\/www.ericadventures.com\/pt-br\/ofertas-especiales\/programas-sazonais\/festa-da-virgem-de-carmen-paucartambo-2-dias\/#breadcrumb\"},\"inLanguage\":\"pt-BR\",\"potentialAction\":[{\"@type\":\"ReadAction\",\"target\":[\"https:\/\/www.ericadventures.com\/pt-br\/ofertas-especiales\/programas-sazonais\/festa-da-virgem-de-carmen-paucartambo-2-dias\/\"]}]},{\"@type\":\"ImageObject\",\"inLanguage\":\"pt-BR\",\"@id\":\"https:\/\/www.ericadventures.com\/pt-br\/ofertas-especiales\/programas-sazonais\/festa-da-virgem-de-carmen-paucartambo-2-dias\/#primaryimage\",\"url\":\"https:\/\/www.ericadventures.com\/wp-content\/uploads\/virgen-del-carmen-paucartambo-2days-09-1.jpg\",\"contentUrl\":\"https:\/\/www.ericadventures.com\/wp-content\/uploads\/virgen-del-carmen-paucartambo-2days-09-1.jpg\",\"width\":569,\"height\":373,\"caption\":\"Festividad De La Virgen Del Carmen\"},{\"@type\":\"BreadcrumbList\",\"@id\":\"https:\/\/www.ericadventures.com\/pt-br\/ofertas-especiales\/programas-sazonais\/festa-da-virgem-de-carmen-paucartambo-2-dias\/#breadcrumb\",\"itemListElement\":[{\"@type\":\"ListItem\",\"position\":1,\"name\":\"Home\",\"item\":\"https:\/\/www.ericadventures.com\/pt-br\/\"},{\"@type\":\"ListItem\",\"position\":2,\"name\":\"Nossas Ofertas Speciales\",\"item\":\"https:\/\/www.ericadventures.com\/pt-br\/ofertas-especiales\/\"},{\"@type\":\"ListItem\",\"position\":3,\"name\":\"Programas Sazonais\",\"item\":\"https:\/\/www.ericadventures.com\/pt-br\/ofertas-especiales\/programas-sazonais\/\"},{\"@type\":\"ListItem\",\"position\":4,\"name\":\"Festa Da Virgem De Carmen \u2013 Paucartambo 2 Dias\"}]},{\"@type\":\"WebSite\",\"@id\":\"https:\/\/www.ericadventures.com\/en\/#website\",\"url\":\"https:\/\/www.ericadventures.com\/en\/\",\"name\":\"Eric Adventures\",\"description\":\"\",\"publisher\":{\"@id\":\"https:\/\/www.ericadventures.com\/en\/#organization\"},\"alternateName\":\"Eric Adventures\",\"potentialAction\":[{\"@type\":\"SearchAction\",\"target\":{\"@type\":\"EntryPoint\",\"urlTemplate\":\"https:\/\/www.ericadventures.com\/en\/?s={search_term_string}\"},\"query-input\":{\"@type\":\"PropertyValueSpecification\",\"valueRequired\":true,\"valueName\":\"search_term_string\"}}],\"inLanguage\":\"pt-BR\"},{\"@type\":\"Organization\",\"@id\":\"https:\/\/www.ericadventures.com\/en\/#organization\",\"name\":\"Eric Adventures\",\"url\":\"https:\/\/www.ericadventures.com\/en\/\",\"logo\":{\"@type\":\"ImageObject\",\"inLanguage\":\"pt-BR\",\"@id\":\"https:\/\/www.ericadventures.com\/en\/#\/schema\/logo\/image\/\",\"url\":\"https:\/\/www.ericadventures.com\/wp-content\/uploads\/logo-ericadventures.png\",\"contentUrl\":\"https:\/\/www.ericadventures.com\/wp-content\/uploads\/logo-ericadventures.png\",\"width\":500,\"height\":106,\"caption\":\"Eric Adventures\"},\"image\":{\"@id\":\"https:\/\/www.ericadventures.com\/en\/#\/schema\/logo\/image\/\"}}]}<\/script>\n<!-- \/ Yoast SEO Premium plugin. -->","yoast_head_json":{"title":"Festival da Virgem do Carmo, Paucartambo, 2 dias, Cusco, Peru","description":"Viva uma experi\u00eancia inesquec\u00edvel nas festividades em honra \u00e0 Virgem do Carmo. Festival de 2 dias em Paucartambo, Cusco, Peru.","robots":{"index":"index","follow":"follow","max-snippet":"max-snippet:-1","max-image-preview":"max-image-preview:large","max-video-preview":"max-video-preview:-1"},"canonical":"https:\/\/www.ericadventures.com\/pt-br\/ofertas-especiales\/programas-sazonais\/festa-da-virgem-de-carmen-paucartambo-2-dias\/","og_locale":"pt_BR","og_type":"article","og_title":"Festa Da Virgem De Carmen \u2013 Paucartambo 2 Dias","og_description":"Viva uma experi\u00eancia inesquec\u00edvel nas festividades em honra \u00e0 Virgem do Carmo. Festival de 2 dias em Paucartambo, Cusco, Peru.","og_url":"https:\/\/www.ericadventures.com\/pt-br\/ofertas-especiales\/programas-sazonais\/festa-da-virgem-de-carmen-paucartambo-2-dias\/","og_site_name":"Eric Adventures","article_modified_time":"2026-02-28T16:39:31+00:00","og_image":[{"width":569,"height":373,"url":"https:\/\/www.ericadventures.com\/wp-content\/uploads\/virgen-del-carmen-paucartambo-2days-09-1.jpg","type":"image\/jpeg"}],"twitter_card":"summary_large_image","twitter_misc":{"Est. tempo de leitura":"5 minutos"},"schema":{"@context":"https:\/\/schema.org","@graph":[{"@type":"WebPage","@id":"https:\/\/www.ericadventures.com\/pt-br\/ofertas-especiales\/programas-sazonais\/festa-da-virgem-de-carmen-paucartambo-2-dias\/","url":"https:\/\/www.ericadventures.com\/pt-br\/ofertas-especiales\/programas-sazonais\/festa-da-virgem-de-carmen-paucartambo-2-dias\/","name":"Festival da Virgem do Carmo, Paucartambo, 2 dias, Cusco, Peru","isPartOf":{"@id":"https:\/\/www.ericadventures.com\/en\/#website"},"primaryImageOfPage":{"@id":"https:\/\/www.ericadventures.com\/pt-br\/ofertas-especiales\/programas-sazonais\/festa-da-virgem-de-carmen-paucartambo-2-dias\/#primaryimage"},"image":{"@id":"https:\/\/www.ericadventures.com\/pt-br\/ofertas-especiales\/programas-sazonais\/festa-da-virgem-de-carmen-paucartambo-2-dias\/#primaryimage"},"thumbnailUrl":"https:\/\/www.ericadventures.com\/wp-content\/uploads\/virgen-del-carmen-paucartambo-2days-09-1.jpg","datePublished":"2024-06-02T20:01:09+00:00","dateModified":"2026-02-28T16:39:31+00:00","description":"Viva uma experi\u00eancia inesquec\u00edvel nas festividades em honra \u00e0 Virgem do Carmo. Festival de 2 dias em Paucartambo, Cusco, Peru.","breadcrumb":{"@id":"https:\/\/www.ericadventures.com\/pt-br\/ofertas-especiales\/programas-sazonais\/festa-da-virgem-de-carmen-paucartambo-2-dias\/#breadcrumb"},"inLanguage":"pt-BR","potentialAction":[{"@type":"ReadAction","target":["https:\/\/www.ericadventures.com\/pt-br\/ofertas-especiales\/programas-sazonais\/festa-da-virgem-de-carmen-paucartambo-2-dias\/"]}]},{"@type":"ImageObject","inLanguage":"pt-BR","@id":"https:\/\/www.ericadventures.com\/pt-br\/ofertas-especiales\/programas-sazonais\/festa-da-virgem-de-carmen-paucartambo-2-dias\/#primaryimage","url":"https:\/\/www.ericadventures.com\/wp-content\/uploads\/virgen-del-carmen-paucartambo-2days-09-1.jpg","contentUrl":"https:\/\/www.ericadventures.com\/wp-content\/uploads\/virgen-del-carmen-paucartambo-2days-09-1.jpg","width":569,"height":373,"caption":"Festividad De La Virgen Del Carmen"},{"@type":"BreadcrumbList","@id":"https:\/\/www.ericadventures.com\/pt-br\/ofertas-especiales\/programas-sazonais\/festa-da-virgem-de-carmen-paucartambo-2-dias\/#breadcrumb","itemListElement":[{"@type":"ListItem","position":1,"name":"Home","item":"https:\/\/www.ericadventures.com\/pt-br\/"},{"@type":"ListItem","position":2,"name":"Nossas Ofertas Speciales","item":"https:\/\/www.ericadventures.com\/pt-br\/ofertas-especiales\/"},{"@type":"ListItem","position":3,"name":"Programas Sazonais","item":"https:\/\/www.ericadventures.com\/pt-br\/ofertas-especiales\/programas-sazonais\/"},{"@type":"ListItem","position":4,"name":"Festa Da Virgem De Carmen \u2013 Paucartambo 2 Dias"}]},{"@type":"WebSite","@id":"https:\/\/www.ericadventures.com\/en\/#website","url":"https:\/\/www.ericadventures.com\/en\/","name":"Eric Adventures","description":"","publisher":{"@id":"https:\/\/www.ericadventures.com\/en\/#organization"},"alternateName":"Eric Adventures","potentialAction":[{"@type":"SearchAction","target":{"@type":"EntryPoint","urlTemplate":"https:\/\/www.ericadventures.com\/en\/?s={search_term_string}"},"query-input":{"@type":"PropertyValueSpecification","valueRequired":true,"valueName":"search_term_string"}}],"inLanguage":"pt-BR"},{"@type":"Organization","@id":"https:\/\/www.ericadventures.com\/en\/#organization","name":"Eric Adventures","url":"https:\/\/www.ericadventures.com\/en\/","logo":{"@type":"ImageObject","inLanguage":"pt-BR","@id":"https:\/\/www.ericadventures.com\/en\/#\/schema\/logo\/image\/","url":"https:\/\/www.ericadventures.com\/wp-content\/uploads\/logo-ericadventures.png","contentUrl":"https:\/\/www.ericadventures.com\/wp-content\/uploads\/logo-ericadventures.png","width":500,"height":106,"caption":"Eric Adventures"},"image":{"@id":"https:\/\/www.ericadventures.com\/en\/#\/schema\/logo\/image\/"}}]}},"coauthors":[],"author_meta":{"author_link":"https:\/\/www.ericadventures.com\/pt-br\/author\/joaco\/","display_name":"Joaqu\u00edn Arenas Hermoza"},"relative_dates":{"created":"Publicado 2 anos atr\u00e1s","modified":"Atualizado 2 meses atr\u00e1s"},"absolute_dates":{"created":"Publicado em junho 2, 2024","modified":"Atualizado em fevereiro 28, 2026"},"absolute_dates_time":{"created":"Publicado em junho 2, 2024 3:01 pm","modified":"Atualizado em fevereiro 28, 2026 11:39 am"},"featured_img_caption":"","featured_img":"https:\/\/www.ericadventures.com\/wp-content\/uploads\/virgen-del-carmen-paucartambo-2days-09-1.jpg","series_order":"","_links":{"self":[{"href":"https:\/\/www.ericadventures.com\/pt-br\/wp-json\/wp\/v2\/pages\/22962","targetHints":{"allow":["GET"]}}],"collection":[{"href":"https:\/\/www.ericadventures.com\/pt-br\/wp-json\/wp\/v2\/pages"}],"about":[{"href":"https:\/\/www.ericadventures.com\/pt-br\/wp-json\/wp\/v2\/types\/page"}],"author":[{"embeddable":true,"href":"https:\/\/www.ericadventures.com\/pt-br\/wp-json\/wp\/v2\/users\/3"}],"replies":[{"embeddable":true,"href":"https:\/\/www.ericadventures.com\/pt-br\/wp-json\/wp\/v2\/comments?post=22962"}],"version-history":[{"count":3,"href":"https:\/\/www.ericadventures.com\/pt-br\/wp-json\/wp\/v2\/pages\/22962\/revisions"}],"predecessor-version":[{"id":45665,"href":"https:\/\/www.ericadventures.com\/pt-br\/wp-json\/wp\/v2\/pages\/22962\/revisions\/45665"}],"up":[{"embeddable":true,"href":"https:\/\/www.ericadventures.com\/pt-br\/wp-json\/wp\/v2\/pages\/22670"}],"wp:featuredmedia":[{"embeddable":true,"href":"https:\/\/www.ericadventures.com\/pt-br\/wp-json\/wp\/v2\/media\/22956"}],"wp:attachment":[{"href":"https:\/\/www.ericadventures.com\/pt-br\/wp-json\/wp\/v2\/media?parent=22962"}],"curies":[{"name":"wp","href":"https:\/\/api.w.org\/{rel}","templated":true}]}}