{"id":3073,"date":"2023-11-13T21:58:21","date_gmt":"2023-11-14T02:58:21","guid":{"rendered":"https:\/\/www.ericadventures.com\/cusco\/trekking\/lares-inca-trail-5days\/"},"modified":"2026-04-16T13:23:20","modified_gmt":"2026-04-16T18:23:20","slug":"4d-lares-trilha-inca-via-patacancha","status":"publish","type":"page","link":"https:\/\/www.ericadventures.com\/pt-br\/cusco\/trekking\/4d-lares-trilha-inca-via-patacancha\/","title":{"rendered":"4D Lares &#8211; Trilha Inca via Patacancha"},"content":{"rendered":"<div class=\"wp-block-image\">\n<figure class=\"alignleft size-full is-resized\"><img loading=\"lazy\" decoding=\"async\" width=\"2048\" height=\"1371\" src=\"https:\/\/www.ericadventures.com\/wp-content\/uploads\/lares-inca-trail-5days-03.jpg\" alt=\"Descri\u00e7\u00e3o SEO da trilha Lares e da Trilha Inca - 4 dias\" class=\"wp-image-3020\" style=\"aspect-ratio:1.7777777777777777;object-fit:cover;width:416px;height:auto\" srcset=\"https:\/\/www.ericadventures.com\/wp-content\/uploads\/lares-inca-trail-5days-03.jpg 2048w, https:\/\/www.ericadventures.com\/wp-content\/uploads\/lares-inca-trail-5days-03-300x201.jpg 300w, https:\/\/www.ericadventures.com\/wp-content\/uploads\/lares-inca-trail-5days-03-1024x686.jpg 1024w, https:\/\/www.ericadventures.com\/wp-content\/uploads\/lares-inca-trail-5days-03-768x514.jpg 768w, https:\/\/www.ericadventures.com\/wp-content\/uploads\/lares-inca-trail-5days-03-1536x1028.jpg 1536w\" sizes=\"auto, (max-width: 2048px) 100vw, 2048px\" \/><\/figure>\n<\/div>\n\n\n<p class=\"wp-block-paragraph\">Explorar o Vale de Lares oferece uma conex\u00e3o genu\u00edna com a vida andina, j\u00e1 que a rota atravessa vilarejos onde os moradores mant\u00eam estilos de vida ancestrais e pr\u00e1ticas agr\u00edcolas tradicionais. Os habitantes locais permanecem dedicados aos costumes antigos e continuam a se vestir com suas roupas tradicionais e distintas.<\/p>\n\n\n\n<p class=\"wp-block-paragraph\">As cores vibrantes da regi\u00e3o, combinadas com uma diversidade de vida selvagem e plantas, criam uma jornada que parece uma viagem no tempo. Esta caminhada por paisagens m\u00e1gicas e cativantes oferece uma experi\u00eancia cultural inesquec\u00edvel que leva voc\u00ea diretamente a Machu Picchu.<\/p>\n\n\n\n<p class=\"wp-block-paragraph\">A pr\u00f3pria Machu Picchu parece guardar sabedoria ancestral e mist\u00e9rios ocultos para aqueles que a visitam, surgindo quase como se a cidade inca perdida estivesse flutuando, escondida entre os picos elevados e a n\u00e9voa.<\/p>\n\n\n\n<h2 class=\"wp-block-heading\" id=\"h-itinerario\">Itiner\u00e1rio<\/h2>\n\n\n\n<h3 class=\"wp-block-heading\" id=\"h-dia-1-cusco-cuncani-huaca-wasi\">DIA 1: Cusco \u2013 Cuncani \u2013 Huaca Wasi<\/h3>\n\n\n\n<p class=\"wp-block-paragraph\">Nossa jornada come\u00e7a com uma partida matinal de Cusco. Durante a viagem de \u00f4nibus, passaremos por diversas ru\u00ednas arqueol\u00f3gicas e mercados de artesanato tradicional ao longo do Vale Sagrado dos Incas.<\/p>\n\n\n\n<p class=\"wp-block-paragraph\">Esta regi\u00e3o \u00e9 reconhecida como uma das \u00e1reas agr\u00edcolas mais produtivas da Am\u00e9rica do Sul, especialmente famosa pelo milho, que serve como s\u00edmbolo sagrado na espiritualidade andina dos Incas. Chegaremos \u00e0 prov\u00edncia de Calca (historicamente conhecida como Celeiro) a uma altitude de 2.940 m, onde sairemos da estrada principal para subir em dire\u00e7\u00e3o ao Passo Huaca Wasi, a 4.400 m.<\/p>\n\n\n\n<p class=\"wp-block-paragraph\">Ap\u00f3s a subida, desceremos at\u00e9 a vila de Lares, a 3.250 m, e continuaremos at\u00e9 Cuncani. Este \u00e9 o ponto de partida da nossa caminhada em dire\u00e7\u00e3o ao Lago Negro e Paccha Pata, onde faremos uma pausa para o almo\u00e7o antes de seguirmos para a comunidade de Huaca Wasi.<\/p>\n\n\n\n<p class=\"wp-block-paragraph\">Nosso acampamento para a noite ser\u00e1 em Huaca Wasi, a uma altitude de 3.600 metros (11.811 p\u00e9s).<\/p>\n\n\n\n<p class=\"wp-block-paragraph\"><strong>Clima<\/strong>: Frio<\/p>\n\n\n\n<p class=\"wp-block-paragraph\"><strong>Dura\u00e7\u00e3o da viagem de \u00f4nibus<\/strong>: 4 horas<\/p>\n\n\n\n<p class=\"wp-block-paragraph\"><strong>Dura\u00e7\u00e3o da caminhada<\/strong>: 5 horas<\/p>\n\n\n\n<h3 class=\"wp-block-heading\" id=\"h-dia-2-huaca-wasi-ipsay-pass-patacancha\">DIA 2: Huaca Wasi \u2013 Ipsay pass \u2013 Patacancha<\/h3>\n\n\n\n<p class=\"wp-block-paragraph\">Este segundo dia representa o segmento mais desafiador da trilha devido \u00e0s significativas mudan\u00e7as ecol\u00f3gicas que vivenciaremos, principalmente na subida ao Passo de Ipsay, a 4.400 m (14.436 p\u00e9s), uma escalada com dura\u00e7\u00e3o aproximada de 4 horas. Ao longo do percurso, passaremos por comunidades locais, tendo a oportunidade de observar os agricultores andinos trabalhando suas terras e vivendo em moradias r\u00fasticas tradicionais.<\/p>\n\n\n\n<p class=\"wp-block-paragraph\">Esses habitantes possuem vasta experi\u00eancia em agricultura org\u00e2nica e t\u00e9cnicas ancestrais de tecelagem, criando tecidos vibrantes adornados com s\u00edmbolos espirituais e divindades andinas. Ap\u00f3s cruzarmos o passo, desceremos at\u00e9 o povoado de Patacancha, a 3.650 m (11.975 p\u00e9s), onde passaremos a noite em nosso acampamento ou em uma casa de fam\u00edlia local.<\/p>\n\n\n\n<p class=\"wp-block-paragraph\"><strong>Clima<\/strong>: Frio<\/p>\n\n\n\n<p class=\"wp-block-paragraph\"><strong>Tempo de caminhada<\/strong>: 6 horas<\/p>\n\n\n\n<h3 class=\"wp-block-heading\" id=\"h-dia-3-patacancha-willoc-pumamarca-ollanta-machupiccchu\">DIA 3: Patacancha \u2013 Willoc -Pumamarca &#8211; Ollanta &#8211; Machupiccchu<\/h3>\n\n\n\n<p class=\"wp-block-paragraph\">Este ser\u00e1 um dia repleto de paisagens deslumbrantes, com visitas a duas comunidades tradicionais: Patacancha e Willoq. De l\u00e1, seguiremos em dire\u00e7\u00e3o a Puma Marca e desceremos por antigos terra\u00e7os andinos ainda em uso, que oferecem uma vista panor\u00e2mica do Vale de Willoq. Chegaremos a Ollantaytambo, onde poderemos relaxar antes de pegar o trem para Machu Picchu.<\/p>\n\n\n\n<p class=\"wp-block-paragraph\">A viagem de trem acontece \u00e0 tarde e nos leva a Aguas Calientes (cidade de Machu Picchu). L\u00e1, jantaremos e descansaremos para nos prepararmos para a visita \u00e0 cidadela de Machu Picchu na manh\u00e3 seguinte.<\/p>\n\n\n\n<p class=\"wp-block-paragraph\"><strong>Clima<\/strong>: Frio<\/p>\n\n\n\n<p class=\"wp-block-paragraph\"><strong>Dura\u00e7\u00e3o da caminhada<\/strong>: 6 horas<\/p>\n\n\n\n<h3 class=\"wp-block-heading\" id=\"h-dia-4-aguas-calientes-machu-picchu-cusco\">DIA 4: Aguas Calientes \u2013 Machu Picchu \u2013 Cusco<\/h3>\n\n\n\n<p class=\"wp-block-paragraph\">\u00c9 altamente recomend\u00e1vel visitar a cidade perdida dos Incas nas primeiras horas da manh\u00e3. Viajaremos de \u00f4nibus at\u00e9 Machu Picchu (2.400 m), onde um guia profissional compartilhar\u00e1 informa\u00e7\u00f5es sobre as estruturas pol\u00edticas e as t\u00e9cnicas ancestrais de agricultura, astronomia e religi\u00e3o deixadas por nossos antepassados \u200b\u200bnesta magn\u00edfica cidade inca.<\/p>\n\n\n\n<p class=\"wp-block-paragraph\">Ap\u00f3s a visita guiada, os participantes ter\u00e3o bastante tempo para explorar Machu Picchu por conta pr\u00f3pria antes de retornar \u00e0 cidade de Aguas Calientes para pegar o trem de volta a Cusco. O clima em Machu Picchu \u00e9 geralmente quente e com presen\u00e7a de mosquitos.<\/p>\n\n\n\n<p class=\"wp-block-paragraph\"><strong>Clima<\/strong>: Quente com mosquitos<\/p>\n\n\n\n<p class=\"wp-block-paragraph\"><strong>Dura\u00e7\u00e3o da caminhada<\/strong>: 3 horas<\/p>\n\n\n\n<h3 class=\"wp-block-heading\" id=\"h-incluido\">incluido<\/h3>\n\n\n\n<ul class=\"wp-block-list\">\n<li>Reuni\u00e3o inicial \u00e0s 19h em nosso escrit\u00f3rio, agendada 1 ou 2 dias antes da sua partida (o hor\u00e1rio ser\u00e1 definido durante o processo de reserva).<\/li>\n\n\n\n<li>Transporte privativo do seu hotel at\u00e9 o Vale de Lares.<\/li>\n\n\n\n<li>Trem tur\u00edstico de Ollantaytambo para Aguas Calientes.<\/li>\n\n\n\n<li>Transporte de \u00f4nibus de Aguas Calientes at\u00e9 a cidadela de Machu Picchu.<\/li>\n\n\n\n<li>Trem tur\u00edstico de Aguas Calientes de volta para Ollantaytambo, seguido de transporte tur\u00edstico compartilhado da esta\u00e7\u00e3o at\u00e9 o centro de Cusco (Plaza Regocijo, perto da Plaza de Armas ou o Hotel Marriott\/Calle Ruinas na entrada de San Blas).<\/li>\n\n\n\n<li>Ingressos para as termas do Vale de Lares.<\/li>\n\n\n\n<li>Ingressos para o santu\u00e1rio de Machu Picchu.<\/li>\n\n\n\n<li>Hospedagem em albergue em Aguas Calientes com quartos privativos, banheiros e caf\u00e9 da manh\u00e3 incluso.<\/li>\n\n\n\n<li>Guia profissional fluente em espanhol e ingl\u00eas.<\/li>\n\n\n\n<li>Equipamento de camping premium (barracas profissionais Doite Himalaya 4 ou Eureka para duas pessoas, colchonetes, barraca de jantar com mesas e cadeiras e barraca sanit\u00e1ria port\u00e1til).<\/li>\n\n\n\n<li>Todas as refei\u00e7\u00f5es durante a trilha (caf\u00e9 da manh\u00e3, almo\u00e7o, jantar e lanches, com op\u00e7\u00f5es vegetarianas dispon\u00edveis).<\/li>\n\n\n\n<li>Chef profissional e todos os utens\u00edlios de cozinha necess\u00e1rios.<\/li>\n\n\n\n<li>Mulas e guias para transportar o equipamento de camping e pertences pessoais (at\u00e9 4 kg por pessoa).<\/li>\n\n\n\n<li>Um cavalo de emerg\u00eancia dispon\u00edvel para o trecho entre Huacahuasi e Pucara.<\/li>\n\n\n\n<li>Kit de primeiros socorros completo e cilindro de oxig\u00eanio suplementar.<\/li>\n<\/ul>\n\n\n\n<h3 class=\"wp-block-heading\" id=\"h-nao-inclui\">N\u00e3o inclui:<\/h3>\n\n\n\n<ul class=\"wp-block-list\">\n<li>Caf\u00e9 da manh\u00e3 no primeiro dia da viagem e almo\u00e7o no \u00faltimo dia na cidade de Aguas Calientes.<\/li>\n\n\n\n<li>Um saco de dormir (para quem n\u00e3o tiver o seu, h\u00e1 op\u00e7\u00f5es de aluguel dispon\u00edveis).<\/li>\n\n\n\n<li>A viagem de \u00f4nibus de ida e volta de Machu Picchu para Aguas Calientes, que custa 12 d\u00f3lares americanos; como alternativa, voc\u00ea pode optar por descer a p\u00e9, o que leva aproximadamente 1 hora.<\/li>\n<\/ul>\n\n\n\n<h3 class=\"wp-block-heading\" id=\"h-recomendamos-levar\">Recomendamos levar:<\/h3>\n\n\n\n<ul class=\"wp-block-list\">\n<li>Uma mochila<\/li>\n\n\n\n<li>Um saco de dormir<\/li>\n\n\n\n<li>Roupas adequadas para climas quentes e frios, como uma jaqueta imperme\u00e1vel<\/li>\n\n\n\n<li>Um su\u00e9ter<\/li>\n\n\n\n<li>Botas de caminhada e cal\u00e7as de trekking<\/li>\n\n\n\n<li>Camisas polo ou camisetas<\/li>\n\n\n\n<li>Uma capa de chuva<\/li>\n\n\n\n<li>Um chap\u00e9u<\/li>\n\n\n\n<li>Protetor solar<\/li>\n\n\n\n<li>Repelente de insetos, \u00e1lcool isoprop\u00edlico e \u00e1lcool em gel<\/li>\n\n\n\n<li>Uma garrafa de \u00e1gua e pastilhas purificadoras de \u00e1gua<\/li>\n\n\n\n<li>Uma c\u00e2mera (protegida em um saco pl\u00e1stico)<\/li>\n\n\n\n<li>Uma lanterna com pilhas extras<\/li>\n\n\n\n<li>V\u00e1rios lanches, incluindo chocolate e frutas secas<\/li>\n\n\n\n<li>Seu passaporte original<\/li>\n\n\n\n<li>Uma carteira de estudante (se aplic\u00e1vel) e dinheiro adicional em moeda local (soles)<\/li>\n<\/ul>\n\n\n\n<h3 class=\"wp-block-heading\" id=\"h-notas\">NOTAS:<\/h3>\n\n\n\n<ul class=\"wp-block-list\">\n<li>Partindo das fontes termais de Lares no primeiro dia, toda a bagagem \u00e9 transportada para a comunidade de Huacahuasi por ve\u00edculo. Entre Huacahuasi e Pucara no segundo dia, vaqueiros e mulas transportar\u00e3o todo o equipamento de acampamento e itens pessoais (at\u00e9 4 kg por viajante). De Ollantaytambo a Aguas Calientes no terceiro dia, a viagem continua de trem.<\/li>\n\n\n\n<li>Excurs\u00e3o a Huayna Picchu: As reservas para a montanha Huayna Picchu devem ser feitas com bastante anteced\u00eancia. Aplicamos uma taxa adicional de US$ 22,00 para garantir sua permiss\u00e3o de entrada, seguindo as regulamenta\u00e7\u00f5es governamentais estabelecidas em 18 de julho de 2011.<\/li>\n\n\n\n<li>Locais de pernoite: Os locais de acampamento espec\u00edficos usados \u200b\u200bdurante a trilha para Machu Picchu podem ser diferentes dos listados no itiner\u00e1rio. Altera\u00e7\u00f5es podem ocorrer se determinados locais estiverem totalmente reservados ou com base no julgamento profissional do guia em rela\u00e7\u00e3o ao ritmo do grupo.<\/li>\n\n\n\n<li>Recomenda\u00e7\u00f5es sobre altitude: Nossos clientes, que v\u00eam de \u00e1reas de baixa altitude, precisam estar em Cusco pelo menos 3 dias antes da partida do passeio, para se aclimatarem.<\/li>\n\n\n\n<li>Gorjetas para a equipe (carregadores, cozinheiros e guias) s\u00e3o bem-vindas. Al\u00e9m disso, os carregadores agradecem pequenas doa\u00e7\u00f5es, como roupas ou material escolar para suas fam\u00edlias.<\/li>\n<\/ul>\n\n\n\n<h2 class=\"wp-block-heading\" id=\"h-precos-precos-por-pessoa-em-dolares-americanos\">Pre\u00e7os (Pre\u00e7os por pessoa em d\u00f3lares americanos)<\/h2>\n\n\n\n<h3 class=\"wp-block-heading\" id=\"h-servico-privado\">SERVI\u00c7O PRIVADO<\/h3>\n\n\n\n<ul class=\"wp-block-list\">\n<li>Pre\u00e7o por pessoa: US$ 670<\/li>\n<\/ul>\n\n\n\n<p class=\"wp-block-paragraph\">*Tarifas de refer\u00eancia sujeitas \u00e0 disponibilidade e temporada.<\/p>\n\n\n\n<h2 class=\"wp-block-heading\" id=\"h-mapa\">mapa<\/h2>\n\n\n\n<figure class=\"wp-block-gallery has-nested-images columns-default wp-block-gallery-1 is-layout-flex wp-block-gallery-is-layout-flex\">\n<figure class=\"wp-block-image size-thumbnail is-style-default\"><a href=\"https:\/\/www.ericadventures.com\/wp-content\/uploads\/lares-inca-trail-5days-map.jpg\"><img loading=\"lazy\" decoding=\"async\" width=\"150\" height=\"150\" data-id=\"3025\" src=\"https:\/\/www.ericadventures.com\/wp-content\/uploads\/lares-inca-trail-5days-map-150x150.jpg\" alt=\"Mapa da Trilha Lares e da Trilha Inca at\u00e9 Machu Picchu - 4 dias\" class=\"wp-image-3025\"\/><\/a><\/figure>\n<\/figure>\n\n\n\n<h2 class=\"wp-block-heading\" id=\"h-fotos\">Fotos<\/h2>\n\n\n\n<figure class=\"wp-block-gallery has-nested-images columns-8 is-cropped wp-block-gallery-2 is-layout-flex wp-block-gallery-is-layout-flex\">\n<figure class=\"wp-block-image size-large\"><a href=\"https:\/\/www.ericadventures.com\/wp-content\/uploads\/lares-inca-trail-5days-01.jpg\"><img loading=\"lazy\" decoding=\"async\" width=\"1024\" height=\"494\" data-id=\"3030\" src=\"https:\/\/www.ericadventures.com\/wp-content\/uploads\/lares-inca-trail-5days-01-1024x494.jpg\" alt=\"Trilha Lares e Trilha Inca at\u00e9 Machu Picchu - 4 dias 1\n\" class=\"wp-image-3030\" srcset=\"https:\/\/www.ericadventures.com\/wp-content\/uploads\/lares-inca-trail-5days-01-1024x494.jpg 1024w, https:\/\/www.ericadventures.com\/wp-content\/uploads\/lares-inca-trail-5days-01-300x145.jpg 300w, https:\/\/www.ericadventures.com\/wp-content\/uploads\/lares-inca-trail-5days-01-768x371.jpg 768w, https:\/\/www.ericadventures.com\/wp-content\/uploads\/lares-inca-trail-5days-01.jpg 1247w\" sizes=\"auto, (max-width: 1024px) 100vw, 1024px\" \/><\/a><\/figure>\n\n\n\n<figure class=\"wp-block-image size-large\"><a href=\"https:\/\/www.ericadventures.com\/wp-content\/uploads\/lares-inca-trail-5days-02.jpg\"><img loading=\"lazy\" decoding=\"async\" width=\"1024\" height=\"768\" data-id=\"3035\" src=\"https:\/\/www.ericadventures.com\/wp-content\/uploads\/lares-inca-trail-5days-02-1024x768.jpg\" alt=\"Trilha Lares e Trilha Inca at\u00e9 Machu Picchu - 4 dias 2\n\" class=\"wp-image-3035\" srcset=\"https:\/\/www.ericadventures.com\/wp-content\/uploads\/lares-inca-trail-5days-02-1024x768.jpg 1024w, https:\/\/www.ericadventures.com\/wp-content\/uploads\/lares-inca-trail-5days-02-300x225.jpg 300w, https:\/\/www.ericadventures.com\/wp-content\/uploads\/lares-inca-trail-5days-02-768x576.jpg 768w, https:\/\/www.ericadventures.com\/wp-content\/uploads\/lares-inca-trail-5days-02-1536x1152.jpg 1536w, https:\/\/www.ericadventures.com\/wp-content\/uploads\/lares-inca-trail-5days-02.jpg 1600w\" sizes=\"auto, (max-width: 1024px) 100vw, 1024px\" \/><\/a><\/figure>\n\n\n\n<figure class=\"wp-block-image size-large\"><a href=\"https:\/\/www.ericadventures.com\/wp-content\/uploads\/lares-inca-trail-5days-04.jpg\"><img loading=\"lazy\" decoding=\"async\" width=\"1024\" height=\"768\" data-id=\"3040\" src=\"https:\/\/www.ericadventures.com\/wp-content\/uploads\/lares-inca-trail-5days-04-1024x768.jpg\" alt=\"Trilha Lares e Trilha Inca at\u00e9 Machu Picchu - 4 dias 3\n\" class=\"wp-image-3040\" srcset=\"https:\/\/www.ericadventures.com\/wp-content\/uploads\/lares-inca-trail-5days-04-1024x768.jpg 1024w, https:\/\/www.ericadventures.com\/wp-content\/uploads\/lares-inca-trail-5days-04-300x225.jpg 300w, https:\/\/www.ericadventures.com\/wp-content\/uploads\/lares-inca-trail-5days-04-768x576.jpg 768w, https:\/\/www.ericadventures.com\/wp-content\/uploads\/lares-inca-trail-5days-04-1536x1152.jpg 1536w, https:\/\/www.ericadventures.com\/wp-content\/uploads\/lares-inca-trail-5days-04.jpg 2048w\" sizes=\"auto, (max-width: 1024px) 100vw, 1024px\" \/><\/a><\/figure>\n\n\n\n<figure class=\"wp-block-image size-large\"><a href=\"https:\/\/www.ericadventures.com\/wp-content\/uploads\/lares-inca-trail-5days-05.jpg\"><img loading=\"lazy\" decoding=\"async\" width=\"1024\" height=\"576\" data-id=\"3045\" src=\"https:\/\/www.ericadventures.com\/wp-content\/uploads\/lares-inca-trail-5days-05-1024x576.jpg\" alt=\"Trilha Lares e Trilha Inca at\u00e9 Machu Picchu - 4 dias 4\" class=\"wp-image-3045\" srcset=\"https:\/\/www.ericadventures.com\/wp-content\/uploads\/lares-inca-trail-5days-05-1024x576.jpg 1024w, https:\/\/www.ericadventures.com\/wp-content\/uploads\/lares-inca-trail-5days-05-300x169.jpg 300w, https:\/\/www.ericadventures.com\/wp-content\/uploads\/lares-inca-trail-5days-05-768x432.jpg 768w, https:\/\/www.ericadventures.com\/wp-content\/uploads\/lares-inca-trail-5days-05-1536x863.jpg 1536w, https:\/\/www.ericadventures.com\/wp-content\/uploads\/lares-inca-trail-5days-05.jpg 2048w\" sizes=\"auto, (max-width: 1024px) 100vw, 1024px\" \/><\/a><\/figure>\n\n\n\n<figure class=\"wp-block-image size-large\"><a href=\"https:\/\/www.ericadventures.com\/wp-content\/uploads\/lares-inca-trail-5days-06.jpg\"><img loading=\"lazy\" decoding=\"async\" width=\"800\" height=\"500\" data-id=\"3050\" src=\"https:\/\/www.ericadventures.com\/wp-content\/uploads\/lares-inca-trail-5days-06.jpg\" alt=\"Trilha Lares e Trilha Inca at\u00e9 Machu Picchu - 4 dias 5\n\" class=\"wp-image-3050\" srcset=\"https:\/\/www.ericadventures.com\/wp-content\/uploads\/lares-inca-trail-5days-06.jpg 800w, https:\/\/www.ericadventures.com\/wp-content\/uploads\/lares-inca-trail-5days-06-300x188.jpg 300w, https:\/\/www.ericadventures.com\/wp-content\/uploads\/lares-inca-trail-5days-06-768x480.jpg 768w\" sizes=\"auto, (max-width: 800px) 100vw, 800px\" \/><\/a><\/figure>\n\n\n\n<figure class=\"wp-block-image size-large\"><a href=\"https:\/\/www.ericadventures.com\/wp-content\/uploads\/lares-inca-trail-5days-07.jpg\"><img loading=\"lazy\" decoding=\"async\" width=\"1024\" height=\"768\" data-id=\"3055\" src=\"https:\/\/www.ericadventures.com\/wp-content\/uploads\/lares-inca-trail-5days-07-1024x768.jpg\" alt=\"Trilha Lares e Trilha Inca at\u00e9 Machu Picchu - 4 dias 6\n\" class=\"wp-image-3055\" srcset=\"https:\/\/www.ericadventures.com\/wp-content\/uploads\/lares-inca-trail-5days-07-1024x768.jpg 1024w, https:\/\/www.ericadventures.com\/wp-content\/uploads\/lares-inca-trail-5days-07-300x225.jpg 300w, https:\/\/www.ericadventures.com\/wp-content\/uploads\/lares-inca-trail-5days-07-768x576.jpg 768w, https:\/\/www.ericadventures.com\/wp-content\/uploads\/lares-inca-trail-5days-07-1536x1152.jpg 1536w, https:\/\/www.ericadventures.com\/wp-content\/uploads\/lares-inca-trail-5days-07.jpg 2048w\" sizes=\"auto, (max-width: 1024px) 100vw, 1024px\" \/><\/a><\/figure>\n\n\n\n<figure class=\"wp-block-image size-large\"><a href=\"https:\/\/www.ericadventures.com\/wp-content\/uploads\/lares-inca-trail-5days-08.jpg\"><img loading=\"lazy\" decoding=\"async\" width=\"1024\" height=\"768\" data-id=\"3060\" src=\"https:\/\/www.ericadventures.com\/wp-content\/uploads\/lares-inca-trail-5days-08-1024x768.jpg\" alt=\"Trilha Lares e Trilha Inca at\u00e9 Machu Picchu - 4 dias 7\" class=\"wp-image-3060\" srcset=\"https:\/\/www.ericadventures.com\/wp-content\/uploads\/lares-inca-trail-5days-08-1024x768.jpg 1024w, https:\/\/www.ericadventures.com\/wp-content\/uploads\/lares-inca-trail-5days-08-300x225.jpg 300w, https:\/\/www.ericadventures.com\/wp-content\/uploads\/lares-inca-trail-5days-08-768x576.jpg 768w, https:\/\/www.ericadventures.com\/wp-content\/uploads\/lares-inca-trail-5days-08-1536x1152.jpg 1536w, https:\/\/www.ericadventures.com\/wp-content\/uploads\/lares-inca-trail-5days-08.jpg 2048w\" sizes=\"auto, (max-width: 1024px) 100vw, 1024px\" \/><\/a><\/figure>\n\n\n\n<figure class=\"wp-block-image size-large\"><a href=\"https:\/\/www.ericadventures.com\/wp-content\/uploads\/lares-inca-trail-5days-09.jpg\"><img loading=\"lazy\" decoding=\"async\" width=\"916\" height=\"599\" data-id=\"3065\" src=\"https:\/\/www.ericadventures.com\/wp-content\/uploads\/lares-inca-trail-5days-09.jpg\" alt=\"Trilha Lares e Trilha Inca at\u00e9 Machu Picchu - 4 dias 8\" class=\"wp-image-3065\" srcset=\"https:\/\/www.ericadventures.com\/wp-content\/uploads\/lares-inca-trail-5days-09.jpg 916w, https:\/\/www.ericadventures.com\/wp-content\/uploads\/lares-inca-trail-5days-09-300x196.jpg 300w, https:\/\/www.ericadventures.com\/wp-content\/uploads\/lares-inca-trail-5days-09-768x502.jpg 768w\" sizes=\"auto, (max-width: 916px) 100vw, 916px\" \/><\/a><\/figure>\n<\/figure>\n\n\n\n<h2 class=\"wp-block-heading\" id=\"h-formulario-de-contato\">Formul\u00e1rio de contato<\/h2>\n\n\n\n<div class=\"wp-block-contact-form-7-contact-form-selector\">\n<div class=\"wpcf7 no-js\" id=\"wpcf7-f6172-o1\" lang=\"es-ES\" dir=\"ltr\" data-wpcf7-id=\"6172\">\n<div class=\"screen-reader-response\"><p role=\"status\" aria-live=\"polite\" aria-atomic=\"true\"><\/p> <ul><\/ul><\/div>\n<form action=\"\/pt-br\/wp-json\/wp\/v2\/pages\/3073#wpcf7-f6172-o1\" method=\"post\" class=\"wpcf7-form init\" aria-label=\"Formulario de contacto\" novalidate=\"novalidate\" data-status=\"init\">\n<fieldset class=\"hidden-fields-container\"><input type=\"hidden\" name=\"_wpcf7\" value=\"6172\" \/><input type=\"hidden\" name=\"_wpcf7_version\" value=\"6.1.5\" \/><input type=\"hidden\" name=\"_wpcf7_locale\" value=\"es_ES\" \/><input type=\"hidden\" name=\"_wpcf7_unit_tag\" value=\"wpcf7-f6172-o1\" \/><input type=\"hidden\" name=\"_wpcf7_container_post\" value=\"0\" \/><input type=\"hidden\" name=\"_wpcf7_posted_data_hash\" value=\"\" \/>\n<\/fieldset>\n<div class=\"wpcf7-turnstile cf-turnstile\" data-sitekey=\"0x4AAAAAACZ2CLxkDaDac8NW\" data-response-field-name=\"_wpcf7_turnstile_response\"><\/div>\n\n<div class=\"formt\">\n    <span class=\"textform\"> Para reservas ou mais informa\u00e7\u00f5es preencha o seguinte formul\u00e1rio de cliente\/convidado:  <\/span>\n    <input class=\"wpcf7-form-control wpcf7-hidden\" value=\"https:\/\/www.ericadventures.com\/pt-br\/wp-json\/wp\/v2\/pages\/3073\" type=\"hidden\" name=\"Url_Tour\" \/>\n    <input class=\"wpcf7-form-control wpcf7-hidden\" value=\"pt-br\" type=\"hidden\" name=\"Idioma\" \/>\n    <input class=\"wpcf7-form-control wpcf7-hidden\" value=\"06\/09\/2026 05:59:11\" type=\"hidden\" name=\"Fecha_Hora\" \/>\n    <input class=\"wpcf7-form-control wpcf7-hidden\" value=\"216.73.216.202\" type=\"hidden\" name=\"Ip\" \/>\n    <input class=\"wpcf7-form-control wpcf7-hidden\" value=\"4D Lares &#8211; Trilha Inca via Patacancha\" type=\"hidden\" name=\"Nombre_Tour\" \/>\n    <input class=\"wpcf7-form-control wpcf7-hidden\" value=\"1\" type=\"hidden\" name=\"enviar_excel\" \/>\n\n    <div class=\"g2\">\n        <div>\n            <label>Nome: <\/label>\n            <span class=\"wpcf7-form-control-wrap\" data-name=\"Nombre\"><input size=\"40\" maxlength=\"400\" class=\"wpcf7-form-control wpcf7-text wpcf7-validates-as-required\" aria-required=\"true\" aria-invalid=\"false\" value=\"\" type=\"text\" name=\"Nombre\" \/><\/span>\n        <\/div>\n        <div>\n            <label>E-mail: <\/label>\n            <span class=\"wpcf7-form-control-wrap\" data-name=\"Emails\"><input size=\"40\" maxlength=\"400\" class=\"wpcf7-form-control wpcf7-email wpcf7-validates-as-required wpcf7-text wpcf7-validates-as-email\" aria-required=\"true\" aria-invalid=\"false\" value=\"\" type=\"email\" name=\"Emails\" \/><\/span>\n        <\/div>\n    <\/div>\n    \n    <div class=\"g2\">\n        <div>\n            <label>Pa\u00eds: <\/label>\n            <span class=\"wpcf7-form-control-wrap\" data-name=\"Pais\"><input size=\"40\" maxlength=\"400\" class=\"wpcf7-form-control wpcf7-text\" aria-invalid=\"false\" value=\"\" type=\"text\" name=\"Pais\" \/><\/span>\n        <\/div>\n        <div>\n            <label>Telefone - Whatsapp: <\/label>\n            <span class=\"wpcf7-form-control-wrap\" data-name=\"Whatsapp\"><input size=\"40\" class=\"wpcf7-form-control wpcf7-phonetext wpcf7-text wpcf7-validates-as-phonetext\" aria-invalid=\"false\" value=\"\" type=\"text\" name=\"Whatsapp\" \/><input type=\"hidden\" name=\"Whatsapp-country-code\" class=\"wpcf7-phonetext-country-code\" \/><\/span>\n        <\/div>\n    <\/div>\n    \n    <div class=\"g2\">\n        <div>\n            <label>N\u00famero de adultos: <\/label>\n            <span class=\"wpcf7-form-control-wrap\" data-name=\"Adultos\"><select class=\"wpcf7-form-control wpcf7-select wpcf7-validates-as-required\" aria-required=\"true\" aria-invalid=\"false\" name=\"Adultos\"><option value=\"1\">1<\/option><option value=\"2\">2<\/option><option value=\"3\">3<\/option><option value=\"4\">4<\/option><option value=\"5\">5<\/option><option value=\"6\">6<\/option><option value=\"7\">7<\/option><option value=\"8\">8<\/option><option value=\"9\">9<\/option><option value=\"10\">10<\/option><option value=\"11\">11<\/option><option value=\"12 para mais\">12 para mais<\/option><\/select><\/span>\n        <\/div>\n        <div>\n            <label>N\u00famero de crian\u00e7as: <\/label>\n            <span class=\"wpcf7-form-control-wrap\" data-name=\"Ninos\"><select class=\"wpcf7-form-control wpcf7-select wpcf7-validates-as-required\" aria-required=\"true\" aria-invalid=\"false\" name=\"Ninos\"><option value=\"0\">0<\/option><option value=\"1\">1<\/option><option value=\"2\">2<\/option><option value=\"3\">3<\/option><option value=\"4\">4<\/option><option value=\"5\">5<\/option><option value=\"6\">6<\/option><option value=\"7\">7<\/option><option value=\"8\">8<\/option><option value=\"9\">9<\/option><option value=\"10\">10<\/option><option value=\"11\">11<\/option><option value=\"12 para mais\">12 para mais<\/option><\/select><\/span>\n        <\/div>\n    <\/div>\n    \n    <div class=\"g2\">\n        <div>\n            <label>Data de in\u00edcio do passeio: <\/label>\n            <span class=\"wpcf7-form-control-wrap\" data-name=\"Inicio\"><input class=\"wpcf7-form-control wpcf7-date wpcf7-validates-as-required wpcf7-validates-as-date\" id=\"inicio\" min=\"2026-09-06\" aria-required=\"true\" aria-invalid=\"false\" value=\"\" type=\"date\" name=\"Inicio\" \/><\/span>\n        <\/div>\n        <div>\n            <label>Data de t\u00e9rmino da excurs\u00e3o: <\/label>\n            <span class=\"wpcf7-form-control-wrap\" data-name=\"Final\"><input class=\"wpcf7-form-control wpcf7-date wpcf7-validates-as-required wpcf7-validates-as-date\" id=\"final\" min=\"2026-09-06\" aria-required=\"true\" aria-invalid=\"false\" value=\"\" type=\"date\" name=\"Final\" \/><\/span>\n        <\/div>\n    <\/div>\n    \n    <div>\n        <label>Coment\u00e1rios ou perguntas: <\/label>\n        <span class=\"wpcf7-form-control-wrap\" data-name=\"Mensaje\"><textarea cols=\"40\" rows=\"10\" maxlength=\"2000\" class=\"wpcf7-form-control wpcf7-textarea wpcf7-validates-as-required\" aria-required=\"true\" aria-invalid=\"false\" placeholder=\"Por favor especifique o tipo de SERVI\u00c7O\/TOUR que pretende realizar\" name=\"Mensaje\"><\/textarea><\/span>\n    <\/div>\n    \n    <input class=\"wpcf7-form-control wpcf7-submit has-spinner btnsend\" type=\"submit\" value=\"ENVIAR MENSAGEM\" \/>\n<\/div><div class=\"wpcf7-response-output\" aria-hidden=\"true\"><\/div>\n<\/form>\n<\/div>\n<\/div>\n\n\n\n<p class=\"wp-block-paragraph\"><\/p>\n","protected":false},"excerpt":{"rendered":"<p>Explorar o Vale de Lares oferece uma conex\u00e3o genu\u00edna com a vida andina, j\u00e1 que a rota atravessa vilarejos onde [&hellip;]<\/p>\n","protected":false},"author":1,"featured_media":3023,"parent":2696,"menu_order":0,"comment_status":"closed","ping_status":"closed","template":"page-tour.php","meta":{"_acf_changed":false,"advgb_blocks_editor_width":"","advgb_blocks_columns_visual_guide":"","footnotes":""},"class_list":["post-3073","page","type-page","status-publish","has-post-thumbnail","hentry"],"acf":[],"yoast_head":"<!-- This site is optimized with the Yoast SEO Premium plugin v25.4 (Yoast SEO v27.7) - https:\/\/yoast.com\/product\/yoast-seo-premium-wordpress\/ -->\n<title>Trilha Inca Lares para Machupicchu de caminhada de 4 dias<\/title>\n<meta name=\"description\" content=\"Esta viagem combina as melhores caminhadas entre o Vale de Lares e a Trilha Inca, terminando com uma visita a Machupicchu a partir de 670 d\u00f3lares por pessoa\" \/>\n<meta name=\"robots\" content=\"index, follow, max-snippet:-1, max-image-preview:large, max-video-preview:-1\" \/>\n<link rel=\"canonical\" href=\"https:\/\/www.ericadventures.com\/pt-br\/cusco\/trekking\/4d-lares-trilha-inca-via-patacancha\/\" \/>\n<meta property=\"og:locale\" content=\"pt_BR\" \/>\n<meta property=\"og:type\" content=\"article\" \/>\n<meta property=\"og:title\" content=\"4D Lares - Trilha Inca via Patacancha\" \/>\n<meta property=\"og:description\" content=\"Esta viagem combina as melhores caminhadas entre o Vale de Lares e a Trilha Inca, terminando com uma visita a Machupicchu a partir de 670 d\u00f3lares por pessoa\" \/>\n<meta property=\"og:url\" content=\"https:\/\/www.ericadventures.com\/pt-br\/cusco\/trekking\/4d-lares-trilha-inca-via-patacancha\/\" \/>\n<meta property=\"og:site_name\" content=\"Eric Adventures\" \/>\n<meta property=\"article:modified_time\" content=\"2026-04-16T18:23:20+00:00\" \/>\n<meta property=\"og:image\" content=\"https:\/\/www.ericadventures.com\/wp-content\/uploads\/lares-inca-trail-5days-03.jpg\" \/>\n\t<meta property=\"og:image:width\" content=\"2048\" \/>\n\t<meta property=\"og:image:height\" content=\"1371\" \/>\n\t<meta property=\"og:image:type\" content=\"image\/jpeg\" \/>\n<meta name=\"twitter:card\" content=\"summary_large_image\" \/>\n<meta name=\"twitter:label1\" content=\"Est. tempo de leitura\" \/>\n\t<meta name=\"twitter:data1\" content=\"8 minutos\" \/>\n<script type=\"application\/ld+json\" class=\"yoast-schema-graph\">{\"@context\":\"https:\\\/\\\/schema.org\",\"@graph\":[{\"@type\":\"WebPage\",\"@id\":\"https:\\\/\\\/www.ericadventures.com\\\/pt-br\\\/cusco\\\/trekking\\\/4d-lares-trilha-inca-via-patacancha\\\/\",\"url\":\"https:\\\/\\\/www.ericadventures.com\\\/pt-br\\\/cusco\\\/trekking\\\/4d-lares-trilha-inca-via-patacancha\\\/\",\"name\":\"Trilha Inca Lares para Machupicchu de caminhada de 4 dias\",\"isPartOf\":{\"@id\":\"https:\\\/\\\/www.ericadventures.com\\\/en\\\/#website\"},\"primaryImageOfPage\":{\"@id\":\"https:\\\/\\\/www.ericadventures.com\\\/pt-br\\\/cusco\\\/trekking\\\/4d-lares-trilha-inca-via-patacancha\\\/#primaryimage\"},\"image\":{\"@id\":\"https:\\\/\\\/www.ericadventures.com\\\/pt-br\\\/cusco\\\/trekking\\\/4d-lares-trilha-inca-via-patacancha\\\/#primaryimage\"},\"thumbnailUrl\":\"https:\\\/\\\/www.ericadventures.com\\\/wp-content\\\/uploads\\\/lares-inca-trail-5days-03.jpg\",\"datePublished\":\"2023-11-14T02:58:21+00:00\",\"dateModified\":\"2026-04-16T18:23:20+00:00\",\"description\":\"Esta viagem combina as melhores caminhadas entre o Vale de Lares e a Trilha Inca, terminando com uma visita a Machupicchu a partir de 670 d\u00f3lares por pessoa\",\"breadcrumb\":{\"@id\":\"https:\\\/\\\/www.ericadventures.com\\\/pt-br\\\/cusco\\\/trekking\\\/4d-lares-trilha-inca-via-patacancha\\\/#breadcrumb\"},\"inLanguage\":\"pt-BR\",\"potentialAction\":[{\"@type\":\"ReadAction\",\"target\":[\"https:\\\/\\\/www.ericadventures.com\\\/pt-br\\\/cusco\\\/trekking\\\/4d-lares-trilha-inca-via-patacancha\\\/\"]}]},{\"@type\":\"ImageObject\",\"inLanguage\":\"pt-BR\",\"@id\":\"https:\\\/\\\/www.ericadventures.com\\\/pt-br\\\/cusco\\\/trekking\\\/4d-lares-trilha-inca-via-patacancha\\\/#primaryimage\",\"url\":\"https:\\\/\\\/www.ericadventures.com\\\/wp-content\\\/uploads\\\/lares-inca-trail-5days-03.jpg\",\"contentUrl\":\"https:\\\/\\\/www.ericadventures.com\\\/wp-content\\\/uploads\\\/lares-inca-trail-5days-03.jpg\",\"width\":2048,\"height\":1371,\"caption\":\"SONY DSC\"},{\"@type\":\"BreadcrumbList\",\"@id\":\"https:\\\/\\\/www.ericadventures.com\\\/pt-br\\\/cusco\\\/trekking\\\/4d-lares-trilha-inca-via-patacancha\\\/#breadcrumb\",\"itemListElement\":[{\"@type\":\"ListItem\",\"position\":1,\"name\":\"Home\",\"item\":\"https:\\\/\\\/www.ericadventures.com\\\/pt-br\\\/\"},{\"@type\":\"ListItem\",\"position\":2,\"name\":\"Passeios Em Cusco\",\"item\":\"https:\\\/\\\/www.ericadventures.com\\\/pt-br\\\/cusco\\\/\"},{\"@type\":\"ListItem\",\"position\":3,\"name\":\"Trekking\",\"item\":\"https:\\\/\\\/www.ericadventures.com\\\/pt-br\\\/cusco\\\/trekking\\\/\"},{\"@type\":\"ListItem\",\"position\":4,\"name\":\"4D Lares &#8211; Trilha Inca via Patacancha\"}]},{\"@type\":\"WebSite\",\"@id\":\"https:\\\/\\\/www.ericadventures.com\\\/en\\\/#website\",\"url\":\"https:\\\/\\\/www.ericadventures.com\\\/en\\\/\",\"name\":\"Eric Adventures\",\"description\":\"\",\"publisher\":{\"@id\":\"https:\\\/\\\/www.ericadventures.com\\\/en\\\/#organization\"},\"alternateName\":\"Eric Adventures\",\"potentialAction\":[{\"@type\":\"SearchAction\",\"target\":{\"@type\":\"EntryPoint\",\"urlTemplate\":\"https:\\\/\\\/www.ericadventures.com\\\/en\\\/?s={search_term_string}\"},\"query-input\":{\"@type\":\"PropertyValueSpecification\",\"valueRequired\":true,\"valueName\":\"search_term_string\"}}],\"inLanguage\":\"pt-BR\"},{\"@type\":\"Organization\",\"@id\":\"https:\\\/\\\/www.ericadventures.com\\\/en\\\/#organization\",\"name\":\"Eric Adventures\",\"url\":\"https:\\\/\\\/www.ericadventures.com\\\/en\\\/\",\"logo\":{\"@type\":\"ImageObject\",\"inLanguage\":\"pt-BR\",\"@id\":\"https:\\\/\\\/www.ericadventures.com\\\/en\\\/#\\\/schema\\\/logo\\\/image\\\/\",\"url\":\"https:\\\/\\\/www.ericadventures.com\\\/wp-content\\\/uploads\\\/logo-ericadventures.png\",\"contentUrl\":\"https:\\\/\\\/www.ericadventures.com\\\/wp-content\\\/uploads\\\/logo-ericadventures.png\",\"width\":500,\"height\":106,\"caption\":\"Eric Adventures\"},\"image\":{\"@id\":\"https:\\\/\\\/www.ericadventures.com\\\/en\\\/#\\\/schema\\\/logo\\\/image\\\/\"}}]}<\/script>\n<!-- \/ Yoast SEO Premium plugin. -->","yoast_head_json":{"title":"Trilha Inca Lares para Machupicchu de caminhada de 4 dias","description":"Esta viagem combina as melhores caminhadas entre o Vale de Lares e a Trilha Inca, terminando com uma visita a Machupicchu a partir de 670 d\u00f3lares por pessoa","robots":{"index":"index","follow":"follow","max-snippet":"max-snippet:-1","max-image-preview":"max-image-preview:large","max-video-preview":"max-video-preview:-1"},"canonical":"https:\/\/www.ericadventures.com\/pt-br\/cusco\/trekking\/4d-lares-trilha-inca-via-patacancha\/","og_locale":"pt_BR","og_type":"article","og_title":"4D Lares - Trilha Inca via Patacancha","og_description":"Esta viagem combina as melhores caminhadas entre o Vale de Lares e a Trilha Inca, terminando com uma visita a Machupicchu a partir de 670 d\u00f3lares por pessoa","og_url":"https:\/\/www.ericadventures.com\/pt-br\/cusco\/trekking\/4d-lares-trilha-inca-via-patacancha\/","og_site_name":"Eric Adventures","article_modified_time":"2026-04-16T18:23:20+00:00","og_image":[{"width":2048,"height":1371,"url":"https:\/\/www.ericadventures.com\/wp-content\/uploads\/lares-inca-trail-5days-03.jpg","type":"image\/jpeg"}],"twitter_card":"summary_large_image","twitter_misc":{"Est. tempo de leitura":"8 minutos"},"schema":{"@context":"https:\/\/schema.org","@graph":[{"@type":"WebPage","@id":"https:\/\/www.ericadventures.com\/pt-br\/cusco\/trekking\/4d-lares-trilha-inca-via-patacancha\/","url":"https:\/\/www.ericadventures.com\/pt-br\/cusco\/trekking\/4d-lares-trilha-inca-via-patacancha\/","name":"Trilha Inca Lares para Machupicchu de caminhada de 4 dias","isPartOf":{"@id":"https:\/\/www.ericadventures.com\/en\/#website"},"primaryImageOfPage":{"@id":"https:\/\/www.ericadventures.com\/pt-br\/cusco\/trekking\/4d-lares-trilha-inca-via-patacancha\/#primaryimage"},"image":{"@id":"https:\/\/www.ericadventures.com\/pt-br\/cusco\/trekking\/4d-lares-trilha-inca-via-patacancha\/#primaryimage"},"thumbnailUrl":"https:\/\/www.ericadventures.com\/wp-content\/uploads\/lares-inca-trail-5days-03.jpg","datePublished":"2023-11-14T02:58:21+00:00","dateModified":"2026-04-16T18:23:20+00:00","description":"Esta viagem combina as melhores caminhadas entre o Vale de Lares e a Trilha Inca, terminando com uma visita a Machupicchu a partir de 670 d\u00f3lares por pessoa","breadcrumb":{"@id":"https:\/\/www.ericadventures.com\/pt-br\/cusco\/trekking\/4d-lares-trilha-inca-via-patacancha\/#breadcrumb"},"inLanguage":"pt-BR","potentialAction":[{"@type":"ReadAction","target":["https:\/\/www.ericadventures.com\/pt-br\/cusco\/trekking\/4d-lares-trilha-inca-via-patacancha\/"]}]},{"@type":"ImageObject","inLanguage":"pt-BR","@id":"https:\/\/www.ericadventures.com\/pt-br\/cusco\/trekking\/4d-lares-trilha-inca-via-patacancha\/#primaryimage","url":"https:\/\/www.ericadventures.com\/wp-content\/uploads\/lares-inca-trail-5days-03.jpg","contentUrl":"https:\/\/www.ericadventures.com\/wp-content\/uploads\/lares-inca-trail-5days-03.jpg","width":2048,"height":1371,"caption":"SONY DSC"},{"@type":"BreadcrumbList","@id":"https:\/\/www.ericadventures.com\/pt-br\/cusco\/trekking\/4d-lares-trilha-inca-via-patacancha\/#breadcrumb","itemListElement":[{"@type":"ListItem","position":1,"name":"Home","item":"https:\/\/www.ericadventures.com\/pt-br\/"},{"@type":"ListItem","position":2,"name":"Passeios Em Cusco","item":"https:\/\/www.ericadventures.com\/pt-br\/cusco\/"},{"@type":"ListItem","position":3,"name":"Trekking","item":"https:\/\/www.ericadventures.com\/pt-br\/cusco\/trekking\/"},{"@type":"ListItem","position":4,"name":"4D Lares &#8211; Trilha Inca via Patacancha"}]},{"@type":"WebSite","@id":"https:\/\/www.ericadventures.com\/en\/#website","url":"https:\/\/www.ericadventures.com\/en\/","name":"Eric Adventures","description":"","publisher":{"@id":"https:\/\/www.ericadventures.com\/en\/#organization"},"alternateName":"Eric Adventures","potentialAction":[{"@type":"SearchAction","target":{"@type":"EntryPoint","urlTemplate":"https:\/\/www.ericadventures.com\/en\/?s={search_term_string}"},"query-input":{"@type":"PropertyValueSpecification","valueRequired":true,"valueName":"search_term_string"}}],"inLanguage":"pt-BR"},{"@type":"Organization","@id":"https:\/\/www.ericadventures.com\/en\/#organization","name":"Eric Adventures","url":"https:\/\/www.ericadventures.com\/en\/","logo":{"@type":"ImageObject","inLanguage":"pt-BR","@id":"https:\/\/www.ericadventures.com\/en\/#\/schema\/logo\/image\/","url":"https:\/\/www.ericadventures.com\/wp-content\/uploads\/logo-ericadventures.png","contentUrl":"https:\/\/www.ericadventures.com\/wp-content\/uploads\/logo-ericadventures.png","width":500,"height":106,"caption":"Eric Adventures"},"image":{"@id":"https:\/\/www.ericadventures.com\/en\/#\/schema\/logo\/image\/"}}]}},"coauthors":[],"author_meta":{"author_link":"https:\/\/www.ericadventures.com\/pt-br\/author\/ericadmin\/","display_name":"Eric"},"relative_dates":{"created":"Publicado 3 anos atr\u00e1s","modified":"Atualizado 5 meses atr\u00e1s"},"absolute_dates":{"created":"Publicado em novembro 13, 2023","modified":"Atualizado em abril 16, 2026"},"absolute_dates_time":{"created":"Publicado em novembro 13, 2023 9:58 pm","modified":"Atualizado em abril 16, 2026 1:23 pm"},"featured_img_caption":"SONY DSC","featured_img":"https:\/\/www.ericadventures.com\/wp-content\/uploads\/lares-inca-trail-5days-03.jpg","series_order":"","_links":{"self":[{"href":"https:\/\/www.ericadventures.com\/pt-br\/wp-json\/wp\/v2\/pages\/3073","targetHints":{"allow":["GET"]}}],"collection":[{"href":"https:\/\/www.ericadventures.com\/pt-br\/wp-json\/wp\/v2\/pages"}],"about":[{"href":"https:\/\/www.ericadventures.com\/pt-br\/wp-json\/wp\/v2\/types\/page"}],"author":[{"embeddable":true,"href":"https:\/\/www.ericadventures.com\/pt-br\/wp-json\/wp\/v2\/users\/1"}],"replies":[{"embeddable":true,"href":"https:\/\/www.ericadventures.com\/pt-br\/wp-json\/wp\/v2\/comments?post=3073"}],"version-history":[{"count":7,"href":"https:\/\/www.ericadventures.com\/pt-br\/wp-json\/wp\/v2\/pages\/3073\/revisions"}],"predecessor-version":[{"id":47178,"href":"https:\/\/www.ericadventures.com\/pt-br\/wp-json\/wp\/v2\/pages\/3073\/revisions\/47178"}],"up":[{"embeddable":true,"href":"https:\/\/www.ericadventures.com\/pt-br\/wp-json\/wp\/v2\/pages\/2696"}],"wp:featuredmedia":[{"embeddable":true,"href":"https:\/\/www.ericadventures.com\/pt-br\/wp-json\/wp\/v2\/media\/3023"}],"wp:attachment":[{"href":"https:\/\/www.ericadventures.com\/pt-br\/wp-json\/wp\/v2\/media?parent=3073"}],"curies":[{"name":"wp","href":"https:\/\/api.w.org\/{rel}","templated":true}]}}